{"id":670,"date":"2011-10-21T14:01:21","date_gmt":"2011-10-21T14:01:21","guid":{"rendered":"https:\/\/www.hospitalaleman.org.ar\/?post_type=hospital-servicio&#038;p=670"},"modified":"2025-04-11T13:30:54","modified_gmt":"2025-04-11T16:30:54","slug":"anestensiologia","status":"publish","type":"hospital-servicio","link":"https:\/\/www.hospitalaleman.org.ar\/de\/nuestro-hospital\/servicios-medicos\/anestensiologia\/","title":{"rendered":"Anestesiolog\u00eda"},"content":{"rendered":"\n<p>El Servicio de Anestesiolog\u00eda del <span translate=\"no\">Hospital Alem\u00e1n<\/span>, dependiente del Departamento de Cirug\u00eda, &nbsp;se encarga de la atenci\u00f3n especializada, responsable y eficiente&nbsp;de aquellos pacientes sometidos ya sea a procedimientos diagn\u00f3sticos o terap\u00e9uticos. Asimismo, ofrece a cualquier paciente programado para someterse a un procedimiento bajo anestesia, la posibilidad de una entrevista en el Consultorio de Evaluaci\u00f3n Preanest\u00e9sica.<\/p>\n\n\n\n<p>La labor la realiza el m\u00e9dico anestesi\u00f3logo, comenzando por la evaluaci\u00f3n preanest\u00e9sica, continuando con los cuidados adecuados durante el per\u00edodo intra anest\u00e9sico, progresando en el per\u00edodo de recuperaci\u00f3n, seg\u00fan corresponda, y hasta el alta por la especialidad.<\/p>\n\n\n\n<p>Contamos con un plantel profesional altamente capacitado para asegurar una atenci\u00f3n de alto nivel. Los profesionales que conforman el Servicio, todos especialistas reconocidos por la Asociaci\u00f3n de Anestesia, Analgesia y Reanimaci\u00f3n de Buenos Aires, y certificados\/recertificados por la Federaci\u00f3n Argentina de Asociaciones de Anestesiolog\u00eda, mantienen un standard de actualizaciones continuas a trav\u00e9s de su participaci\u00f3n en Cursos, Jornadas, Simposios y Congresos, tanto a nivel nacional como internacional.<\/p>\n\n\n\n<p>Respecto a las \u00e1reas donde se desarrolla la atenci\u00f3n, cabe destacar que incluyen quir\u00f3fanos, salas parto, de Hemodinamia, de diagn\u00f3stico por im\u00e1genes (tomograf\u00eda, resonancia, medicina nuclear), de diagn\u00f3stico neurol\u00f3gico, de endoscop\u00eda digestiva y respiratoria, y salas de procedimientos terap\u00e9uticos no quir\u00fargicos, asistiendo en&nbsp; procedimientos de intervencionismo.<\/p>\n\n\n\n<p>Cabe mencionar que todas las \u00e1reas en donde de realizan procedimientos anest\u00e9sicos, desde una sedaci\u00f3n superficial hasta anestesias para procedimientos de alta complejidad, se encuentran dotados con equipamiento de \u00faltima generaci\u00f3n, asegurando de esta manera la reducci\u00f3n del riesgo anest\u00e9sico en la atenci\u00f3n de cada paciente en particular. Dicho equipamiento se encuentra bajo la revisi\u00f3n y control permanente del Servicio de Bioingenier\u00eda, lo que asegura su funcionamiento correcto en todas las etapas de cualquier procedimiento anest\u00e9sico.<\/p>\n\n\n\n<p>Adem\u00e1s de la labor asistencial, el Servicio dedica su potencial docente a la formaci\u00f3n permanente de profesionales m\u00e9dicos y asistentes t\u00e9cnicos en la especialidad, coordinando dichas tareas de forma conjunta con las entidades profesionales dependientes de la Universidad de Buenos Aires.<\/p>\n\n\n\n<p>El Servicio de Anestesiolog\u00eda, asiste las diferentes necesidades planteadas por los Servicios M\u00e9dicos en Cirug\u00eda Cardiovascular, Cirug\u00eda General, Cirug\u00eda Pedi\u00e1trica, Cirug\u00eda Pl\u00e1stica, Cirug\u00eda Tor\u00e1cica, Diagn\u00f3stico por Im\u00e1genes, Endoscop\u00eda Digestiva y Broncopulmonar, Endo-urolog\u00eda, Flebolog\u00eda, Ginecolog\u00eda, Neurocirug\u00eda, Neurofisiolog\u00eda, Obstetricia, Odontolog\u00eda y Cirug\u00eda Bucomaxilofacial, Oftalmolog\u00eda, Ortopedia y Traumatolog\u00eda, Otorrinolaringolog\u00eda,&nbsp; Trasplante de \u00d3rganos y Tejidos, y Urolog\u00eda.<\/p>\n\n\n\n<p>Elabora&nbsp;adem\u00e1s de forma constante nuevos y modernos Protocolos de Atenci\u00f3n y Gu\u00edas de Pr\u00e1ctica Cl\u00ednica en el terreno de la especialidad, apuntando siempre a la atenci\u00f3n segura y de alta calidad.<\/p>\n","protected":false},"featured_media":0,"parent":0,"menu_order":0,"template":"","meta":{"_acf_changed":false,"_uag_custom_page_level_css":"","_kad_blocks_custom_css":"","_kad_blocks_head_custom_js":"","_kad_blocks_body_custom_js":"","_kad_blocks_footer_custom_js":"","site-sidebar-layout":"default","site-content-layout":"","ast-site-content-layout":"default","site-content-style":"default","site-sidebar-style":"default","ast-global-header-display":"","ast-banner-title-visibility":"","ast-main-header-display":"","ast-hfb-above-header-display":"","ast-hfb-below-header-display":"","ast-hfb-mobile-header-display":"","site-post-title":"","ast-breadcrumbs-content":"","ast-featured-img":"","footer-sml-layout":"","theme-transparent-header-meta":"","adv-header-id-meta":"","stick-header-meta":"","header-above-stick-meta":"","header-main-stick-meta":"","header-below-stick-meta":"","astra-migrate-meta-layouts":"default","ast-page-background-enabled":"default","ast-page-background-meta":{"desktop":{"background-color":"var(--ast-global-color-4)","background-image":"","background-repeat":"repeat","background-position":"center center","background-size":"auto","background-attachment":"scroll","background-type":"","background-media":"","overlay-type":"","overlay-color":"","overlay-opacity":"","overlay-gradient":""},"tablet":{"background-color":"","background-image":"","background-repeat":"repeat","background-position":"center center","background-size":"auto","background-attachment":"scroll","background-type":"","background-media":"","overlay-type":"","overlay-color":"","overlay-opacity":"","overlay-gradient":""},"mobile":{"background-color":"","background-image":"","background-repeat":"repeat","background-position":"center center","background-size":"auto","background-attachment":"scroll","background-type":"","background-media":"","overlay-type":"","overlay-color":"","overlay-opacity":"","overlay-gradient":""}},"ast-content-background-meta":{"desktop":{"background-color":"var(--ast-global-color-5)","background-image":"","background-repeat":"repeat","background-position":"center center","background-size":"auto","background-attachment":"scroll","background-type":"","background-media":"","overlay-type":"","overlay-color":"","overlay-opacity":"","overlay-gradient":""},"tablet":{"background-color":"var(--ast-global-color-5)","background-image":"","background-repeat":"repeat","background-position":"center center","background-size":"auto","background-attachment":"scroll","background-type":"","background-media":"","overlay-type":"","overlay-color":"","overlay-opacity":"","overlay-gradient":""},"mobile":{"background-color":"var(--ast-global-color-5)","background-image":"","background-repeat":"repeat","background-position":"center center","background-size":"auto","background-attachment":"scroll","background-type":"","background-media":"","overlay-type":"","overlay-color":"","overlay-opacity":"","overlay-gradient":""}},"footnotes":""},"departamento":[685],"class_list":["post-670","hospital-servicio","type-hospital-servicio","status-publish","hentry","departamento-departamento-de-cirugia"],"acf":[],"taxonomy_info":{"departamento":[{"value":685,"label":"Departamento de Cirug\u00eda"}]},"featured_image_src_large":false,"author_info":[],"comment_info":"","spectra_custom_meta":{"_edit_last":["101014"],"_edit_lock":["1744390444:101014"],"image":["18871"],"description_es":[""],"cuerpo":[""],"practicas":[""],"faq":["<strong>\u00bfQu\u00e9 es la Anestesia?<\/strong>\r\n\r\nLa anestesia es un procedimiento m\u00e9dico que mantiene a un paciente dormido, relajado y sin dolor para permitir realizar una intervenci\u00f3n quir\u00fargica, o un procedimiento endoscopico de estudio diagnostico o terap\u00e9utico.\r\nLa anestesia puede realizarse durmiendo al paciente- Anestesia general \u2013 o haciendo insensible la parte del cuerpo en la que se va a realizar la operaci\u00f3n \u2013Anestesia local o Regional-.\r\nEn algunas ocasiones despu\u00e9s de practicar una anestesia local o regional se tiene que pasar a la anestesia general, porque puede resultar insuficiente la primera. En otras ocasiones por el tipo de cirug\u00eda y para el tratamiento m\u00e1s eficaz del dolor postoperatorio se realiza una anestesia combinando la anestesia regional con la anestesia general.\r\nEl m\u00e9dico anestesi\u00f3logo es el encargado de indicar el tipo de anestesia adecuada para cada\u00a0 caso dependiendo de la operaci\u00f3n que se va a realizar y del estado del paciente.\r\nDurante la operaci\u00f3n o procedimiento cuida del estado general del paciente monitoreando los par\u00e1metros vitales y trata las complicaciones que pudieran surgir.\r\nLas complicaciones anest\u00e9sicas se relacionan con el estado de salud previo del paciente: edad, tipo, complejidad y duraci\u00f3n de la intervenci\u00f3n quir\u00fargica, as\u00ed como consecuencias de reacciones al\u00e9rgicas u otros posibles factores imprevisibles.\r\nTodo acto anest\u00e9sico conlleva siempre un riesgo menor asumible que justifica su uso generalizado<strong>.<\/strong>\r\nDe cualquier forma, si ocurriera una complicaci\u00f3n, debe saber que todos los medios t\u00e9cnicos y cient\u00edficos de esta Hospital est\u00e1n disponibles para solucionarla.\r\n\r\n<strong>\u00bfEn qu\u00e9 consiste la Anestesia General?<\/strong>\r\n\r\nPara anestesiarlo es preciso canalizar una vena por la que se le administrar\u00e1n los sueros y medicamentos necesarios seg\u00fan su situaci\u00f3n y el tipo de cirug\u00eda previsto. Debido al efecto de los f\u00e1rmacos estar\u00e1 dormido, relajado y sin dolor\u00a0 durante la cirug\u00eda o procedimiento.\r\nDurante la anestesia es preciso colocar un tubo, a trav\u00e9s de la boca o de la nariz, que llega hasta la tr\u00e1quea \u2013 conducto que comunica la garganta con los pulmones. Este tubo se conecta a un respirador cuya funci\u00f3n es mantener la respiraci\u00f3n. Unos electrodos adhesivos colocados en el pecho permitir\u00e1n el control del funcionamiento del coraz\u00f3n. Tambi\u00e9n se colocar\u00e1 un aparato que medir\u00e1 su presi\u00f3n arterial y un dispositivo en el dedo- pulsioximetro- para conocer la cantidad de oxigeno en su sangre. Y un aparato que controlar\u00e1 el intercambio de gases de sus pulmones.\r\n\r\n<strong>\u00bfEn qu\u00e9 consiste la Anestesia Regional?<\/strong>\r\n\r\nPara realizarle una anestesia regional, tambi\u00e9n es necesario en primer lugar canalizar una vena. Se colocan como en la anestesia general electrodos para el control del coraz\u00f3n, aparato para medir la presi\u00f3n arterial y el pulsioximetro.\r\nA continuaci\u00f3n se procede a anestesiar los plexos nerviosos de la regi\u00f3n que se va a operar con un anest\u00e9sico local, mediante su b\u00fasqueda con un neurolocalizador, que ayuda y complementa la eficacia del bloqueo anest\u00e9sico.\r\nSe puede llegar a colocar una\u00a0 sonda en las fosas nasales para administrar suplementariamente oxigeno en caso que sea necesario dar medicaci\u00f3n sedante.\r\n\r\nEl Servicio de Anestesia del Hospital Alem\u00e1n cuenta con un consultorio de anestesia que funciona los d\u00edas jueves de 15hs a 17hs.\r\nAll\u00ed puede usted realizar su consulta sobre todas las dudas que pudiera tener con respecto a la anestesia y su operaci\u00f3n o procedimiento.\r\nAdem\u00e1s antes de su operaci\u00f3n el anestesi\u00f3logo pasar\u00e1 por la habitaci\u00f3n donde este UD. internado a realizarle la entrevista previa a su procedimiento quir\u00fargico y familiarizarse con su situaci\u00f3n\r\nEl equipamiento del Hospital Alem\u00e1n en el Servicio de Anestesiolog\u00eda cumple con las normas\u00a0 acordadas entre las Autoridades Nacionales del Ministerio de Salud y la Asociaci\u00f3n Argentina de Anestesiolog\u00eda y Preanimaci\u00f3n de Buenos Aires (AAARBA) y la\u00a0 Federaci\u00f3n Argentina de Asociaciones de Anestesiolog\u00eda Regionales (FAAAR).\r\n\r\n<strong>\u00bfCu\u00e1les son las indicaciones antes de la anestesia general y regional?<\/strong>\r\n\r\nEl paciente debe guardar ayuno.\r\n\r\nLa necesidad del ayuno se debe a que pueda pasar al pulm\u00f3n parte del contenido del estomago si este est\u00e1 ocupado y ocasionar alteraciones respiratorias.\r\n<strong>\r\nRegla de ayuno:<\/strong>\r\n\r\nEl incumplimiento de esta norma puede suponer la suspensi\u00f3n de la cirug\u00eda\u00a0 o procedimiento,\r\no posponer la cirug\u00eda o procedimiento hasta que se cumpla con el ayuno."],"description_en":["The German Hospital Anesthetics Service is subordinated to the Surgery Department and cares for every patient that requires anesthesia or pain killers for surgical, diagnostic or therapeutic procedures.\r\n\r\nThe practice is offered to neonatal, pediatric, adolescent, young adult and older in-patients.\u00a0 Moreover, there are outpatient offices to have pre anesthetics inter-consultations."],"description_de":["Der Bereich An\u00e4sthesie des Deutschen Hospitals ist der Fachabteilung Chirurgie angegliedert und betreut alle Patienten, die An\u00e4sthesie oder Analgesie bei chirurgischen Eingriffen, Diagnosen oder Therapien ben\u00f6tigen. Die Leistungen werden bei Neugeborenen, Kindern, Jugendlichen, jungen und \u00e4lteren Erwachsenen erbracht. Der Bereich verf\u00fcgt \u00fcber ambulante Einrichtungen, in denen die Patienten vor einer An\u00e4sthesie entsprechend beraten und eingewiesen werden."],"_yoast_wpseo_title":["Anestesiolog\u00eda | Servicios M\u00e9dicos | Hospital Alem\u00e1n"],"_yoast_wpseo_metadesc":["El Servicio de Anestesiolog\u00eda se encuentra integrado por profesionales altamente capacitados y debidamente actualizados como lo exige nuestra actividad."],"_image":["field_53b9db4768648"],"_description_es":["field_53b9db3568647"],"_cuerpo":["field_53b9dbad6864e"],"especialidades":[""],"_especialidades":["field_53b9dbb46864f"],"patologias":[""],"_patologias":["field_53b9dbbb68650"],"_practicas":["field_53b9dbc568651"],"equipamiento":[""],"_equipamiento":["field_53b9dbcd68652"],"_faq":["field_53b9dbd668653"],"profesionales":[""],"_profesionales":["field_53b9dbde68654"],"_description_en":["field_53b9db8d6864d"],"_description_de":["field_53b9db7e6864c"],"cuerpo2":["41"],"_cuerpo2":["field_591ddc88fd5fd"],"especialidades2":[""],"_especialidades2":["field_5b60dace6d56e"],"patologias2":[""],"_patologias2":["field_591ddc57fd5f7"],"practicas2":[""],"_practicas2":["field_591ddc61fd5fa"],"cuerpo2_0_imagen":[""],"_cuerpo2_0_imagen":["field_591ddce3fd601"],"cuerpo2_0_title":["Dr. Roberto Eduardo Casta\u00f1o"],"_cuerpo2_0_title":["field_591ddc88fd5fe"],"cuerpo2_0_puesto":["Jefe del Departamento de Cirug\u00eda "],"_cuerpo2_0_puesto":["field_591ddc88fd5ff"],"cuerpo2_0_important":["0"],"_cuerpo2_0_important":["field_591ddcd6fd600"],"cuerpo2_1_imagen":[""],"_cuerpo2_1_imagen":["field_591ddce3fd601"],"cuerpo2_1_title":["Dr. Alejandro Haidbauer"],"_cuerpo2_1_title":["field_591ddc88fd5fe"],"cuerpo2_1_puesto":["Jefe del Servicio"],"_cuerpo2_1_puesto":["field_591ddc88fd5ff"],"cuerpo2_1_important":["1"],"_cuerpo2_1_important":["field_591ddcd6fd600"],"cuerpo2_2_imagen":[""],"_cuerpo2_2_imagen":["field_591ddce3fd601"],"cuerpo2_2_title":["Dr. Dami\u00e1n Nicol\u00e1s Amestoy"],"_cuerpo2_2_title":["field_591ddc88fd5fe"],"cuerpo2_2_puesto":[""],"_cuerpo2_2_puesto":["field_591ddc88fd5ff"],"cuerpo2_2_important":["0"],"_cuerpo2_2_important":["field_591ddcd6fd600"],"cuerpo2_3_imagen":[""],"_cuerpo2_3_imagen":["field_591ddce3fd601"],"cuerpo2_3_title":["Dr. Juan Carlos Barrios"],"_cuerpo2_3_title":["field_591ddc88fd5fe"],"cuerpo2_3_puesto":[""],"_cuerpo2_3_puesto":["field_591ddc88fd5ff"],"cuerpo2_3_important":["0"],"_cuerpo2_3_important":["field_591ddcd6fd600"],"cuerpo2_4_imagen":[""],"_cuerpo2_4_imagen":["field_591ddce3fd601"],"cuerpo2_4_title":["Dra. Laura Berrone"],"_cuerpo2_4_title":["field_591ddc88fd5fe"],"cuerpo2_4_puesto":[""],"_cuerpo2_4_puesto":["field_591ddc88fd5ff"],"cuerpo2_4_important":["0"],"_cuerpo2_4_important":["field_591ddcd6fd600"],"cuerpo2_5_imagen":[""],"_cuerpo2_5_imagen":["field_591ddce3fd601"],"cuerpo2_5_title":["Dr. Claudio Luis Caldentey"],"_cuerpo2_5_title":["field_591ddc88fd5fe"],"cuerpo2_5_puesto":[""],"_cuerpo2_5_puesto":["field_591ddc88fd5ff"],"cuerpo2_5_important":["0"],"_cuerpo2_5_important":["field_591ddcd6fd600"],"cuerpo2_6_imagen":[""],"_cuerpo2_6_imagen":["field_591ddce3fd601"],"cuerpo2_6_title":["Dr. Mauricio I. Casarsa"],"_cuerpo2_6_title":["field_591ddc88fd5fe"],"cuerpo2_6_puesto":[""],"_cuerpo2_6_puesto":["field_591ddc88fd5ff"],"cuerpo2_6_important":["0"],"_cuerpo2_6_important":["field_591ddcd6fd600"],"cuerpo2_7_imagen":[""],"_cuerpo2_7_imagen":["field_591ddce3fd601"],"cuerpo2_7_title":["Dr. Sebasti\u00e1n De Nucci"],"_cuerpo2_7_title":["field_591ddc88fd5fe"],"cuerpo2_7_puesto":[""],"_cuerpo2_7_puesto":["field_591ddc88fd5ff"],"cuerpo2_7_important":["0"],"_cuerpo2_7_important":["field_591ddcd6fd600"],"cuerpo2_8_imagen":[""],"_cuerpo2_8_imagen":["field_591ddce3fd601"],"cuerpo2_8_title":["Dr. Gustavo Mario Devetach"],"_cuerpo2_8_title":["field_591ddc88fd5fe"],"cuerpo2_8_puesto":[""],"_cuerpo2_8_puesto":["field_591ddc88fd5ff"],"cuerpo2_8_important":["0"],"_cuerpo2_8_important":["field_591ddcd6fd600"],"cuerpo2_9_imagen":[""],"_cuerpo2_9_imagen":["field_591ddce3fd601"],"cuerpo2_9_title":["Dr. Gustavo Ernesto Dreispiel"],"_cuerpo2_9_title":["field_591ddc88fd5fe"],"cuerpo2_9_puesto":[""],"_cuerpo2_9_puesto":["field_591ddc88fd5ff"],"cuerpo2_9_important":["0"],"_cuerpo2_9_important":["field_591ddcd6fd600"],"cuerpo2_10_imagen":[""],"_cuerpo2_10_imagen":["field_591ddce3fd601"],"cuerpo2_10_title":["Dra. Norma Karina Farf\u00e1n"],"_cuerpo2_10_title":["field_591ddc88fd5fe"],"cuerpo2_10_puesto":[""],"_cuerpo2_10_puesto":["field_591ddc88fd5ff"],"cuerpo2_10_important":["0"],"_cuerpo2_10_important":["field_591ddcd6fd600"],"cuerpo2_11_imagen":[""],"_cuerpo2_11_imagen":["field_591ddce3fd601"],"cuerpo2_11_title":["Dr. Gerardo Ferrentino"],"_cuerpo2_11_title":["field_591ddc88fd5fe"],"cuerpo2_11_puesto":[""],"_cuerpo2_11_puesto":["field_591ddc88fd5ff"],"cuerpo2_11_important":["0"],"_cuerpo2_11_important":["field_591ddcd6fd600"],"cuerpo2_12_imagen":[""],"_cuerpo2_12_imagen":["field_591ddce3fd601"],"cuerpo2_12_title":["Dr. Luciano Goldsman"],"_cuerpo2_12_title":["field_591ddc88fd5fe"],"cuerpo2_12_puesto":[""],"_cuerpo2_12_puesto":["field_591ddc88fd5ff"],"cuerpo2_12_important":["0"],"_cuerpo2_12_important":["field_591ddcd6fd600"],"cuerpo2_13_imagen":[""],"_cuerpo2_13_imagen":["field_591ddce3fd601"],"cuerpo2_13_title":["Dr. Tom\u00e1s G\u00f3mez Balatorre"],"_cuerpo2_13_title":["field_591ddc88fd5fe"],"cuerpo2_13_puesto":[""],"_cuerpo2_13_puesto":["field_591ddc88fd5ff"],"cuerpo2_13_important":["0"],"_cuerpo2_13_important":["field_591ddcd6fd600"],"cuerpo2_14_imagen":[""],"_cuerpo2_14_imagen":["field_591ddce3fd601"],"cuerpo2_14_title":["Dra. Marta Gonz\u00e1lez"],"_cuerpo2_14_title":["field_591ddc88fd5fe"],"cuerpo2_14_puesto":[""],"_cuerpo2_14_puesto":["field_591ddc88fd5ff"],"cuerpo2_14_important":["0"],"_cuerpo2_14_important":["field_591ddcd6fd600"],"cuerpo2_15_imagen":[""],"_cuerpo2_15_imagen":["field_591ddce3fd601"],"cuerpo2_15_title":["Dr. Alejandro Ary Grosman"],"_cuerpo2_15_title":["field_591ddc88fd5fe"],"cuerpo2_15_puesto":[""],"_cuerpo2_15_puesto":["field_591ddc88fd5ff"],"cuerpo2_15_important":["0"],"_cuerpo2_15_important":["field_591ddcd6fd600"],"cuerpo2_16_imagen":[""],"_cuerpo2_16_imagen":["field_591ddce3fd601"],"cuerpo2_16_title":["Dr. Alfredo Gutierrez"],"_cuerpo2_16_title":["field_591ddc88fd5fe"],"cuerpo2_16_puesto":[""],"_cuerpo2_16_puesto":["field_591ddc88fd5ff"],"cuerpo2_16_important":["0"],"_cuerpo2_16_important":["field_591ddcd6fd600"],"cuerpo2_17_imagen":[""],"_cuerpo2_17_imagen":["field_591ddce3fd601"],"cuerpo2_17_title":["Dr. Guillermo Holzmann"],"_cuerpo2_17_title":["field_591ddc88fd5fe"],"cuerpo2_17_puesto":[""],"_cuerpo2_17_puesto":["field_591ddc88fd5ff"],"cuerpo2_17_important":["0"],"_cuerpo2_17_important":["field_591ddcd6fd600"],"cuerpo2_18_imagen":[""],"_cuerpo2_18_imagen":["field_591ddce3fd601"],"cuerpo2_18_title":["Dr. Luciano Domingo Iunger"],"_cuerpo2_18_title":["field_591ddc88fd5fe"],"cuerpo2_18_puesto":[""],"_cuerpo2_18_puesto":["field_591ddc88fd5ff"],"cuerpo2_18_important":["0"],"_cuerpo2_18_important":["field_591ddcd6fd600"],"cuerpo2_19_imagen":[""],"_cuerpo2_19_imagen":["field_591ddce3fd601"],"cuerpo2_19_title":["Dr. Carlos Ignacio Jeanes"],"_cuerpo2_19_title":["field_591ddc88fd5fe"],"cuerpo2_19_puesto":[""],"_cuerpo2_19_puesto":["field_591ddc88fd5ff"],"cuerpo2_19_important":["0"],"_cuerpo2_19_important":["field_591ddcd6fd600"],"cuerpo2_20_imagen":[""],"_cuerpo2_20_imagen":["field_591ddce3fd601"],"cuerpo2_20_title":["Dr. Lucio Andr\u00e9s Koo"],"_cuerpo2_20_title":["field_591ddc88fd5fe"],"cuerpo2_20_puesto":[""],"_cuerpo2_20_puesto":["field_591ddc88fd5ff"],"cuerpo2_20_important":["0"],"_cuerpo2_20_important":["field_591ddcd6fd600"],"cuerpo2_21_imagen":[""],"_cuerpo2_21_imagen":["field_591ddce3fd601"],"cuerpo2_21_title":["Dra. Eva Sofia Kunz"],"_cuerpo2_21_title":["field_591ddc88fd5fe"],"cuerpo2_21_puesto":[""],"_cuerpo2_21_puesto":["field_591ddc88fd5ff"],"cuerpo2_21_important":["0"],"_cuerpo2_21_important":["field_591ddcd6fd600"],"cuerpo2_22_imagen":[""],"_cuerpo2_22_imagen":["field_591ddce3fd601"],"cuerpo2_22_title":["Dra. Mariana R. Liva"],"_cuerpo2_22_title":["field_591ddc88fd5fe"],"cuerpo2_22_puesto":["(Ginecolog\u00eda y Obstetricia)"],"_cuerpo2_22_puesto":["field_591ddc88fd5ff"],"cuerpo2_22_important":["0"],"_cuerpo2_22_important":["field_591ddcd6fd600"],"cuerpo2_23_imagen":[""],"_cuerpo2_23_imagen":["field_591ddce3fd601"],"cuerpo2_23_title":["Dr. R\u00f3mulo Medina Z\u00fa\u00f1iga"],"_cuerpo2_23_title":["field_591ddc88fd5fe"],"cuerpo2_23_puesto":[""],"_cuerpo2_23_puesto":["field_591ddc88fd5ff"],"cuerpo2_23_important":["0"],"_cuerpo2_23_important":["field_591ddcd6fd600"],"cuerpo2_24_imagen":[""],"_cuerpo2_24_imagen":["field_591ddce3fd601"],"cuerpo2_24_title":["Dr.  Federico Manso"],"_cuerpo2_24_title":["field_591ddc88fd5fe"],"cuerpo2_24_puesto":["(Cardiovascular infantil)"],"_cuerpo2_24_puesto":["field_591ddc88fd5ff"],"cuerpo2_24_important":["0"],"_cuerpo2_24_important":["field_591ddcd6fd600"],"cuerpo2_25_imagen":[""],"_cuerpo2_25_imagen":["field_591ddce3fd601"],"cuerpo2_25_title":["Dr. Carlos Alberto Meza"],"_cuerpo2_25_title":["field_591ddc88fd5fe"],"cuerpo2_25_puesto":[""],"_cuerpo2_25_puesto":["field_591ddc88fd5ff"],"cuerpo2_25_important":["0"],"_cuerpo2_25_important":["field_591ddcd6fd600"],"cuerpo2_26_imagen":[""],"_cuerpo2_26_imagen":["field_591ddce3fd601"],"cuerpo2_26_title":["Dr. Santiago Miguez Mart\u00ednez"],"_cuerpo2_26_title":["field_591ddc88fd5fe"],"cuerpo2_26_puesto":[""],"_cuerpo2_26_puesto":["field_591ddc88fd5ff"],"cuerpo2_26_important":["0"],"_cuerpo2_26_important":["field_591ddcd6fd600"],"cuerpo2_27_imagen":[""],"_cuerpo2_27_imagen":["field_591ddce3fd601"],"cuerpo2_27_title":["Dr. Manuel Moreira"],"_cuerpo2_27_title":["field_591ddc88fd5fe"],"cuerpo2_27_puesto":[""],"_cuerpo2_27_puesto":["field_591ddc88fd5ff"],"cuerpo2_27_important":["0"],"_cuerpo2_27_important":["field_591ddcd6fd600"],"cuerpo2_28_imagen":[""],"_cuerpo2_28_imagen":["field_591ddce3fd601"],"cuerpo2_28_title":["Dra. Nora Nicol\u00e1s"],"_cuerpo2_28_title":["field_591ddc88fd5fe"],"cuerpo2_28_puesto":[""],"_cuerpo2_28_puesto":["field_591ddc88fd5ff"],"cuerpo2_28_important":["0"],"_cuerpo2_28_important":["field_591ddcd6fd600"],"cuerpo2_29_imagen":[""],"_cuerpo2_29_imagen":["field_591ddce3fd601"],"cuerpo2_29_title":["Dr. Ricardo Horacio Puga"],"_cuerpo2_29_title":["field_591ddc88fd5fe"],"cuerpo2_29_puesto":[""],"_cuerpo2_29_puesto":["field_591ddc88fd5ff"],"cuerpo2_29_important":["0"],"_cuerpo2_29_important":["field_591ddcd6fd600"],"cuerpo2_30_imagen":[""],"_cuerpo2_30_imagen":["field_591ddce3fd601"],"cuerpo2_30_title":["Dr. Ezequiel Pugente"],"_cuerpo2_30_title":["field_591ddc88fd5fe"],"cuerpo2_30_puesto":[""],"_cuerpo2_30_puesto":["field_591ddc88fd5ff"],"cuerpo2_30_important":["0"],"_cuerpo2_30_important":["field_591ddcd6fd600"],"cuerpo2_31_imagen":[""],"_cuerpo2_31_imagen":["field_591ddce3fd601"],"cuerpo2_31_title":["Dr. Fernando Javier Resio"],"_cuerpo2_31_title":["field_591ddc88fd5fe"],"cuerpo2_31_puesto":[""],"_cuerpo2_31_puesto":["field_591ddc88fd5ff"],"cuerpo2_31_important":["0"],"_cuerpo2_31_important":["field_591ddcd6fd600"],"cuerpo2_32_imagen":[""],"_cuerpo2_32_imagen":["field_591ddce3fd601"],"cuerpo2_32_title":["Dra. Andrea Fabiana Romero Sudr\u00eda"],"_cuerpo2_32_title":["field_591ddc88fd5fe"],"cuerpo2_32_puesto":[""],"_cuerpo2_32_puesto":["field_591ddc88fd5ff"],"cuerpo2_32_important":["0"],"_cuerpo2_32_important":["field_591ddcd6fd600"],"cuerpo2_33_imagen":[""],"_cuerpo2_33_imagen":["field_591ddce3fd601"],"cuerpo2_33_title":["Dr. Pedro Ruiz"],"_cuerpo2_33_title":["field_591ddc88fd5fe"],"cuerpo2_33_puesto":[""],"_cuerpo2_33_puesto":["field_591ddc88fd5ff"],"cuerpo2_33_important":["0"],"_cuerpo2_33_important":["field_591ddcd6fd600"],"cuerpo2_34_imagen":[""],"_cuerpo2_34_imagen":["field_591ddce3fd601"],"cuerpo2_34_title":["Dra. Stella Maris Ruiz Votrico"],"_cuerpo2_34_title":["field_591ddc88fd5fe"],"cuerpo2_34_puesto":[""],"_cuerpo2_34_puesto":["field_591ddc88fd5ff"],"cuerpo2_34_important":["0"],"_cuerpo2_34_important":["field_591ddcd6fd600"],"cuerpo2_35_imagen":[""],"_cuerpo2_35_imagen":["field_591ddce3fd601"],"cuerpo2_35_title":["Dr. Hugo Scavuzzo"],"_cuerpo2_35_title":["field_591ddc88fd5fe"],"cuerpo2_35_puesto":[""],"_cuerpo2_35_puesto":["field_591ddc88fd5ff"],"cuerpo2_35_important":["0"],"_cuerpo2_35_important":["field_591ddcd6fd600"],"cuerpo2_36_imagen":[""],"_cuerpo2_36_imagen":["field_591ddce3fd601"],"cuerpo2_36_title":["Dra. Marisa Sinisi"],"_cuerpo2_36_title":["field_591ddc88fd5fe"],"cuerpo2_36_puesto":[""],"_cuerpo2_36_puesto":["field_591ddc88fd5ff"],"cuerpo2_36_important":["0"],"_cuerpo2_36_important":["field_591ddcd6fd600"],"cuerpo2_37_imagen":[""],"_cuerpo2_37_imagen":["field_591ddce3fd601"],"cuerpo2_37_title":["Dr. Carlos Dami\u00e1n Torres"],"_cuerpo2_37_title":["field_591ddc88fd5fe"],"cuerpo2_37_puesto":[""],"_cuerpo2_37_puesto":["field_591ddc88fd5ff"],"cuerpo2_37_important":["0"],"_cuerpo2_37_important":["field_591ddcd6fd600"],"cuerpo2_38_title":["Dr. Edgardo Vargas"],"_cuerpo2_38_title":["field_591ddc88fd5fe"],"cuerpo2_38_puesto":[""],"_cuerpo2_38_puesto":["field_591ddc88fd5ff"],"cuerpo2_38_important":["0"],"_cuerpo2_38_important":["field_591ddcd6fd600"],"cuerpo2_39_title":["Dr. Alejandro Nicol\u00e1s Yanco"],"_cuerpo2_39_title":["field_591ddc88fd5fe"],"cuerpo2_39_puesto":[""],"_cuerpo2_39_puesto":["field_591ddc88fd5ff"],"cuerpo2_39_important":["0"],"_cuerpo2_39_important":["field_591ddcd6fd600"],"_yoast_wpseo_content_score":["60"],"faq2":[""],"_faq2":["field_5b3bbc1f5bfb9"],"subpages":["1"],"_subpages":["field_5b3bbc345bfbc"],"mision":[""],"_mision":["field_5b5a4f023943f"],"funciones":[""],"_funciones":["field_5b5a4f1139440"],"especialidades3":[""],"_especialidades3":["field_591ddc08fd5f3"],"cuerpo2_0_isSeparator":["0"],"_cuerpo2_0_isSeparator":["field_5d1e3d92dcdfe"],"cuerpo2_1_isSeparator":["0"],"_cuerpo2_1_isSeparator":["field_5d1e3d92dcdfe"],"cuerpo2_2_isSeparator":["0"],"_cuerpo2_2_isSeparator":["field_5d1e3d92dcdfe"],"cuerpo2_3_isSeparator":["0"],"_cuerpo2_3_isSeparator":["field_5d1e3d92dcdfe"],"cuerpo2_4_isSeparator":["0"],"_cuerpo2_4_isSeparator":["field_5d1e3d92dcdfe"],"cuerpo2_5_isSeparator":["0"],"_cuerpo2_5_isSeparator":["field_5d1e3d92dcdfe"],"cuerpo2_6_isSeparator":["0"],"_cuerpo2_6_isSeparator":["field_5d1e3d92dcdfe"],"cuerpo2_7_isSeparator":["0"],"_cuerpo2_7_isSeparator":["field_5d1e3d92dcdfe"],"cuerpo2_8_isSeparator":["0"],"_cuerpo2_8_isSeparator":["field_5d1e3d92dcdfe"],"cuerpo2_9_isSeparator":["0"],"_cuerpo2_9_isSeparator":["field_5d1e3d92dcdfe"],"cuerpo2_10_isSeparator":["0"],"_cuerpo2_10_isSeparator":["field_5d1e3d92dcdfe"],"cuerpo2_11_isSeparator":["0"],"_cuerpo2_11_isSeparator":["field_5d1e3d92dcdfe"],"cuerpo2_12_isSeparator":["0"],"_cuerpo2_12_isSeparator":["field_5d1e3d92dcdfe"],"cuerpo2_13_isSeparator":["0"],"_cuerpo2_13_isSeparator":["field_5d1e3d92dcdfe"],"cuerpo2_14_isSeparator":["0"],"_cuerpo2_14_isSeparator":["field_5d1e3d92dcdfe"],"cuerpo2_15_isSeparator":["0"],"_cuerpo2_15_isSeparator":["field_5d1e3d92dcdfe"],"cuerpo2_16_isSeparator":["0"],"_cuerpo2_16_isSeparator":["field_5d1e3d92dcdfe"],"cuerpo2_17_isSeparator":["0"],"_cuerpo2_17_isSeparator":["field_5d1e3d92dcdfe"],"cuerpo2_18_isSeparator":["0"],"_cuerpo2_18_isSeparator":["field_5d1e3d92dcdfe"],"cuerpo2_19_isSeparator":["0"],"_cuerpo2_19_isSeparator":["field_5d1e3d92dcdfe"],"cuerpo2_20_isSeparator":["0"],"_cuerpo2_20_isSeparator":["field_5d1e3d92dcdfe"],"cuerpo2_21_isSeparator":["0"],"_cuerpo2_21_isSeparator":["field_5d1e3d92dcdfe"],"cuerpo2_22_isSeparator":["0"],"_cuerpo2_22_isSeparator":["field_5d1e3d92dcdfe"],"cuerpo2_23_isSeparator":["0"],"_cuerpo2_23_isSeparator":["field_5d1e3d92dcdfe"],"cuerpo2_24_isSeparator":["0"],"_cuerpo2_24_isSeparator":["field_5d1e3d92dcdfe"],"cuerpo2_25_isSeparator":["0"],"_cuerpo2_25_isSeparator":["field_5d1e3d92dcdfe"],"cuerpo2_26_isSeparator":["0"],"_cuerpo2_26_isSeparator":["field_5d1e3d92dcdfe"],"cuerpo2_27_isSeparator":["0"],"_cuerpo2_27_isSeparator":["field_5d1e3d92dcdfe"],"cuerpo2_28_isSeparator":["0"],"_cuerpo2_28_isSeparator":["field_5d1e3d92dcdfe"],"cuerpo2_29_isSeparator":["0"],"_cuerpo2_29_isSeparator":["field_5d1e3d92dcdfe"],"cuerpo2_30_isSeparator":["0"],"_cuerpo2_30_isSeparator":["field_5d1e3d92dcdfe"],"cuerpo2_31_isSeparator":["0"],"_cuerpo2_31_isSeparator":["field_5d1e3d92dcdfe"],"cuerpo2_32_isSeparator":["0"],"_cuerpo2_32_isSeparator":["field_5d1e3d92dcdfe"],"cuerpo2_33_isSeparator":["0"],"_cuerpo2_33_isSeparator":["field_5d1e3d92dcdfe"],"cuerpo2_34_isSeparator":["0"],"_cuerpo2_34_isSeparator":["field_5d1e3d92dcdfe"],"cuerpo2_35_isSeparator":["0"],"_cuerpo2_35_isSeparator":["field_5d1e3d92dcdfe"],"cuerpo2_36_isSeparator":["0"],"_cuerpo2_36_isSeparator":["field_5d1e3d92dcdfe"],"cuerpo2_37_isSeparator":["0"],"_cuerpo2_37_isSeparator":["field_5d1e3d92dcdfe"],"cuerpo2_38_isSeparator":["0"],"_cuerpo2_38_isSeparator":["field_5d1e3d92dcdfe"],"cuerpo2_39_isSeparator":["0"],"_cuerpo2_39_isSeparator":["field_5d1e3d92dcdfe"],"cuerpo2_40_isSeparator":["0"],"_cuerpo2_40_isSeparator":["field_5d1e3d92dcdfe"],"cuerpo2_40_title":["Dra. Maria Paola Yriarte"],"_cuerpo2_40_title":["field_591ddc88fd5fe"],"cuerpo2_40_puesto":[""],"_cuerpo2_40_puesto":["field_591ddc88fd5ff"],"cuerpo2_40_important":["0"],"_cuerpo2_40_important":["field_591ddcd6fd600"],"_pp_is_autodraft":["1"],"_yoast_wpseo_estimated-reading-time-minutes":["2"],"_yoast_wpseo_wordproof_timestamp":[""],"title_intranet":[""],"_title_intranet":["field_678fbce387033"],"modules":[""],"_modules":["field_5656263b16a73"],"redirecturl":[""],"_redirecturl":["field_66911ebd30aae"],"subpages_0_title":["Informaci\u00f3n del servicio"],"_subpages_0_title":["field_5b3bbc345bfbd"],"subpages_0_content":["<ul>\r\n \t<li>Horario de atenci\u00f3n administrativa: Lunes a viernes de 7:30 a 16:30 hs.<\/li>\r\n \t<li>Ubicaci\u00f3n: 2do piso Edificio Hist\u00f3rico<\/li>\r\n \t<li>Mail:\u00a0<a href=\"mailto:sanestesiologia@hospitalaleman.com\">sanestesiologia@hospitalaleman.com<\/a><\/li>\r\n \t<li>Tel\u00e9fono:\u00a0<a href=\"tel: 48277000\">4827-7000<\/a>, interno 2881<\/li>\r\n<\/ul>"],"_subpages_0_content":["field_5b3bbc345bfbe"],"_yoast_wpseo_primary_departamento":[""],"_uag_page_assets":["a:9:{s:3:\"css\";s:0:\"\";s:2:\"js\";s:0:\"\";s:18:\"current_block_list\";a:3:{i:0;s:14:\"core\/paragraph\";i:1;s:12:\"core\/heading\";i:2;s:14:\"core\/page-list\";}s:8:\"uag_flag\";b:0;s:11:\"uag_version\";s:10:\"1777352091\";s:6:\"gfonts\";a:1:{s:7:\"Default\";a:2:{s:10:\"fontfamily\";s:7:\"Default\";s:12:\"fontvariants\";a:0:{}}}s:10:\"gfonts_url\";s:0:\"\";s:12:\"gfonts_files\";a:0:{}s:14:\"uag_faq_layout\";b:0;}"]},"uagb_featured_image_src":{"full":false,"thumbnail":false,"medium":false,"medium_large":false,"large":false,"1536x1536":false,"2048x2048":false,"gform-image-choice-sm":false,"gform-image-choice-md":false,"gform-image-choice-lg":false},"uagb_author_info":{"display_name":"Publicidad","author_link":"https:\/\/www.hospitalaleman.org.ar\/de\/author\/"},"uagb_comment_info":0,"uagb_excerpt":"El Servicio de Anestesiolog\u00eda del Hospital Alem\u00e1n, dependiente del Departamento de Cirug\u00eda, &nbsp;se encarga de la atenci\u00f3n especializada, responsable y [&hellip;]...","_links":{"self":[{"href":"https:\/\/www.hospitalaleman.org.ar\/de\/wp-json\/wp\/v2\/hospital-servicio\/670","targetHints":{"allow":["GET"]}}],"collection":[{"href":"https:\/\/www.hospitalaleman.org.ar\/de\/wp-json\/wp\/v2\/hospital-servicio"}],"about":[{"href":"https:\/\/www.hospitalaleman.org.ar\/de\/wp-json\/wp\/v2\/types\/hospital-servicio"}],"version-history":[{"count":43,"href":"https:\/\/www.hospitalaleman.org.ar\/de\/wp-json\/wp\/v2\/hospital-servicio\/670\/revisions"}],"predecessor-version":[{"id":31020,"href":"https:\/\/www.hospitalaleman.org.ar\/de\/wp-json\/wp\/v2\/hospital-servicio\/670\/revisions\/31020"}],"wp:attachment":[{"href":"https:\/\/www.hospitalaleman.org.ar\/de\/wp-json\/wp\/v2\/media?parent=670"}],"wp:term":[{"taxonomy":"departamento","embeddable":true,"href":"https:\/\/www.hospitalaleman.org.ar\/de\/wp-json\/wp\/v2\/departamento?post=670"}],"curies":[{"name":"wp","href":"https:\/\/api.w.org\/{rel}","templated":true}]}}