{"id":679,"date":"2011-10-21T14:30:36","date_gmt":"2011-10-21T14:30:36","guid":{"rendered":"https:\/\/www.hospitalaleman.org.ar\/?post_type=hospital-servicio&#038;p=679"},"modified":"2025-01-07T09:07:38","modified_gmt":"2025-01-07T12:07:38","slug":"cirugia-pediatrica","status":"publish","type":"hospital-servicio","link":"https:\/\/www.hospitalaleman.org.ar\/de\/nuestro-hospital\/servicios-medicos\/cirugia-pediatrica\/","title":{"rendered":"Cirug\u00eda Pedi\u00e1trica"},"content":{"rendered":"\n<p>El Servicio de Cirug\u00eda Pedi\u00e1trica est\u00e1 conformado por especialistas con vasta experiencia en la resoluci\u00f3n de la patolog\u00eda neonatal, pedi\u00e1trica y del adolescente. Recibe la demanda local as\u00ed como tambi\u00e9n los pacientes complejos del interior del pa\u00eds y pacientes del exterior en forma directa o a trav\u00e9s de sus embajadas.<\/p>\n\n\n\n<p>Todos los integrantes son especialistas certificados por la Asociaci\u00f3n Argentina de Cirug\u00eda Infantil y exclusivamente dedicados a la cirug\u00eda pedi\u00e1trica con intensa labor acad\u00e9mica y asistencial.<\/p>\n\n\n\n<p>Han realizado su formaci\u00f3n en los mejores centros nacionales en los que contin\u00faan desempe\u00f1\u00e1ndose.<\/p>\n\n\n\n<p>El Servicio de Cirug\u00eda General Pedi\u00e1trica ha logrado el mayor nivel en la cirug\u00eda M\u00ednimamente-Invasiva Pedi\u00e1trica y Neonatal, Toracosc\u00f3pica y Laparosc\u00f3pia, cirug\u00eda oncol\u00f3gica compleja, malformaciones de pared tor\u00e1xica, malformaciones vasculares y linf\u00e1ticas, malformaciones genitales y de la v\u00eda urinaria, patolog\u00eda ginecol\u00f3gica congenita y adquirida, procedimientos radiol\u00f3gicos percut\u00e1neos, patolog\u00eda de cabeza y cuello.<\/p>\n\n\n\n<p>El Servicio est\u00e1 en aptitud de realizar el mejor manejo de patolog\u00edas neonatales de Diagn\u00f3stico Prenatal. Contamos con la colaboraci\u00f3n Diagn\u00f3stico por Im\u00e1genes (Ecograf\u00eda Nivel 4 y Resonancia Magn\u00e9tica ultrarr\u00e1pida (Haste)).<\/p>\n\n\n\n<p>La atenci\u00f3n de urgencias diurnas o nocturnas se realiza en la Guardia de Pediatr\u00eda del Centro Materno Infantil.<\/p>\n\n\n\n<p>La internaci\u00f3n es conjunta del ni\u00f1o y sus padres en el Dto. de Pediatr\u00eda, tanto en las operaciones con internaci\u00f3n diurna (Hospital de D\u00eda), como en las de internaci\u00f3n prolongada.<\/p>\n\n\n\n<p>Se considera muy importante el compromiso personal con el paciente y su familia, para proveer el mejor nivel de cuidado desde le ingreso hasta el alta.<\/p>\n\n\n\n<p>El horario de atenci\u00f3n administrativa es de lunes a viernes de 8:00 a 17:00hs. Pueden contactarse por mail a secretariapediatria@hospitalaleman.com o a los internos 2617\/2329.<\/p>\n","protected":false},"featured_media":0,"parent":0,"menu_order":0,"template":"","meta":{"_acf_changed":false,"_uag_custom_page_level_css":"","_kad_blocks_custom_css":"","_kad_blocks_head_custom_js":"","_kad_blocks_body_custom_js":"","_kad_blocks_footer_custom_js":"","site-sidebar-layout":"default","site-content-layout":"","ast-site-content-layout":"default","site-content-style":"default","site-sidebar-style":"default","ast-global-header-display":"","ast-banner-title-visibility":"","ast-main-header-display":"","ast-hfb-above-header-display":"","ast-hfb-below-header-display":"","ast-hfb-mobile-header-display":"","site-post-title":"","ast-breadcrumbs-content":"","ast-featured-img":"","footer-sml-layout":"","theme-transparent-header-meta":"","adv-header-id-meta":"","stick-header-meta":"","header-above-stick-meta":"","header-main-stick-meta":"","header-below-stick-meta":"","astra-migrate-meta-layouts":"default","ast-page-background-enabled":"default","ast-page-background-meta":{"desktop":{"background-color":"var(--ast-global-color-4)","background-image":"","background-repeat":"repeat","background-position":"center center","background-size":"auto","background-attachment":"scroll","background-type":"","background-media":"","overlay-type":"","overlay-color":"","overlay-opacity":"","overlay-gradient":""},"tablet":{"background-color":"","background-image":"","background-repeat":"repeat","background-position":"center center","background-size":"auto","background-attachment":"scroll","background-type":"","background-media":"","overlay-type":"","overlay-color":"","overlay-opacity":"","overlay-gradient":""},"mobile":{"background-color":"","background-image":"","background-repeat":"repeat","background-position":"center center","background-size":"auto","background-attachment":"scroll","background-type":"","background-media":"","overlay-type":"","overlay-color":"","overlay-opacity":"","overlay-gradient":""}},"ast-content-background-meta":{"desktop":{"background-color":"var(--ast-global-color-5)","background-image":"","background-repeat":"repeat","background-position":"center center","background-size":"auto","background-attachment":"scroll","background-type":"","background-media":"","overlay-type":"","overlay-color":"","overlay-opacity":"","overlay-gradient":""},"tablet":{"background-color":"var(--ast-global-color-5)","background-image":"","background-repeat":"repeat","background-position":"center center","background-size":"auto","background-attachment":"scroll","background-type":"","background-media":"","overlay-type":"","overlay-color":"","overlay-opacity":"","overlay-gradient":""},"mobile":{"background-color":"var(--ast-global-color-5)","background-image":"","background-repeat":"repeat","background-position":"center center","background-size":"auto","background-attachment":"scroll","background-type":"","background-media":"","overlay-type":"","overlay-color":"","overlay-opacity":"","overlay-gradient":""}},"footnotes":""},"departamento":[688],"class_list":["post-679","hospital-servicio","type-hospital-servicio","status-publish","hentry","departamento-departamento-materno-infantil"],"acf":[],"taxonomy_info":{"departamento":[{"value":688,"label":"Departamento Materno Infantil"}]},"featured_image_src_large":false,"author_info":[],"comment_info":"","spectra_custom_meta":{"_edit_last":["101016"],"_edit_lock":["1736259881:101016"],"image":[""],"description_es":[""],"cuerpo":[""],"practicas":[""],"faq":[""],"description_en":["The Pediatrics Surgery Service covers all the spectrum of the specialty for thoracic, abdominal and cervical pathologies. The team of professionals has been certified by the Argentine Association for Child Surgery [Asociaci\u00f3n Argentina de Cirug\u00eda Infantil]. The practices on adolescents, children and newborns include minimally invasive surgeries, such as video laparoscopies and thoracoscopies. One stage video laparoscopies are performed on newborns affected by Hirschsprung\u2019s disease (congenital megacolon) or by thoracic tumors.\r\n\r\nThe Pediatric Surgery Service offers several specialized programs: Constipation, Recurrent and Chronic Abdominal Pain, Prenatal Diagnosis, Pediatric Urology, Pediatric Plastic Surgery, Pediatric Neurosurgery and Pediatric Cardiovascular Surgery."],"description_de":["Zu der Fachabteilung P\u00e4diatrie geh\u00f6rt auch die ambulante Behandlung von Erkrankungen in den einzelnen p\u00e4diatrischen Fachbereichen wie Pubert\u00e4t, Ern\u00e4hrung, Wachstum und Entwicklung, Pneumonologie, Neurologie, Nephrologie, Kardiologie, Psychopathologie, Neurochirurgie, Kinderchirurgie, Orthop\u00e4die und Traumatologie. Dar\u00fcber hinaus verf\u00fcgt die Fachabteilung \u00fcber einen besonderen Bereich, zu dem das \u00c4rzteteam geh\u00f6rt, das sich der Betreuung von Kindern mit chronischen Krankheiten widmet (Zystofibrose, Down-Syndrom oder\u00a0 auch Krankheiten von Kindern, die unter die Gruppe der Neugeborenen mit Pathologien fallen). Bei station\u00e4r behandelten Patienten werden vier Bereiche unterschieden: allgemeiner klinischer und chirurgischer Bereich, p\u00e4diatrische Intensiv- und Transplantationsstation, Neonatologie und neonatale Intensivstation. Die IMC-Station (<em>intermediate care<\/em>) nimmt Kinder auf, die aus der IPS (Intensivstation) entlassen sind, aber noch unter Beobachtung stehen sowie Kinder aus der Nursery. Da der Aufenthalt in einer Intensivstation f\u00fcr das Kind aber auch f\u00fcr die Familie traumatisch ist, werden alle Anstrengungen unternommen, um ihn m\u00f6glichst ertr\u00e4glich zu gestalten. So gibt es auch ein Spielprogramm f\u00fcr die Kinder, das unter Beratung einer auf dieses Thema spezialisierten Firma erfolgt."],"_yoast_wpseo_title":["Cirug\u00eda pedi\u00e1trica | Servicios M\u00e9dicos | Hospital Alem\u00e1n"],"_yoast_wpseo_metadesc":["El Servicio tiene experiencia en todo el espectro de cirug\u00edas en neonatos y ni\u00f1os hasta los 16 a\u00f1os de edad, sean estas urgentes o programables."],"_image":["field_53b9db4768648"],"_description_es":["field_53b9db3568647"],"_cuerpo":["field_53b9dbad6864e"],"especialidades":[""],"_especialidades":["field_53b9dbb46864f"],"patologias":[""],"_patologias":["field_53b9dbbb68650"],"_practicas":["field_53b9dbc568651"],"equipamiento":[""],"_equipamiento":["field_53b9dbcd68652"],"_faq":["field_53b9dbd668653"],"profesionales":[""],"_profesionales":["field_53b9dbde68654"],"_description_en":["field_53b9db8d6864d"],"_description_de":["field_53b9db7e6864c"],"cuerpo2_0_title":["Dr. Juan Corbetta"],"_cuerpo2_0_title":["field_591ddc88fd5fe"],"cuerpo2_0_puesto":["Jefe de Departamento Materno Infantil"],"_cuerpo2_0_puesto":["field_591ddc88fd5ff"],"cuerpo2_0_important":["1"],"_cuerpo2_0_important":["field_591ddcd6fd600"],"cuerpo2_1_title":["Dr. Jorge O. Barretta"],"_cuerpo2_1_title":["field_591ddc88fd5fe"],"cuerpo2_1_puesto":["Cardiovascular"],"_cuerpo2_1_puesto":["field_591ddc88fd5ff"],"cuerpo2_1_important":["0"],"_cuerpo2_1_important":["field_591ddcd6fd600"],"cuerpo2_2_title":["Dr. Enrique Javier Buela "],"_cuerpo2_2_title":["field_591ddc88fd5fe"],"cuerpo2_2_puesto":["Cirug\u00eda General"],"_cuerpo2_2_puesto":["field_591ddc88fd5ff"],"cuerpo2_2_important":["0"],"_cuerpo2_2_important":["field_591ddcd6fd600"],"cuerpo2_3_title":["Dr. Maximiilano R. Castro Jozami"],"_cuerpo2_3_title":["field_591ddc88fd5fe"],"cuerpo2_3_puesto":["Cirug\u00eda General"],"_cuerpo2_3_puesto":["field_591ddc88fd5ff"],"cuerpo2_3_important":["0"],"_cuerpo2_3_important":["field_591ddcd6fd600"],"cuerpo2_4_title":["Dr. Rosendo V. Evangelista"],"_cuerpo2_4_title":["field_591ddc88fd5fe"],"cuerpo2_4_puesto":["Cirug\u00eda Pl\u00e1stica"],"_cuerpo2_4_puesto":["field_591ddc88fd5ff"],"cuerpo2_4_important":["0"],"_cuerpo2_4_important":["field_591ddcd6fd600"],"cuerpo2_5_title":["Dr. Federico C. Fiocchi"],"_cuerpo2_5_title":["field_591ddc88fd5fe"],"cuerpo2_5_puesto":["Cirug\u00eda Pl\u00e1stica"],"_cuerpo2_5_puesto":["field_591ddc88fd5ff"],"cuerpo2_5_important":["0"],"_cuerpo2_5_important":["field_591ddcd6fd600"],"cuerpo2_6_title":["Dr. Miguel Angel Floria"],"_cuerpo2_6_title":["field_591ddc88fd5fe"],"cuerpo2_6_puesto":["Cirug\u00eda Pl\u00e1stica"],"_cuerpo2_6_puesto":["field_591ddc88fd5ff"],"cuerpo2_6_important":["0"],"_cuerpo2_6_important":["field_591ddcd6fd600"],"cuerpo2_7_title":["Dr. Daniel Adri\u00e1n Frontera"],"_cuerpo2_7_title":["field_591ddc88fd5fe"],"cuerpo2_7_puesto":["Cirug\u00eda General"],"_cuerpo2_7_puesto":["field_591ddc88fd5ff"],"cuerpo2_7_important":["0"],"_cuerpo2_7_important":["field_591ddcd6fd600"],"cuerpo2_8_title":["Dr. Esteban Gallino"],"_cuerpo2_8_title":["field_591ddc88fd5fe"],"cuerpo2_8_puesto":["Cirug\u00eda General"],"_cuerpo2_8_puesto":["field_591ddc88fd5ff"],"cuerpo2_8_important":["0"],"_cuerpo2_8_important":["field_591ddcd6fd600"],"cuerpo2_9_title":["Dr. Pablo Gonz\u00e1lez"],"_cuerpo2_9_title":["field_591ddc88fd5fe"],"cuerpo2_9_puesto":["Cirug\u00eda General"],"_cuerpo2_9_puesto":["field_591ddc88fd5ff"],"cuerpo2_9_important":["0"],"_cuerpo2_9_important":["field_591ddcd6fd600"],"cuerpo2_10_title":["Dra. Camila Gonz\u00e1lez Ruhrnschopf"],"_cuerpo2_10_title":["field_591ddc88fd5fe"],"cuerpo2_10_puesto":["Cirug\u00eda General"],"_cuerpo2_10_puesto":["field_591ddc88fd5ff"],"cuerpo2_10_important":["0"],"_cuerpo2_10_important":["field_591ddcd6fd600"],"cuerpo2_11_title":["Dra. Mar\u00eda Romina Macchiavello"],"_cuerpo2_11_title":["field_591ddc88fd5fe"],"cuerpo2_11_puesto":["Cirug\u00eda General y Cirug\u00eda Pl\u00e1stica"],"_cuerpo2_11_puesto":["field_591ddc88fd5ff"],"cuerpo2_11_important":["0"],"_cuerpo2_11_important":["field_591ddcd6fd600"],"cuerpo2_12_title":["Dra. Constanza Andrea Madrid"],"_cuerpo2_12_title":["field_591ddc88fd5fe"],"cuerpo2_12_puesto":["Cirug\u00eda General"],"_cuerpo2_12_puesto":["field_591ddc88fd5ff"],"cuerpo2_12_important":["0"],"_cuerpo2_12_important":["field_591ddcd6fd600"],"cuerpo2_13_title":["Dra. Ver\u00f3nica Mauri"],"_cuerpo2_13_title":["field_591ddc88fd5fe"],"cuerpo2_13_puesto":["Cirug\u00eda General"],"_cuerpo2_13_puesto":["field_591ddc88fd5ff"],"cuerpo2_13_important":["0"],"_cuerpo2_13_important":["field_591ddcd6fd600"],"cuerpo2_14_title":["Dr. Juan Manuel Osuna"],"_cuerpo2_14_title":["field_591ddc88fd5fe"],"cuerpo2_14_puesto":["Cardiovascular"],"_cuerpo2_14_puesto":["field_591ddc88fd5ff"],"cuerpo2_14_important":["0"],"_cuerpo2_14_important":["field_591ddcd6fd600"],"cuerpo2_15_title":["Dr. Pablo Ruffa"],"_cuerpo2_15_title":["field_591ddc88fd5fe"],"cuerpo2_15_puesto":["Cardiovascular"],"_cuerpo2_15_puesto":["field_591ddc88fd5ff"],"cuerpo2_15_important":["0"],"_cuerpo2_15_important":["field_591ddcd6fd600"],"cuerpo2":["16"],"_cuerpo2":["field_591ddc88fd5fd"],"especialidades2":[""],"_especialidades2":["field_5b60dace6d56e"],"_yoast_wpseo_content_score":["60"],"faq2":["10"],"_faq2":["field_5b3bbc1f5bfb9"],"subpages":["1"],"_subpages":["field_5b3bbc345bfbc"],"faq2_0_title":["\u00bfC\u00f3mo comienza la anestesia?"],"_faq2_0_title":["field_5b3bbc1f5bfba"],"faq2_0_content":["En un lugar especial, antes del quir\u00f3fano y junto con los pap\u00e1s. A veces uno de los padres acompa\u00f1a al paciente dentro del quir\u00f3fano hasta que se duerma.\r\n\r\nIniciamos la anestesia a trav\u00e9s de una mascarilla similar a la utilizada para nebulizaciones. La mascarilla tiene una especie de globo en su extremo, que tendr\u00e1 que inflarse mientras respira por ella. As\u00ed, al cabo de 30 a 60 segundos, el paciente comenzar\u00e1 a dormirse. Antes de dormirse por completo, es frecuente que el ni\u00f1o realice movimientos \u201cdefensivos\u201d que son subconscientes y de los que no guardar\u00e1 ning\u00fan recuerdo.\r\n\r\nEn los ni\u00f1os de m\u00e1s de 30 kg., utilizamos una inyecci\u00f3n intravenosa para iniciar la anestesia. En ese caso, le explicaremos el procedimiento antes de realizarlo. Debe asegurarle a su hijo que nadie le har\u00e1 nada por sorpresa y sin aviso previo."],"_faq2_0_content":["field_5b3bbc1f5bfbb"],"faq2_1_title":["\u00bfCu\u00e1nto tiempo dura?"],"_faq2_1_title":["field_5b3bbc1f5bfba"],"faq2_1_content":["La anestesia comienza con la mascarilla y contin\u00faa administr\u00e1ndose mientras se realiza el procedimiento quir\u00fargico. Una vez finalizado, la anestesia tambi\u00e9n termina y comienza la recuperaci\u00f3n."],"_faq2_1_content":["field_5b3bbc1f5bfbb"],"faq2_2_title":["\u00bfQui\u00e9n lo va a cuidar?"],"_faq2_2_title":["field_5b3bbc1f5bfba"],"faq2_2_content":["El anestesi\u00f3logo estar\u00e1 permanentemente al lado de su hijo hasta que termine la anestesia y el ni\u00f1o se recupere completamente. En todos los quir\u00f3fanos se cuenta con la presencia de un cardi\u00f3logo para el monitoreo cardiovascular."],"_faq2_2_content":["field_5b3bbc1f5bfbb"],"faq2_3_title":["\u00bfQu\u00e9 tipo de anestesia reciben los ni\u00f1os?"],"_faq2_3_title":["field_5b3bbc1f5bfba"],"faq2_3_content":["Casi todas las intervenciones en pediatr\u00eda se llevan a cabo bajo anestesia general. Los anestesi\u00f3logos infantiles lo realizamos a diario tanto para cirug\u00edas como para procedimientos que en los adultos pueden hacerse despiertos (Tomograf\u00edas computadas, resonancias magn\u00e9ticas, ex\u00e1menes oftalmol\u00f3gicos, etc.)"],"_faq2_3_content":["field_5b3bbc1f5bfbb"],"faq2_4_title":["\u00bfTiene alg\u00fan riesgo?"],"_faq2_4_title":["field_5b3bbc1f5bfba"],"faq2_4_content":["El riesgo es m\u00ednimo en ni\u00f1os sanos manejados en ambientes con equipamiento adecuado. Si bien existe riesgo de complicaciones por la anestesia general, en la actualidad \u00e9ste se ha reducido mucho por la incorporaci\u00f3n de tecnolog\u00eda en el monitoreo, la calidad de los medicamentos y drogas anest\u00e9sicas modernas, la infraestructura del quir\u00f3fano y la capacitaci\u00f3n profesional especializada.\r\n\r\nLa anestesia pedi\u00e1trica es predominantemente administrada por v\u00eda inhalatoria con gases fluorados. Para esto, se utiliza la intubaci\u00f3n endotraqueal que permite manejar la oxigenaci\u00f3n adecuada durante la cirug\u00eda.\r\n\r\nNo dude en realizar todas las preguntas en la entrevista anestesiol\u00f3gica previa a la cirug\u00eda."],"_faq2_4_content":["field_5b3bbc1f5bfbb"],"faq2_5_title":["\u00bfRequiere alg\u00fan tipo de preparaci\u00f3n?"],"_faq2_5_title":["field_5b3bbc1f5bfba"],"faq2_5_content":["El ayuno previo es fundamental. El est\u00f3mago del ni\u00f1o debe estar vac\u00edo en el momento de comenzar la anestesia. Es muy importante respetar las horas de ayuno indicadas antes de la operaci\u00f3n.\r\n<table>\r\n<tbody>\r\n<tr>\r\n<td width=\"288\"><strong>Edad\u00a0<\/strong><\/td>\r\n<td width=\"288\"><strong>Ayuno\u00a0<\/strong><\/td>\r\n<\/tr>\r\n<tr>\r\n<td width=\"288\">Reci\u00e9n nacidos (0 a 30 d\u00edas)<\/td>\r\n<td width=\"288\">3 horas<\/td>\r\n<\/tr>\r\n<tr>\r\n<td width=\"288\">Lactantes (1 a 12 meses)<\/td>\r\n<td width=\"288\">4 horas<\/td>\r\n<\/tr>\r\n<tr>\r\n<td width=\"288\">De 1 a 6 a\u00f1os<\/td>\r\n<td width=\"288\">6 horas<\/td>\r\n<\/tr>\r\n<tr>\r\n<td width=\"288\">Ma yores de 6 a\u00f1os<\/td>\r\n<td width=\"288\">8 horas<\/td>\r\n<\/tr>\r\n<\/tbody>\r\n<\/table>\r\nLos ni\u00f1os mayores de un a\u00f1o, pueden tomar de 30 a 60 cc de alg\u00fan l\u00edquido claro dulce (jugos, gaseosa sin gas, infusiones o agua) hasta 3 horas antes del momento de la intervenci\u00f3n."],"_faq2_5_content":["field_5b3bbc1f5bfbb"],"faq2_6_title":["\u00bfCu\u00e1nto tiempo tardar\u00e1 en despertarse?"],"_faq2_6_title":["field_5b3bbc1f5bfba"],"faq2_6_content":["Aproximadamente 30 minutos luego de salir de quir\u00f3fano. Puede estar en brazos de los padres hasta que despierte. Tambi\u00e9n puede moverse con libertad y buscar la posici\u00f3n m\u00e1s c\u00f3moda si quiere seguir durmiendo. Algunos pacientes despiertan con excitaci\u00f3n que desaparece en 20-30 minutos."],"_faq2_6_content":["field_5b3bbc1f5bfbb"],"faq2_7_title":["\u00bfCu\u00e1ndo puede tomar algo?"],"_faq2_7_title":["field_5b3bbc1f5bfba"],"faq2_7_content":["En las cirug\u00edas con internaci\u00f3n diurna, los ni\u00f1os pueden tomar sorbos de l\u00edquidos a la hora de finalizada la cirug\u00eda (agua, jugos de fruta, gaseosas claras sin gas o helados de agua)."],"_faq2_7_content":["field_5b3bbc1f5bfbb"],"faq2_8_title":["\u00bfC\u00f3mo reducir los temores ante una cirug\u00eda?"],"_faq2_8_title":["field_5b3bbc1f5bfba"],"faq2_8_content":["No importa lo sencilla que sea la intervenci\u00f3n quir\u00fargica a la que se somete a un chico, especialmente cuando es menor de 8 o 10 a\u00f1os: es l\u00f3gico que los padres se atemoricen ante la operaci\u00f3n y sobre todo ante la anestesia general.\r\n\r\nEs muy importante que el ni\u00f1o reciba mucho apoyo y la mayor sensaci\u00f3n de seguridad posible de sus mayores. El ni\u00f1o se guiar\u00e1 por la reacci\u00f3n de ellos antes de asumir su propia actitud. \u201cSi pap\u00e1 est\u00e1 tranquilo, me acompa\u00f1a y no me va a pasar nada malo\u201d\r\n\r\nLa operaci\u00f3n genera siempre estr\u00e9s, pero podemos modular el nivel de estr\u00e9s con una informaci\u00f3n concreta.\r\n\r\nLos especialistas en psicoprofilaxis prequir\u00fargica, aconsejan como fundamental \u201cel valor elaborativo de lo l\u00fadico\u201d. A los chicos que est\u00e1n por ser operados se les ofrece jugar al doctor con su mu\u00f1eco o dibujar sobre la operaci\u00f3n. Enseguida empiezan a expresar todas sus fantas\u00edas \u2013que tambi\u00e9n tenemos los adultos- y a poner en activo lo que sufren.\r\n\r\nDebemos ofrecer informaci\u00f3n sobre qu\u00e9 har\u00e1n los m\u00e9dicos y estimular la contenci\u00f3n afectiva por parte de los padres y del equipo de salud."],"_faq2_8_content":["field_5b3bbc1f5bfbb"],"faq2_9_title":["\u00bfQu\u00e9 incisiones ser\u00e1n necesarias?"],"_faq2_9_title":["field_5b3bbc1f5bfba"],"faq2_9_content":["Las cirug\u00edas por v\u00eda mini-invasiva video toracosc\u00f3picas o video-laparosc\u00f3picas (abdomen) s\u00f3lo requieren incisiones milim\u00e9tricas en la piel. Esto disminuye el dolor postoperatorio,\u00a0tiene pocas secuelas est\u00e9ticas y permite una m\u00e1s r\u00e1pida recuperaci\u00f3n.\r\n\r\nEn las cirug\u00edas convencionales o \u201cabiertas\u201d, siempre se tiende a realizar abordajes limitados y poco traum\u00e1ticos. En todos los casos, se ofrece una informaci\u00f3n previa a la cirug\u00eda."],"_faq2_9_content":["field_5b3bbc1f5bfbb"],"subpages_0_title":["Informaci\u00f3n del Servicio"],"_subpages_0_title":["field_5b3bbc345bfbd"],"subpages_0_content":["<ul>\r\n \t<li>Horario de atenci\u00f3n administrativa: Lunes a viernes de 8 a 17hs.<\/li>\r\n \t<li>Ubicaci\u00f3n: 2do piso Centro Materno Infantil<\/li>\r\n \t<li>Mail:\u00a0<a href=\"mailto:secretariapediatria@hospitalaleman.com\">secretariapediatria@hospitalaleman.com<\/a><\/li>\r\n \t<li>Tel\u00e9fono:\u00a0<a href=\"tel:%2048277000\">4827-7000<\/a>, interno 2617\/2329<\/li>\r\n<\/ul>"],"_subpages_0_content":["field_5b3bbc345bfbe"],"mision":[""],"_mision":["field_5b5a4f023943f"],"funciones":[""],"_funciones":["field_5b5a4f1139440"],"especialidades3":[""],"_especialidades3":["field_591ddc08fd5f3"],"cuerpo2_0_isSeparator":["0"],"_cuerpo2_0_isSeparator":["field_5d1e3d92dcdfe"],"cuerpo2_1_isSeparator":["0"],"_cuerpo2_1_isSeparator":["field_5d1e3d92dcdfe"],"cuerpo2_2_isSeparator":["0"],"_cuerpo2_2_isSeparator":["field_5d1e3d92dcdfe"],"cuerpo2_3_isSeparator":["0"],"_cuerpo2_3_isSeparator":["field_5d1e3d92dcdfe"],"cuerpo2_4_isSeparator":["0"],"_cuerpo2_4_isSeparator":["field_5d1e3d92dcdfe"],"cuerpo2_5_isSeparator":["0"],"_cuerpo2_5_isSeparator":["field_5d1e3d92dcdfe"],"cuerpo2_6_isSeparator":["0"],"_cuerpo2_6_isSeparator":["field_5d1e3d92dcdfe"],"cuerpo2_7_isSeparator":["0"],"_cuerpo2_7_isSeparator":["field_5d1e3d92dcdfe"],"cuerpo2_8_isSeparator":["0"],"_cuerpo2_8_isSeparator":["field_5d1e3d92dcdfe"],"cuerpo2_9_isSeparator":["0"],"_cuerpo2_9_isSeparator":["field_5d1e3d92dcdfe"],"cuerpo2_10_isSeparator":["0"],"_cuerpo2_10_isSeparator":["field_5d1e3d92dcdfe"],"cuerpo2_11_isSeparator":["0"],"_cuerpo2_11_isSeparator":["field_5d1e3d92dcdfe"],"cuerpo2_12_isSeparator":["0"],"_cuerpo2_12_isSeparator":["field_5d1e3d92dcdfe"],"cuerpo2_13_isSeparator":["0"],"_cuerpo2_13_isSeparator":["field_5d1e3d92dcdfe"],"cuerpo2_14_isSeparator":["0"],"_cuerpo2_14_isSeparator":["field_5d1e3d92dcdfe"],"cuerpo2_15_isSeparator":["0"],"_cuerpo2_15_isSeparator":["field_5d1e3d92dcdfe"],"_pp_is_autodraft":["1"],"_yoast_wpseo_estimated-reading-time-minutes":["1"],"_yoast_wpseo_wordproof_timestamp":[""],"modules":[""],"_modules":["field_5656263b16a73"],"redirecturl":[""],"_redirecturl":["field_66911ebd30aae"],"_uag_css_file_name":["uag-css-679.css"],"_uag_page_assets":["a:9:{s:3:\"css\";s:0:\"\";s:2:\"js\";s:0:\"\";s:18:\"current_block_list\";a:3:{i:0;s:14:\"core\/paragraph\";i:1;s:12:\"core\/heading\";i:2;s:14:\"core\/page-list\";}s:8:\"uag_flag\";b:0;s:11:\"uag_version\";s:10:\"1777358140\";s:6:\"gfonts\";a:1:{s:7:\"Default\";a:2:{s:10:\"fontfamily\";s:7:\"Default\";s:12:\"fontvariants\";a:0:{}}}s:10:\"gfonts_url\";s:0:\"\";s:12:\"gfonts_files\";a:0:{}s:14:\"uag_faq_layout\";b:0;}"]},"uagb_featured_image_src":{"full":false,"thumbnail":false,"medium":false,"medium_large":false,"large":false,"1536x1536":false,"2048x2048":false,"gform-image-choice-sm":false,"gform-image-choice-md":false,"gform-image-choice-lg":false},"uagb_author_info":{"display_name":"Marketica Admin","author_link":"https:\/\/www.hospitalaleman.org.ar\/de\/author\/"},"uagb_comment_info":0,"uagb_excerpt":"El Servicio de Cirug\u00eda Pedi\u00e1trica est\u00e1 conformado por especialistas con vasta experiencia en la resoluci\u00f3n de la patolog\u00eda neonatal, pedi\u00e1trica [&hellip;]...","_links":{"self":[{"href":"https:\/\/www.hospitalaleman.org.ar\/de\/wp-json\/wp\/v2\/hospital-servicio\/679","targetHints":{"allow":["GET"]}}],"collection":[{"href":"https:\/\/www.hospitalaleman.org.ar\/de\/wp-json\/wp\/v2\/hospital-servicio"}],"about":[{"href":"https:\/\/www.hospitalaleman.org.ar\/de\/wp-json\/wp\/v2\/types\/hospital-servicio"}],"version-history":[{"count":29,"href":"https:\/\/www.hospitalaleman.org.ar\/de\/wp-json\/wp\/v2\/hospital-servicio\/679\/revisions"}],"predecessor-version":[{"id":29786,"href":"https:\/\/www.hospitalaleman.org.ar\/de\/wp-json\/wp\/v2\/hospital-servicio\/679\/revisions\/29786"}],"wp:attachment":[{"href":"https:\/\/www.hospitalaleman.org.ar\/de\/wp-json\/wp\/v2\/media?parent=679"}],"wp:term":[{"taxonomy":"departamento","embeddable":true,"href":"https:\/\/www.hospitalaleman.org.ar\/de\/wp-json\/wp\/v2\/departamento?post=679"}],"curies":[{"name":"wp","href":"https:\/\/api.w.org\/{rel}","templated":true}]}}