{"id":684,"date":"2011-10-21T14:41:48","date_gmt":"2011-10-21T14:41:48","guid":{"rendered":"https:\/\/www.hospitalaleman.org.ar\/?post_type=hospital-servicio&#038;p=684"},"modified":"2024-12-23T13:59:08","modified_gmt":"2024-12-23T16:59:08","slug":"clinica-medica","status":"publish","type":"hospital-servicio","link":"https:\/\/www.hospitalaleman.org.ar\/de\/nuestro-hospital\/servicios-medicos\/clinica-medica\/","title":{"rendered":"Cl\u00ednica M\u00e9dica"},"content":{"rendered":"\n<p>El servicio de Cl\u00ednica M\u00e9dica del <span translate=\"no\">Hospital Alem\u00e1n<\/span> de Buenos Aires es un referente en la atenci\u00f3n m\u00e9dica de excelencia y trabaja con la misi\u00f3n de mejorar la calidad de vida de nuestros pacientes.<\/p>\n\n\n\n<p>Nos basamos en los siguientes pilares para dar una atenci\u00f3n de calidad:<\/p>\n\n\n\n<ul class=\"wp-block-list\">\n<li><strong>Atenci\u00f3n personalizada:<\/strong> cada paciente recibe un plan de tratamiento individualizado adecuado a su situaci\u00f3n de salud y valores y preferencias.\u00a0<\/li>\n\n\n\n<li><strong>Trabajo en equipo:<\/strong> coordinamos equipos de trabajo interdisciplinarios para integrar la atenci\u00f3n y lograr mejores resultados\u00a0<\/li>\n\n\n\n<li><strong>Investigaci\u00f3n:<\/strong> generamos conocimiento a trav\u00e9s de la investigaci\u00f3n cl\u00ednica con activa participaci\u00f3n en los m\u00e1s reconocidos congresos nacionales e internacionales de medicina presentando un promedio de 30 trabajos cient\u00edficos anuales.\u00a0<\/li>\n\n\n\n<li><strong>Enfoque de medicina basada en la evidencia<\/strong>: realizamos recomendaciones propias del servicio para guiar nuestra pr\u00e1ctica diaria, utilizando la metodolog\u00eda m\u00e1s avanzada de an\u00e1lisis de evidencia (GRADE) que nos permite aplicar en nuestros pacientes el conocimiento cient\u00edfico m\u00e1s actualizado.<\/li>\n\n\n\n<li><strong>Actividad acad\u00e9mica<\/strong>: el servicio de cl\u00ednica m\u00e9dica lidera y organiza el ateneo central del hospital y otros encuentros peri\u00f3dicos interdisciplinarios con el objetivo de generar una mejora en la calidad asistencial a trav\u00e9s de la difusi\u00f3n del conocimiento m\u00e9dico.<\/li>\n\n\n\n<li><strong>Prevenci\u00f3n: <\/strong>contamos con consultorios de atenci\u00f3n primaria de la salud, en donde promovemos un estilo de vida saludable y la detecci\u00f3n temprana de enfermedades a trav\u00e9s de estrategias de prevenci\u00f3n, buscando siempre el bienestar y la salud.<\/li>\n\n\n\n<li><strong>Formaci\u00f3n m\u00e9dica continua<\/strong>: contamos con distintas instancias de formaci\u00f3n como programa de residencia, curso ACLS, carrera de especialista en Medicina Interna, carrera de especialista en evaluaci\u00f3n de tecnolog\u00eda sanitarias y fellowship en investigaci\u00f3n y medicina basada en la evidencia..\u00a0<\/li>\n\n\n\n<li><strong>Geriatr\u00eda:<\/strong> contamos con m\u00e9dicos especialistas en Geriatr\u00eda, especialidad m\u00e9dica enfocada en el cuidado de las personas mayores que ofrece m\u00faltiples beneficios, promoviendo la independencia, la funcionalidad y el bienestar general (tanto f\u00edsico como psicosocial).<\/li>\n<\/ul>\n\n\n\n<p>Nos desarrollamos tanto en el \u00e1rea de internaci\u00f3n como en ambulatorio, donde nos aseguramos de que cada decisi\u00f3n cl\u00ednica est\u00e9 fundamentada en las mejores pr\u00e1cticas y datos disponibles. Implementamos el enfoque de<em> shared decision making<\/em>, promoviendo una toma de decisiones compartida consciente e informada entre el m\u00e9dico y el paciente, adecuando las conductas a las preferencias del paciente y su familia.<\/p>\n\n\n\n<p>En cuanto al sector de internaci\u00f3n, coordinamos la atenci\u00f3n de pacientes con problemas de salud cl\u00ednicos y colaboramos en la atenci\u00f3n de pacientes quir\u00fargicos que requieren una evaluaci\u00f3n y seguimiento cl\u00ednico integral, con disponibilidad de atenci\u00f3n las 24 horas, con m\u00e9dicos cl\u00ednicos de guardia y m\u00e9dicos residentes en formaci\u00f3n. Contamos con tecnolog\u00eda de vanguardia en estudios diagn\u00f3sticos y tratamientos innovadores para poder brindar la mejor atenci\u00f3n en todo el proceso de salud-enfermedad y realizamos procedimientos asistidos guiados por ecograf\u00eda.<br>Garantizamos la continuidad del cuidado mediante el seguimiento de los pacientes luego del egreso del hospital generando facilidad de acceso al servicio a trav\u00e9s de la casa medica en el 5\u00b0 piso Pueyrred\u00f3n.<br><\/p>\n\n\n\n<p>En ambulatorio, brindamos atenci\u00f3n con turno y atenci\u00f3n en el d\u00eda, de 8 a 19.40 horas en el Quinto Piso del edificio Pueyrred\u00f3n Sector Casa M\u00e9dica.<br>Mail de contacto: <a href=\"mailto:secretariaclinicamedica@hospitalaleman.com\">secretariaclinicamedica@hospitalaleman.com<\/a>, tel\u00e9fono de contacto 4827-7000 internos 2431 y 2038.<\/p>\n\n\n\n<p><strong>Somos un servicio caracterizado por la calidad y calidez en la atenci\u00f3n, buscando dar un enfoque integral del paciente, humano y personalizado, combinando la m\u00e1s avanzada tecnolog\u00eda y orientando las decisiones basadas en la mejor evidencia disponible.&nbsp;<\/strong><\/p>\n","protected":false},"featured_media":0,"parent":0,"menu_order":0,"template":"","meta":{"_acf_changed":false,"_uag_custom_page_level_css":"","_kad_blocks_custom_css":"","_kad_blocks_head_custom_js":"","_kad_blocks_body_custom_js":"","_kad_blocks_footer_custom_js":"","site-sidebar-layout":"default","site-content-layout":"","ast-site-content-layout":"default","site-content-style":"default","site-sidebar-style":"default","ast-global-header-display":"","ast-banner-title-visibility":"","ast-main-header-display":"","ast-hfb-above-header-display":"","ast-hfb-below-header-display":"","ast-hfb-mobile-header-display":"","site-post-title":"","ast-breadcrumbs-content":"","ast-featured-img":"","footer-sml-layout":"","theme-transparent-header-meta":"","adv-header-id-meta":"","stick-header-meta":"","header-above-stick-meta":"","header-main-stick-meta":"","header-below-stick-meta":"","astra-migrate-meta-layouts":"default","ast-page-background-enabled":"default","ast-page-background-meta":{"desktop":{"background-color":"var(--ast-global-color-4)","background-image":"","background-repeat":"repeat","background-position":"center center","background-size":"auto","background-attachment":"scroll","background-type":"","background-media":"","overlay-type":"","overlay-color":"","overlay-opacity":"","overlay-gradient":""},"tablet":{"background-color":"","background-image":"","background-repeat":"repeat","background-position":"center center","background-size":"auto","background-attachment":"scroll","background-type":"","background-media":"","overlay-type":"","overlay-color":"","overlay-opacity":"","overlay-gradient":""},"mobile":{"background-color":"","background-image":"","background-repeat":"repeat","background-position":"center center","background-size":"auto","background-attachment":"scroll","background-type":"","background-media":"","overlay-type":"","overlay-color":"","overlay-opacity":"","overlay-gradient":""}},"ast-content-background-meta":{"desktop":{"background-color":"var(--ast-global-color-5)","background-image":"","background-repeat":"repeat","background-position":"center center","background-size":"auto","background-attachment":"scroll","background-type":"","background-media":"","overlay-type":"","overlay-color":"","overlay-opacity":"","overlay-gradient":""},"tablet":{"background-color":"var(--ast-global-color-5)","background-image":"","background-repeat":"repeat","background-position":"center center","background-size":"auto","background-attachment":"scroll","background-type":"","background-media":"","overlay-type":"","overlay-color":"","overlay-opacity":"","overlay-gradient":""},"mobile":{"background-color":"var(--ast-global-color-5)","background-image":"","background-repeat":"repeat","background-position":"center center","background-size":"auto","background-attachment":"scroll","background-type":"","background-media":"","overlay-type":"","overlay-color":"","overlay-opacity":"","overlay-gradient":""}},"footnotes":""},"departamento":[686],"class_list":["post-684","hospital-servicio","type-hospital-servicio","status-publish","hentry","departamento-departamento-de-medicina-interna"],"acf":[],"taxonomy_info":{"departamento":[{"value":686,"label":"Departamento de Medicina Interna"}]},"featured_image_src_large":false,"author_info":[],"comment_info":"","spectra_custom_meta":{"_edit_last":["101016"],"_edit_lock":["1734973372:101016"],"image":["18855"],"description_es":[""],"cuerpo":[""],"especialidades":[""],"practicas":[""],"faq":[""],"description_en":["Our hospitalization area staff visits in patients every morning to assess their condition through physical examination, to request pertinent complementary studies and to report on their evolution to the patients themselves and to their family. Patients are checked again in the afternoon by the interns, who are in contact with the Head of the Service and the corresponding physicians.\u00a0 It is common practice to consult with the family doctor, who coordinates actions and takes active part in the decision-making process. As for the Ambulatory area, the sector has outpatient offices, an office for spontaneous visits (no previous appointment required) and an office for Gerontology, which receives patients over 65 years of age requiring specialized assessment."],"description_de":["Bei station\u00e4r behandelten Patienten erfolgt jeden Morgen eine \u00e4rztliche Visite am Krankenbett, bei der der Patient untersucht wird und zus\u00e4tzliche Untersuchungen soweit erforderlich angefordert werden. Die Klinik\u00e4rzte informieren Patienten und Angeh\u00f6rige \u00fcber den Verlauf der Krankheit. Nachmittags werden die Patienten erneut von Medizinern im praktischen Jahr kontrolliert, die mit dem Chefarzt und den jeweiligen Stations\u00e4rzten in Verbindung stehen.\r\n\r\nH\u00e4ufig kommt es auch zu einem Austausch mit den die Patienten behandelnden niedergelassenen \u00c4rzten, wenn der klinische Arzt als Koordinator fungiert und aktiv bei der Entscheidungsfindung mitwirkt. Patienten, die zu einer ambulanten Behandlung das Hospital aufsuchen, k\u00f6nnen entsprechende Arzttermine vereinbaren. Dar\u00fcber hinaus verf\u00fcgt der Bereich \u00fcber eine Ambulanz f\u00fcr Spontananfragen (ohne vorherige Terminvereinbarung) und eine weitere Ambulanz zur Behandlung von Patienten ab dem 65. Lebensjahr, die sich einer umfassenden Untersuchung unterziehen m\u00f6chten."],"_yoast_wpseo_title":["Cl\u00ednica M\u00e9dica | Servicios M\u00e9dicos | Hospital Alem\u00e1n"],"_yoast_wpseo_metadesc":["El Servicio de Cl\u00ednica M\u00e9dica del Hospital Alem\u00e1n es especialista de la Medicina Interna y cuenta con un vasto equipo de profesionales."],"_image":["field_53b9db4768648"],"_description_es":["field_53b9db3568647"],"_cuerpo":["field_53b9dbad6864e"],"_especialidades":["field_53b9dbb46864f"],"patologias":[""],"_patologias":["field_53b9dbbb68650"],"_practicas":["field_53b9dbc568651"],"equipamiento":[""],"_equipamiento":["field_53b9dbcd68652"],"_faq":["field_53b9dbd668653"],"profesionales":[""],"_profesionales":["field_53b9dbde68654"],"_description_en":["field_53b9db8d6864d"],"_description_de":["field_53b9db7e6864c"],"cuerpo2_0_imagen":[""],"_cuerpo2_0_imagen":["field_591ddce3fd601"],"cuerpo2_0_title":["Prof. Dra.\u00a0Cristina Freuler"],"_cuerpo2_0_title":["field_591ddc88fd5fe"],"cuerpo2_0_puesto":["Jefa del Departamento de Medicina Interna"],"_cuerpo2_0_puesto":["field_591ddc88fd5ff"],"cuerpo2_0_important":["0"],"_cuerpo2_0_important":["field_591ddcd6fd600"],"cuerpo2_1_imagen":[""],"_cuerpo2_1_imagen":["field_591ddce3fd601"],"cuerpo2_1_title":["Prof. Dr. Hugo Norberto Catalano"],"_cuerpo2_1_title":["field_591ddc88fd5fe"],"cuerpo2_1_puesto":["Jefe del Servicio"],"_cuerpo2_1_puesto":["field_591ddc88fd5ff"],"cuerpo2_1_important":["1"],"_cuerpo2_1_important":["field_591ddcd6fd600"],"cuerpo2_2_imagen":[""],"_cuerpo2_2_imagen":["field_591ddce3fd601"],"cuerpo2_2_title":["Dr. Francisco Abelenda"],"_cuerpo2_2_title":["field_591ddc88fd5fe"],"cuerpo2_2_puesto":[""],"_cuerpo2_2_puesto":["field_591ddc88fd5ff"],"cuerpo2_2_important":["0"],"_cuerpo2_2_important":["field_591ddcd6fd600"],"cuerpo2_3_imagen":[""],"_cuerpo2_3_imagen":["field_591ddce3fd601"],"cuerpo2_3_title":["Dr. Cristian Acosta"],"_cuerpo2_3_title":["field_591ddc88fd5fe"],"cuerpo2_3_puesto":[""],"_cuerpo2_3_puesto":["field_591ddc88fd5ff"],"cuerpo2_3_important":["0"],"_cuerpo2_3_important":["field_591ddcd6fd600"],"cuerpo2_4_imagen":[""],"_cuerpo2_4_imagen":["field_591ddce3fd601"],"cuerpo2_4_title":["Dra. Mar\u00eda Florencia Aizpur\u00faa"],"_cuerpo2_4_title":["field_591ddc88fd5fe"],"cuerpo2_4_puesto":[""],"_cuerpo2_4_puesto":["field_591ddc88fd5ff"],"cuerpo2_4_important":["0"],"_cuerpo2_4_important":["field_591ddcd6fd600"],"cuerpo2_5_imagen":[""],"_cuerpo2_5_imagen":["field_591ddce3fd601"],"cuerpo2_5_title":["Dra.  Graciana Alessandrini"],"_cuerpo2_5_title":["field_591ddc88fd5fe"],"cuerpo2_5_puesto":["Coordinaci\u00f3n Internaciones"],"_cuerpo2_5_puesto":["field_591ddc88fd5ff"],"cuerpo2_5_important":["0"],"_cuerpo2_5_important":["field_591ddcd6fd600"],"cuerpo2_6_imagen":[""],"_cuerpo2_6_imagen":["field_591ddce3fd601"],"cuerpo2_6_title":["Dra. Margarita Anders"],"_cuerpo2_6_title":["field_591ddc88fd5fe"],"cuerpo2_6_puesto":[""],"_cuerpo2_6_puesto":["field_591ddc88fd5ff"],"cuerpo2_6_important":["0"],"_cuerpo2_6_important":["field_591ddcd6fd600"],"cuerpo2_7_imagen":[""],"_cuerpo2_7_imagen":["field_591ddce3fd601"],"cuerpo2_7_title":["Dra. Luciana M. Arbur\u00faa"],"_cuerpo2_7_title":["field_591ddc88fd5fe"],"cuerpo2_7_puesto":[""],"_cuerpo2_7_puesto":["field_591ddc88fd5ff"],"cuerpo2_7_important":["0"],"_cuerpo2_7_important":["field_591ddcd6fd600"],"cuerpo2_8_imagen":[""],"_cuerpo2_8_imagen":["field_591ddce3fd601"],"cuerpo2_8_title":["Dra. Mar\u00eda Candela Astigueta"],"_cuerpo2_8_title":["field_591ddc88fd5fe"],"cuerpo2_8_puesto":[""],"_cuerpo2_8_puesto":["field_591ddc88fd5ff"],"cuerpo2_8_important":["0"],"_cuerpo2_8_important":["field_591ddcd6fd600"],"cuerpo2_9_imagen":[""],"_cuerpo2_9_imagen":["field_591ddce3fd601"],"cuerpo2_9_title":["Dr. Claudio A. Baldomir"],"_cuerpo2_9_title":["field_591ddc88fd5fe"],"cuerpo2_9_puesto":[""],"_cuerpo2_9_puesto":["field_591ddc88fd5ff"],"cuerpo2_9_important":["0"],"_cuerpo2_9_important":["field_591ddcd6fd600"],"cuerpo2_10_imagen":[""],"_cuerpo2_10_imagen":["field_591ddce3fd601"],"cuerpo2_10_title":["Dr. Agust\u00edn Mar\u00eda Bengolea"],"_cuerpo2_10_title":["field_591ddc88fd5fe"],"cuerpo2_10_puesto":["Guardias"],"_cuerpo2_10_puesto":["field_591ddc88fd5ff"],"cuerpo2_10_important":["0"],"_cuerpo2_10_important":["field_591ddcd6fd600"],"cuerpo2_11_imagen":[""],"_cuerpo2_11_imagen":["field_591ddce3fd601"],"cuerpo2_11_title":["Dra. Olga Teresa Blanco Fern\u00e1ndez"],"_cuerpo2_11_title":["field_591ddc88fd5fe"],"cuerpo2_11_puesto":["Geriatr\u00eda"],"_cuerpo2_11_puesto":["field_591ddc88fd5ff"],"cuerpo2_11_important":["0"],"_cuerpo2_11_important":["field_591ddcd6fd600"],"cuerpo2_12_imagen":[""],"_cuerpo2_12_imagen":["field_591ddce3fd601"],"cuerpo2_12_title":["Dr. Ignacio Jorge Bledel"],"_cuerpo2_12_title":["field_591ddc88fd5fe"],"cuerpo2_12_puesto":[""],"_cuerpo2_12_puesto":["field_591ddc88fd5ff"],"cuerpo2_12_important":["0"],"_cuerpo2_12_important":["field_591ddcd6fd600"],"cuerpo2_13_imagen":[""],"_cuerpo2_13_imagen":["field_591ddce3fd601"],"cuerpo2_13_title":["Dr. Carlos Roberto Bottillo"],"_cuerpo2_13_title":["field_591ddc88fd5fe"],"cuerpo2_13_puesto":[""],"_cuerpo2_13_puesto":["field_591ddc88fd5ff"],"cuerpo2_13_important":["0"],"_cuerpo2_13_important":["field_591ddcd6fd600"],"cuerpo2_14_imagen":[""],"_cuerpo2_14_imagen":["field_591ddce3fd601"],"cuerpo2_14_title":["Dr. Gustavo Breme"],"_cuerpo2_14_title":["field_591ddc88fd5fe"],"cuerpo2_14_puesto":[""],"_cuerpo2_14_puesto":["field_591ddc88fd5ff"],"cuerpo2_14_important":["0"],"_cuerpo2_14_important":["field_591ddcd6fd600"],"cuerpo2_15_imagen":[""],"_cuerpo2_15_imagen":["field_591ddce3fd601"],"cuerpo2_15_title":["Dra. Agustina Ceirano"],"_cuerpo2_15_title":["field_591ddc88fd5fe"],"cuerpo2_15_puesto":["Guardias"],"_cuerpo2_15_puesto":["field_591ddc88fd5ff"],"cuerpo2_15_important":["0"],"_cuerpo2_15_important":["field_591ddcd6fd600"],"cuerpo2_16_imagen":[""],"_cuerpo2_16_imagen":["field_591ddce3fd601"],"cuerpo2_16_title":["Dra. Delfina Cirelli"],"_cuerpo2_16_title":["field_591ddc88fd5fe"],"cuerpo2_16_puesto":[""],"_cuerpo2_16_puesto":["field_591ddc88fd5ff"],"cuerpo2_16_important":["0"],"_cuerpo2_16_important":["field_591ddcd6fd600"],"cuerpo2_17_imagen":[""],"_cuerpo2_17_imagen":["field_591ddce3fd601"],"cuerpo2_17_title":["Dr. Emiliano Cousillas"],"_cuerpo2_17_title":["field_591ddc88fd5fe"],"cuerpo2_17_puesto":[""],"_cuerpo2_17_puesto":["field_591ddc88fd5ff"],"cuerpo2_17_important":["0"],"_cuerpo2_17_important":["field_591ddcd6fd600"],"cuerpo2_18_imagen":[""],"_cuerpo2_18_imagen":["field_591ddce3fd601"],"cuerpo2_18_title":["Dr. Federico Di Gennaro"],"_cuerpo2_18_title":["field_591ddc88fd5fe"],"cuerpo2_18_puesto":[""],"_cuerpo2_18_puesto":["field_591ddc88fd5ff"],"cuerpo2_18_important":["0"],"_cuerpo2_18_important":["field_591ddcd6fd600"],"cuerpo2_19_imagen":[""],"_cuerpo2_19_imagen":["field_591ddce3fd601"],"cuerpo2_19_title":["Dra.  Gisela Di Stilio"],"_cuerpo2_19_title":["field_591ddc88fd5fe"],"cuerpo2_19_puesto":[""],"_cuerpo2_19_puesto":["field_591ddc88fd5ff"],"cuerpo2_19_important":["0"],"_cuerpo2_19_important":["field_591ddcd6fd600"],"cuerpo2_20_imagen":[""],"_cuerpo2_20_imagen":["field_591ddce3fd601"],"cuerpo2_20_title":["Dra. Agustina Failo"],"_cuerpo2_20_title":["field_591ddc88fd5fe"],"cuerpo2_20_puesto":[""],"_cuerpo2_20_puesto":["field_591ddc88fd5ff"],"cuerpo2_20_important":["0"],"_cuerpo2_20_important":["field_591ddcd6fd600"],"cuerpo2_21_imagen":[""],"_cuerpo2_21_imagen":["field_591ddce3fd601"],"cuerpo2_21_title":["Dra. Mar\u00eda del Milagro Federik Fern\u00e1ndez"],"_cuerpo2_21_title":["field_591ddc88fd5fe"],"cuerpo2_21_puesto":["Instituto de Oncolog\u00eda"],"_cuerpo2_21_puesto":["field_591ddc88fd5ff"],"cuerpo2_21_important":["0"],"_cuerpo2_21_important":["field_591ddcd6fd600"],"cuerpo2_22_imagen":[""],"_cuerpo2_22_imagen":["field_591ddce3fd601"],"cuerpo2_22_title":["Dr. Mariano Hern\u00e1n Fielli"],"_cuerpo2_22_title":["field_591ddc88fd5fe"],"cuerpo2_22_puesto":[""],"_cuerpo2_22_puesto":["field_591ddc88fd5ff"],"cuerpo2_22_important":["0"],"_cuerpo2_22_important":["field_591ddcd6fd600"],"cuerpo2_23_imagen":[""],"_cuerpo2_23_imagen":["field_591ddce3fd601"],"cuerpo2_23_title":["Dr. Signar Kurt Freitag"],"_cuerpo2_23_title":["field_591ddc88fd5fe"],"cuerpo2_23_puesto":[""],"_cuerpo2_23_puesto":["field_591ddc88fd5ff"],"cuerpo2_23_important":["0"],"_cuerpo2_23_important":["field_591ddcd6fd600"],"cuerpo2_24_imagen":[""],"_cuerpo2_24_imagen":["field_591ddce3fd601"],"cuerpo2_24_title":["Dr. Jorge Leandro Fuentes"],"_cuerpo2_24_title":["field_591ddc88fd5fe"],"cuerpo2_24_puesto":[""],"_cuerpo2_24_puesto":["field_591ddc88fd5ff"],"cuerpo2_24_important":["0"],"_cuerpo2_24_important":["field_591ddcd6fd600"],"cuerpo2_25_imagen":[""],"_cuerpo2_25_imagen":["field_591ddce3fd601"],"cuerpo2_25_title":["Dr. Diego Pablo Garc\u00eda"],"_cuerpo2_25_title":["field_591ddc88fd5fe"],"cuerpo2_25_puesto":["Guardias"],"_cuerpo2_25_puesto":["field_591ddc88fd5ff"],"cuerpo2_25_important":["0"],"_cuerpo2_25_important":["field_591ddcd6fd600"],"cuerpo2_26_imagen":[""],"_cuerpo2_26_imagen":["field_591ddce3fd601"],"cuerpo2_26_title":["Dra. Gabriela Gehmlich"],"_cuerpo2_26_title":["field_591ddc88fd5fe"],"cuerpo2_26_puesto":[""],"_cuerpo2_26_puesto":["field_591ddc88fd5ff"],"cuerpo2_26_important":["0"],"_cuerpo2_26_important":["field_591ddcd6fd600"],"cuerpo2_27_imagen":[""],"_cuerpo2_27_imagen":["field_591ddce3fd601"],"cuerpo2_27_title":["Dra. Maria Cristina Gigler"],"_cuerpo2_27_title":["field_591ddc88fd5fe"],"cuerpo2_27_puesto":[""],"_cuerpo2_27_puesto":["field_591ddc88fd5ff"],"cuerpo2_27_important":["0"],"_cuerpo2_27_important":["field_591ddcd6fd600"],"cuerpo2_28_imagen":[""],"_cuerpo2_28_imagen":["field_591ddce3fd601"],"cuerpo2_28_title":["Dra. Sof\u00eda Carolina Gonz\u00e1lez Dour\u00edn"],"_cuerpo2_28_title":["field_591ddc88fd5fe"],"cuerpo2_28_puesto":[""],"_cuerpo2_28_puesto":["field_591ddc88fd5ff"],"cuerpo2_28_important":["0"],"_cuerpo2_28_important":["field_591ddcd6fd600"],"cuerpo2_29_imagen":[""],"_cuerpo2_29_imagen":["field_591ddce3fd601"],"cuerpo2_29_title":["Dr. Carlos Gonz\u00e1lez Malla"],"_cuerpo2_29_title":["field_591ddc88fd5fe"],"cuerpo2_29_puesto":[""],"_cuerpo2_29_puesto":["field_591ddc88fd5ff"],"cuerpo2_29_important":["0"],"_cuerpo2_29_important":["field_591ddcd6fd600"],"cuerpo2_30_imagen":[""],"_cuerpo2_30_imagen":["field_591ddce3fd601"],"cuerpo2_30_title":["Dra. Alejandra Govoretzky"],"_cuerpo2_30_title":["field_591ddc88fd5fe"],"cuerpo2_30_puesto":[""],"_cuerpo2_30_puesto":["field_591ddc88fd5ff"],"cuerpo2_30_important":["0"],"_cuerpo2_30_important":["field_591ddcd6fd600"],"cuerpo2_31_imagen":[""],"_cuerpo2_31_imagen":["field_591ddce3fd601"],"cuerpo2_31_title":["Dra. Elena Heinzelmann"],"_cuerpo2_31_title":["field_591ddc88fd5fe"],"cuerpo2_31_puesto":[""],"_cuerpo2_31_puesto":["field_591ddc88fd5ff"],"cuerpo2_31_important":["0"],"_cuerpo2_31_important":["field_591ddcd6fd600"],"cuerpo2_32_imagen":[""],"_cuerpo2_32_imagen":["field_591ddce3fd601"],"cuerpo2_32_title":["Dr. Ariel Izcovich"],"_cuerpo2_32_title":["field_591ddc88fd5fe"],"cuerpo2_32_puesto":[""],"_cuerpo2_32_puesto":["field_591ddc88fd5ff"],"cuerpo2_32_important":["0"],"_cuerpo2_32_important":["field_591ddcd6fd600"],"cuerpo2_33_imagen":[""],"_cuerpo2_33_imagen":["field_591ddce3fd601"],"cuerpo2_33_title":["Dr. Gerardo Kaip"],"_cuerpo2_33_title":["field_591ddc88fd5fe"],"cuerpo2_33_puesto":[""],"_cuerpo2_33_puesto":["field_591ddc88fd5ff"],"cuerpo2_33_important":["0"],"_cuerpo2_33_important":["field_591ddcd6fd600"],"cuerpo2_34_imagen":[""],"_cuerpo2_34_imagen":["field_591ddce3fd601"],"cuerpo2_34_title":["Dra. Martina Kibudi"],"_cuerpo2_34_title":["field_591ddc88fd5fe"],"cuerpo2_34_puesto":[""],"_cuerpo2_34_puesto":["field_591ddc88fd5ff"],"cuerpo2_34_important":["0"],"_cuerpo2_34_important":["field_591ddcd6fd600"],"cuerpo2_35_imagen":[""],"_cuerpo2_35_imagen":["field_591ddce3fd601"],"cuerpo2_35_title":["Dra. Mar\u00eda Andrea Lavena Marzio"],"_cuerpo2_35_title":["field_591ddc88fd5fe"],"cuerpo2_35_puesto":[""],"_cuerpo2_35_puesto":["field_591ddc88fd5ff"],"cuerpo2_35_important":["0"],"_cuerpo2_35_important":["field_591ddcd6fd600"],"cuerpo2_36_imagen":[""],"_cuerpo2_36_imagen":["field_591ddce3fd601"],"cuerpo2_36_title":["Dra. Mar\u00eda Ximena L\u00f3pez Mujica"],"_cuerpo2_36_title":["field_591ddc88fd5fe"],"cuerpo2_36_puesto":["Guardias"],"_cuerpo2_36_puesto":["field_591ddc88fd5ff"],"cuerpo2_36_important":["0"],"_cuerpo2_36_important":["field_591ddcd6fd600"],"cuerpo2_37_imagen":[""],"_cuerpo2_37_imagen":["field_591ddce3fd601"],"cuerpo2_37_title":["Dra. Adriana Ivonne Mahfoud"],"_cuerpo2_37_title":["field_591ddc88fd5fe"],"cuerpo2_37_puesto":["Centro M\u00e9dico Pilar"],"_cuerpo2_37_puesto":["field_591ddc88fd5ff"],"cuerpo2_37_important":["0"],"_cuerpo2_37_important":["field_591ddcd6fd600"],"cuerpo2_38_imagen":[""],"_cuerpo2_38_imagen":["field_591ddce3fd601"],"cuerpo2_38_title":["Dra. Carolina Mahuad"],"_cuerpo2_38_title":["field_591ddc88fd5fe"],"cuerpo2_38_puesto":[""],"_cuerpo2_38_puesto":["field_591ddc88fd5ff"],"cuerpo2_38_important":["0"],"_cuerpo2_38_important":["field_591ddcd6fd600"],"cuerpo2_39_imagen":[""],"_cuerpo2_39_imagen":["field_591ddce3fd601"],"cuerpo2_39_title":["Dr. Matias Manzotti"],"_cuerpo2_39_title":["field_591ddc88fd5fe"],"cuerpo2_39_puesto":[""],"_cuerpo2_39_puesto":["field_591ddc88fd5ff"],"cuerpo2_39_important":["0"],"_cuerpo2_39_important":["field_591ddcd6fd600"],"cuerpo2_40_imagen":[""],"_cuerpo2_40_imagen":["field_591ddce3fd601"],"cuerpo2_40_title":["Dr. Alfredo May"],"_cuerpo2_40_title":["field_591ddc88fd5fe"],"cuerpo2_40_puesto":[""],"_cuerpo2_40_puesto":["field_591ddc88fd5ff"],"cuerpo2_40_important":["0"],"_cuerpo2_40_important":["field_591ddcd6fd600"],"cuerpo2_41_imagen":[""],"_cuerpo2_41_imagen":["field_591ddce3fd601"],"cuerpo2_41_title":["Dra. Mar\u00eda Fernanda Moschione"],"_cuerpo2_41_title":["field_591ddc88fd5fe"],"cuerpo2_41_puesto":[""],"_cuerpo2_41_puesto":["field_591ddc88fd5ff"],"cuerpo2_41_important":["0"],"_cuerpo2_41_important":["field_591ddcd6fd600"],"cuerpo2_42_imagen":[""],"_cuerpo2_42_imagen":["field_591ddce3fd601"],"cuerpo2_42_title":["Dra. Cecilia Ortiz Campestrini"],"_cuerpo2_42_title":["field_591ddc88fd5fe"],"cuerpo2_42_puesto":[""],"_cuerpo2_42_puesto":["field_591ddc88fd5ff"],"cuerpo2_42_important":["0"],"_cuerpo2_42_important":["field_591ddcd6fd600"],"cuerpo2_43_imagen":[""],"_cuerpo2_43_imagen":["field_591ddce3fd601"],"cuerpo2_43_title":["Dr. Guillermo Nicol\u00e1s Panigadi"],"_cuerpo2_43_title":["field_591ddc88fd5fe"],"cuerpo2_43_puesto":["Guardias"],"_cuerpo2_43_puesto":["field_591ddc88fd5ff"],"cuerpo2_43_important":["0"],"_cuerpo2_43_important":["field_591ddcd6fd600"],"cuerpo2_44_imagen":[""],"_cuerpo2_44_imagen":["field_591ddce3fd601"],"cuerpo2_44_title":["Dra. Mar\u00eda Clara Perret"],"_cuerpo2_44_title":["field_591ddc88fd5fe"],"cuerpo2_44_puesto":[""],"_cuerpo2_44_puesto":["field_591ddc88fd5ff"],"cuerpo2_44_important":["0"],"_cuerpo2_44_important":["field_591ddcd6fd600"],"cuerpo2_45_imagen":[""],"_cuerpo2_45_imagen":["field_591ddce3fd601"],"cuerpo2_45_title":["Dra. Moira Magdalena Pissinis"],"_cuerpo2_45_title":["field_591ddc88fd5fe"],"cuerpo2_45_puesto":["Guardias"],"_cuerpo2_45_puesto":["field_591ddc88fd5ff"],"cuerpo2_45_important":["0"],"_cuerpo2_45_important":["field_591ddcd6fd600"],"cuerpo2_46_imagen":[""],"_cuerpo2_46_imagen":["field_591ddce3fd601"],"cuerpo2_46_title":["Dr. Javier Plumet Garrido"],"_cuerpo2_46_title":["field_591ddc88fd5fe"],"cuerpo2_46_puesto":[""],"_cuerpo2_46_puesto":["field_591ddc88fd5ff"],"cuerpo2_46_important":["0"],"_cuerpo2_46_important":["field_591ddcd6fd600"],"cuerpo2_47_imagen":[""],"_cuerpo2_47_imagen":["field_591ddce3fd601"],"cuerpo2_47_title":["Dra. Ver\u00f3nica Andrea Riboloff"],"_cuerpo2_47_title":["field_591ddc88fd5fe"],"cuerpo2_47_puesto":[""],"_cuerpo2_47_puesto":["field_591ddc88fd5ff"],"cuerpo2_47_important":["0"],"_cuerpo2_47_important":["field_591ddcd6fd600"],"cuerpo2_48_imagen":[""],"_cuerpo2_48_imagen":["field_591ddce3fd601"],"cuerpo2_48_title":["Dr. Alejandro Ra\u00fal Roubakhine Beati"],"_cuerpo2_48_title":["field_591ddc88fd5fe"],"cuerpo2_48_puesto":["Centro M\u00e9dico Pilar"],"_cuerpo2_48_puesto":["field_591ddc88fd5ff"],"cuerpo2_48_important":["0"],"_cuerpo2_48_important":["field_591ddcd6fd600"],"cuerpo2_49_imagen":[""],"_cuerpo2_49_imagen":["field_591ddce3fd601"],"cuerpo2_49_title":["Dra. N\u00e9lida J. Savasta"],"_cuerpo2_49_title":["field_591ddc88fd5fe"],"cuerpo2_49_puesto":["Guardias"],"_cuerpo2_49_puesto":["field_591ddc88fd5ff"],"cuerpo2_49_important":["0"],"_cuerpo2_49_important":["field_591ddcd6fd600"],"cuerpo2_50_imagen":[""],"_cuerpo2_50_imagen":["field_591ddce3fd601"],"cuerpo2_50_title":["Dr. Ezequiel Nicol\u00e1s Saavedra"],"_cuerpo2_50_title":["field_591ddc88fd5fe"],"cuerpo2_50_puesto":["Guardias"],"_cuerpo2_50_puesto":["field_591ddc88fd5ff"],"cuerpo2_50_important":["0"],"_cuerpo2_50_important":["field_591ddcd6fd600"],"cuerpo2_51_imagen":[""],"_cuerpo2_51_imagen":["field_591ddce3fd601"],"cuerpo2_51_title":["Dra. Laura Julieta Sorrentino"],"_cuerpo2_51_title":["field_591ddc88fd5fe"],"cuerpo2_51_puesto":[""],"_cuerpo2_51_puesto":["field_591ddc88fd5ff"],"cuerpo2_51_important":["0"],"_cuerpo2_51_important":["field_591ddcd6fd600"],"cuerpo2_52_imagen":[""],"_cuerpo2_52_imagen":["field_591ddce3fd601"],"cuerpo2_53_imagen":[""],"_cuerpo2_53_imagen":["field_591ddce3fd601"],"cuerpo2_54_imagen":[""],"_cuerpo2_54_imagen":["field_591ddce3fd601"],"cuerpo2":["54"],"_cuerpo2":["field_591ddc88fd5fd"],"especialidades2":[""],"_especialidades2":["field_5b60dace6d56e"],"patologias2":[""],"_patologias2":["field_591ddc57fd5f7"],"practicas2":[""],"_practicas2":["field_591ddc61fd5fa"],"_yoast_wpseo_content_score":["90"],"faq2":[""],"_faq2":["field_5b3bbc1f5bfb9"],"subpages":["1"],"_subpages":["field_5b3bbc345bfbc"],"mision":[""],"_mision":["field_5b5a4f023943f"],"funciones":[""],"_funciones":["field_5b5a4f1139440"],"especialidades3":[""],"_especialidades3":["field_591ddc08fd5f3"],"cuerpo2_0_isSeparator":["0"],"_cuerpo2_0_isSeparator":["field_5d1e3d92dcdfe"],"cuerpo2_1_isSeparator":["0"],"_cuerpo2_1_isSeparator":["field_5d1e3d92dcdfe"],"cuerpo2_2_isSeparator":["0"],"_cuerpo2_2_isSeparator":["field_5d1e3d92dcdfe"],"cuerpo2_3_isSeparator":["0"],"_cuerpo2_3_isSeparator":["field_5d1e3d92dcdfe"],"cuerpo2_4_isSeparator":["0"],"_cuerpo2_4_isSeparator":["field_5d1e3d92dcdfe"],"cuerpo2_5_isSeparator":["0"],"_cuerpo2_5_isSeparator":["field_5d1e3d92dcdfe"],"cuerpo2_6_isSeparator":["0"],"_cuerpo2_6_isSeparator":["field_5d1e3d92dcdfe"],"cuerpo2_7_isSeparator":["0"],"_cuerpo2_7_isSeparator":["field_5d1e3d92dcdfe"],"cuerpo2_8_isSeparator":["0"],"_cuerpo2_8_isSeparator":["field_5d1e3d92dcdfe"],"cuerpo2_9_isSeparator":["0"],"_cuerpo2_9_isSeparator":["field_5d1e3d92dcdfe"],"cuerpo2_10_isSeparator":["0"],"_cuerpo2_10_isSeparator":["field_5d1e3d92dcdfe"],"cuerpo2_11_isSeparator":["0"],"_cuerpo2_11_isSeparator":["field_5d1e3d92dcdfe"],"cuerpo2_12_isSeparator":["0"],"_cuerpo2_12_isSeparator":["field_5d1e3d92dcdfe"],"cuerpo2_13_isSeparator":["0"],"_cuerpo2_13_isSeparator":["field_5d1e3d92dcdfe"],"cuerpo2_14_isSeparator":["0"],"_cuerpo2_14_isSeparator":["field_5d1e3d92dcdfe"],"cuerpo2_15_isSeparator":["0"],"_cuerpo2_15_isSeparator":["field_5d1e3d92dcdfe"],"cuerpo2_16_isSeparator":["0"],"_cuerpo2_16_isSeparator":["field_5d1e3d92dcdfe"],"cuerpo2_17_isSeparator":["0"],"_cuerpo2_17_isSeparator":["field_5d1e3d92dcdfe"],"cuerpo2_18_isSeparator":["0"],"_cuerpo2_18_isSeparator":["field_5d1e3d92dcdfe"],"cuerpo2_19_isSeparator":["0"],"_cuerpo2_19_isSeparator":["field_5d1e3d92dcdfe"],"cuerpo2_20_isSeparator":["0"],"_cuerpo2_20_isSeparator":["field_5d1e3d92dcdfe"],"cuerpo2_21_isSeparator":["0"],"_cuerpo2_21_isSeparator":["field_5d1e3d92dcdfe"],"cuerpo2_22_isSeparator":["0"],"_cuerpo2_22_isSeparator":["field_5d1e3d92dcdfe"],"cuerpo2_23_isSeparator":["0"],"_cuerpo2_23_isSeparator":["field_5d1e3d92dcdfe"],"cuerpo2_24_isSeparator":["0"],"_cuerpo2_24_isSeparator":["field_5d1e3d92dcdfe"],"cuerpo2_25_isSeparator":["0"],"_cuerpo2_25_isSeparator":["field_5d1e3d92dcdfe"],"cuerpo2_26_isSeparator":["0"],"_cuerpo2_26_isSeparator":["field_5d1e3d92dcdfe"],"cuerpo2_27_isSeparator":["0"],"_cuerpo2_27_isSeparator":["field_5d1e3d92dcdfe"],"cuerpo2_28_isSeparator":["0"],"_cuerpo2_28_isSeparator":["field_5d1e3d92dcdfe"],"cuerpo2_29_isSeparator":["0"],"_cuerpo2_29_isSeparator":["field_5d1e3d92dcdfe"],"cuerpo2_30_isSeparator":["0"],"_cuerpo2_30_isSeparator":["field_5d1e3d92dcdfe"],"cuerpo2_31_isSeparator":["0"],"_cuerpo2_31_isSeparator":["field_5d1e3d92dcdfe"],"cuerpo2_32_isSeparator":["0"],"_cuerpo2_32_isSeparator":["field_5d1e3d92dcdfe"],"cuerpo2_33_isSeparator":["0"],"_cuerpo2_33_isSeparator":["field_5d1e3d92dcdfe"],"cuerpo2_34_isSeparator":["0"],"_cuerpo2_34_isSeparator":["field_5d1e3d92dcdfe"],"cuerpo2_35_isSeparator":["0"],"_cuerpo2_35_isSeparator":["field_5d1e3d92dcdfe"],"cuerpo2_36_isSeparator":["0"],"_cuerpo2_36_isSeparator":["field_5d1e3d92dcdfe"],"cuerpo2_37_isSeparator":["0"],"_cuerpo2_37_isSeparator":["field_5d1e3d92dcdfe"],"cuerpo2_38_isSeparator":["0"],"_cuerpo2_38_isSeparator":["field_5d1e3d92dcdfe"],"cuerpo2_39_isSeparator":["0"],"_cuerpo2_39_isSeparator":["field_5d1e3d92dcdfe"],"cuerpo2_40_isSeparator":["0"],"_cuerpo2_40_isSeparator":["field_5d1e3d92dcdfe"],"cuerpo2_41_isSeparator":["0"],"_cuerpo2_41_isSeparator":["field_5d1e3d92dcdfe"],"cuerpo2_42_isSeparator":["0"],"_cuerpo2_42_isSeparator":["field_5d1e3d92dcdfe"],"cuerpo2_43_isSeparator":["0"],"_cuerpo2_43_isSeparator":["field_5d1e3d92dcdfe"],"cuerpo2_44_isSeparator":["0"],"_cuerpo2_44_isSeparator":["field_5d1e3d92dcdfe"],"cuerpo2_45_isSeparator":["0"],"_cuerpo2_45_isSeparator":["field_5d1e3d92dcdfe"],"cuerpo2_46_isSeparator":["0"],"_cuerpo2_46_isSeparator":["field_5d1e3d92dcdfe"],"cuerpo2_47_isSeparator":["0"],"_cuerpo2_47_isSeparator":["field_5d1e3d92dcdfe"],"cuerpo2_48_isSeparator":["0"],"_cuerpo2_48_isSeparator":["field_5d1e3d92dcdfe"],"cuerpo2_49_isSeparator":["0"],"_cuerpo2_49_isSeparator":["field_5d1e3d92dcdfe"],"cuerpo2_50_isSeparator":["0"],"_cuerpo2_50_isSeparator":["field_5d1e3d92dcdfe"],"cuerpo2_51_isSeparator":["0"],"_cuerpo2_51_isSeparator":["field_5d1e3d92dcdfe"],"cuerpo2_52_isSeparator":["0"],"_cuerpo2_52_isSeparator":["field_5d1e3d92dcdfe"],"cuerpo2_52_title":["Dra. Natalia Teperman"],"_cuerpo2_52_title":["field_591ddc88fd5fe"],"cuerpo2_52_puesto":["Guardias"],"_cuerpo2_52_puesto":["field_591ddc88fd5ff"],"cuerpo2_52_important":["0"],"_cuerpo2_52_important":["field_591ddcd6fd600"],"cuerpo2_53_isSeparator":["0"],"_cuerpo2_53_isSeparator":["field_5d1e3d92dcdfe"],"cuerpo2_53_title":["Dr. Graciela M\u00f3nica V\u00e1zquez"],"_cuerpo2_53_title":["field_591ddc88fd5fe"],"cuerpo2_53_puesto":["Geriatr\u00eda"],"_cuerpo2_53_puesto":["field_591ddc88fd5ff"],"cuerpo2_53_important":["0"],"_cuerpo2_53_important":["field_591ddcd6fd600"],"_yoast_wpseo_estimated-reading-time-minutes":["1"],"subpages_0_title":["Informaci\u00f3n del Servicio"],"_subpages_0_title":["field_5b3bbc345bfbd"],"subpages_0_content":["<ul>\r\n \t<li>Horario de atenci\u00f3n administrativa: Lunes a viernes de 7 a 16hs.<\/li>\r\n \t<li>Ubicaci\u00f3n: 5to Piso Torre Pueyrred\u00f3n (Casa M\u00e9dica)<\/li>\r\n \t<li>Mail: <a href=\"mailto:secretariaclinicamedica@hospitalaleman.com\">secretariaclinicamedica@hospitalaleman.com<\/a><\/li>\r\n \t<li>Tel\u00e9fono: <a href=\"tel: 48277000\">4827-7000<\/a>, interno 2431<\/li>\r\n<\/ul>"],"_subpages_0_content":["field_5b3bbc345bfbe"],"_yoast_wpseo_wordproof_timestamp":[""],"_uag_css_file_name":["uag-css-684.css"],"_uag_page_assets":["a:9:{s:3:\"css\";s:0:\"\";s:2:\"js\";s:0:\"\";s:18:\"current_block_list\";a:5:{i:0;s:14:\"core\/paragraph\";i:1;s:9:\"core\/list\";i:2;s:14:\"core\/list-item\";i:3;s:12:\"core\/heading\";i:4;s:14:\"core\/page-list\";}s:8:\"uag_flag\";b:0;s:11:\"uag_version\";s:10:\"1777347376\";s:6:\"gfonts\";a:1:{s:7:\"Default\";a:2:{s:10:\"fontfamily\";s:7:\"Default\";s:12:\"fontvariants\";a:0:{}}}s:10:\"gfonts_url\";s:0:\"\";s:12:\"gfonts_files\";a:0:{}s:14:\"uag_faq_layout\";b:0;}"]},"uagb_featured_image_src":{"full":false,"thumbnail":false,"medium":false,"medium_large":false,"large":false,"1536x1536":false,"2048x2048":false,"gform-image-choice-sm":false,"gform-image-choice-md":false,"gform-image-choice-lg":false},"uagb_author_info":{"display_name":"Marketica Admin","author_link":"https:\/\/www.hospitalaleman.org.ar\/de\/author\/"},"uagb_comment_info":0,"uagb_excerpt":"El servicio de Cl\u00ednica M\u00e9dica del Hospital Alem\u00e1n de Buenos Aires es un referente en la atenci\u00f3n m\u00e9dica de excelencia [&hellip;]...","_links":{"self":[{"href":"https:\/\/www.hospitalaleman.org.ar\/de\/wp-json\/wp\/v2\/hospital-servicio\/684","targetHints":{"allow":["GET"]}}],"collection":[{"href":"https:\/\/www.hospitalaleman.org.ar\/de\/wp-json\/wp\/v2\/hospital-servicio"}],"about":[{"href":"https:\/\/www.hospitalaleman.org.ar\/de\/wp-json\/wp\/v2\/types\/hospital-servicio"}],"version-history":[{"count":38,"href":"https:\/\/www.hospitalaleman.org.ar\/de\/wp-json\/wp\/v2\/hospital-servicio\/684\/revisions"}],"predecessor-version":[{"id":29348,"href":"https:\/\/www.hospitalaleman.org.ar\/de\/wp-json\/wp\/v2\/hospital-servicio\/684\/revisions\/29348"}],"wp:attachment":[{"href":"https:\/\/www.hospitalaleman.org.ar\/de\/wp-json\/wp\/v2\/media?parent=684"}],"wp:term":[{"taxonomy":"departamento","embeddable":true,"href":"https:\/\/www.hospitalaleman.org.ar\/de\/wp-json\/wp\/v2\/departamento?post=684"}],"curies":[{"name":"wp","href":"https:\/\/api.w.org\/{rel}","templated":true}]}}