{"id":688,"date":"2011-10-21T14:50:05","date_gmt":"2011-10-21T14:50:05","guid":{"rendered":"https:\/\/www.hospitalaleman.org.ar\/?post_type=hospital-servicio&#038;p=688"},"modified":"2025-06-27T16:11:07","modified_gmt":"2025-06-27T19:11:07","slug":"dermatologia","status":"publish","type":"hospital-servicio","link":"https:\/\/www.hospitalaleman.org.ar\/de\/nuestro-hospital\/servicios-medicos\/dermatologia\/","title":{"rendered":"Dermatolog\u00eda"},"content":{"rendered":"\n<p>El Servicio de Dermatolog\u00eda del <span translate=\"no\">Hospital Alem\u00e1n<\/span> de Buenos Aires ofrece una atenci\u00f3n integral y personalizada, especializada en el diagn\u00f3stico y tratamiento de enfermedades de la piel, cabello y u\u00f1as. Est\u00e1 integrado por especialistas altamente capacitados, dedicados a brindar un cuidado de excelencia basado en la evidencia cient\u00edfica m\u00e1s actualizada.<\/p>\n\n\n\n<p>En esta l\u00ednea, los principales objetivos del equipo son:<\/p>\n\n\n\n<ul class=\"wp-block-list\">\n<li>Compromiso con el cuidado de la salud de los pacientes.<\/li>\n\n\n\n<li>Formar nuevas generaciones de profesionales que perpet\u00faen e incrementen los niveles de calidad de atenci\u00f3n.<\/li>\n\n\n\n<li>Participar en el desarrollo, investigaci\u00f3n y aplicaci\u00f3n de t\u00e9cnicas y tecnolog\u00edas de vanguardia en salud.<\/li>\n<\/ul>\n\n\n\n<h2 class=\"wp-block-heading\"><strong>Especialidades<\/strong><\/h2>\n\n\n\n<ul class=\"wp-block-list\">\n<li><strong>Dermatolog\u00eda Oncol\u00f3gica<\/strong>: Se aplican t\u00e9cnicas innovadoradoras en la detecci\u00f3n precoz de c\u00e1ncer de piel, incluyendo dermatoscopia \u00f3ptica y digital. La oportunidad del diagn\u00f3stico temprano aumenta las posibilidades de curaci\u00f3n de la enfermedad, reduce la morbi-mortalidad y mejora la calidad de vida.&nbsp;<\/li>\n<\/ul>\n\n\n\n<p>Los especialistas&nbsp; que conforman este \u00e1rea son reconocidos a nivel internacional y participan en diferentes eventos de actualizaci\u00f3n m\u00e9dica, manteni\u00e9ndose al dia en las \u00faltimas t\u00e9cnicas de diagn\u00f3stico y tratamiento en cuanto a patolog\u00eda oncol\u00f3gica.&nbsp;<\/p>\n\n\n\n<ul class=\"wp-block-list\">\n<li><strong>Consultorio de enfermedades inflamatorias<\/strong>: Este consultorio brinda atenci\u00f3n especializada y personalizada a pacientes con enfermedades inflamatorias de la piel, como psoriasis y dermatitis at\u00f3pica, entre otras. El objetivo es proporcionar diagn\u00f3stico preciso y tratamiento efectivo para mejorar la calidad de vida de estos pacientes.&nbsp;<\/li>\n<\/ul>\n\n\n\n<ul class=\"wp-block-list\">\n<li><strong>Dermatolog\u00eda pedi\u00e1trica<\/strong>: Contamos con un equipo de especialistas de excelencia, referentes en el \u00e1rea a nivel internacional, que participan en congresos en diferentes partes del mundo y realizan publicaciones en revistas cient\u00edficas. Se ocupan de la atenci\u00f3n de pacientes reci\u00e9n nacidos, ni\u00f1os y adolescentes hasta los 16 a\u00f1os.<\/li>\n<\/ul>\n\n\n\n<ul class=\"wp-block-list\">\n<li><strong>Dermatolog\u00eda general:<\/strong> Los profesionales se ocupan tanto del cuidado de la piel sana como del diagn\u00f3stico y la terap\u00e9utica de las diferentes patolog\u00edas.&nbsp;<\/li>\n<\/ul>\n\n\n\n<p>&nbsp;Dada la alta demanda, el servicio cuenta con un sector de consulta en el d\u00eda para la evaluaci\u00f3n de cuadros que requieran atenci\u00f3n inmediata.<\/p>\n\n\n\n<ul class=\"wp-block-list\">\n<li><strong>Genodermatosis: <\/strong>Se realiza evaluaci\u00f3n detallada de pacientes con sospecha de genodermatosis con el fin de ofrecer planes de tratamiento adaptados a cada paciente y condici\u00f3n. Adem\u00e1s se brinda orientaci\u00f3n para el paciente y sus familiares sobre riesgos y prevenci\u00f3n.&nbsp;<\/li>\n<\/ul>\n\n\n\n<ul class=\"wp-block-list\">\n<li><strong>Patolog\u00eda vascular: <\/strong>Se realiza diagn\u00f3stico y tratamiento de enfermedades vasculares cut\u00e1neas, mediante la aplicaci\u00f3n de tecnolog\u00edas avanzadas y terapias innovadoras.&nbsp;<\/li>\n<\/ul>\n\n\n\n<ul class=\"wp-block-list\">\n<li><strong>Tricolog\u00eda: <\/strong>Formado por profesionales especializados en el tema para el diagn\u00f3stico de afecciones que involucren pelo y cuero cabelludo.&nbsp;<\/li>\n<\/ul>\n\n\n\n<ul class=\"wp-block-list\">\n<li><strong>Consultas de dermatolog\u00eda est\u00e9tica<\/strong>: Se realiza el diagn\u00f3stico y tratamiento de afecciones que alteran la est\u00e9tica de la piel, incluyendo peelings qu\u00edmicos con diferentes productos de uso m\u00e9dico.&nbsp;<\/li>\n<\/ul>\n\n\n\n<ul class=\"wp-block-list\">\n<li><strong>Dermatopatolog\u00eda<\/strong>: Mantenemos contacto fluido con el servicio de anatom\u00eda patol\u00f3gica, el cual cuenta con especialistas reconocidos con vasta experiencia en histopatolog\u00eda de piel.<\/li>\n<\/ul>\n\n\n\n<ul class=\"wp-block-list\">\n<li><strong>Dermatoscopia digital o Videodermatoscopia:&nbsp;<\/strong><\/li>\n<\/ul>\n\n\n\n<p>Se trata de un m\u00e9todo de diagn\u00f3stico por im\u00e1genes que utiliza un dermatoscopio de luz polarizada de \u00faltima generaci\u00f3n. Este m\u00e9todo permite la visualizaci\u00f3n ampliada y el registro fotogr\u00e1fico de los nevos (\u201clunares\u201d) y determinados tipos de c\u00e1ncer de piel, posibilitando la detecci\u00f3n precoz de lesiones malignas o potencialmente malignas en estadios tempranos, mejorando as\u00ed el pron\u00f3stico del paciente. De esta forma se pueden realizar estudios comparativos a lo largo del tiempo.<\/p>\n\n\n\n<ul class=\"wp-block-list\">\n<li><strong>Fototerapia y tratamiento con luz ultravioleta.<\/strong><\/li>\n<\/ul>\n\n\n\n<p>La fototerapia es un tratamiento medico que utiliza la luz ultravioleta (UV) para tratar diversas condiciones de la piel, como enfermedades inflamatorias, psoriasis, vitiligo y otros trastornos<\/p>\n\n\n\n<h2 class=\"wp-block-heading\">Pr\u00e1cticas<\/h2>\n\n\n\n<ul class=\"wp-block-list\">\n<li><strong>Diagn\u00f3sticas<\/strong>\n<ul class=\"wp-block-list\">\n<li>Biopsia de piel y mucosas<\/li>\n\n\n\n<li>Citodiagn\u00f3stico<\/li>\n\n\n\n<li>Examen con Luz de Wood<\/li>\n<\/ul>\n<\/li>\n<\/ul>\n\n\n\n<ul class=\"wp-block-list\">\n<li><strong>Terap\u00e9uticas<\/strong>\n<ul class=\"wp-block-list\">\n<li>&nbsp;Curetaje<\/li>\n\n\n\n<li>&nbsp;Electrocoagulaci\u00f3n<\/li>\n\n\n\n<li>&nbsp;Radiofrecuencia<\/li>\n\n\n\n<li>&nbsp;Infiltraci\u00f3n<\/li>\n\n\n\n<li>&nbsp;Topicaci\u00f3n<\/li>\n\n\n\n<li>&nbsp;Criocirug\u00eda<\/li>\n\n\n\n<li>&nbsp;Cirug\u00eda Dermatol\u00f3gica (extirpaci\u00f3n quir\u00fargica de algunas lesiones cut\u00e1neas como nevos, quistes o peque\u00f1os tumores)..&nbsp;<\/li>\n<\/ul>\n<\/li>\n<\/ul>\n\n\n\n<h2 class=\"wp-block-heading\"><strong>Docencia e investigaci\u00f3n<\/strong><\/h2>\n\n\n\n<p>Los m\u00e9dicos del servicio participan activamente en congresos nacionales e internacionales, donde establecen v\u00ednculo con profesionales de renombre en la especialidad tanto en Argentina como a nivel mundial. La importancia de estas interacciones radica en el intercambio de informaci\u00f3n que permite acceder a las \u00faltimas novedades sobre diferentes patolog\u00edas y terap\u00e9uticas, para poder as\u00ed brindarle la mejor calidad de atenci\u00f3n a los pacientes del hospital.&nbsp;<\/p>\n\n\n\n<p>Se realiza un ateneo semanal que re\u00fane a todos los m\u00e9dicos del servicio para la discusi\u00f3n acad\u00e9mica sobre casos cl\u00ednicos que ameriten, por su particularidad, una revisi\u00f3n en conjunto. El objetivo es lograr un ambiente de intercambio acad\u00e9mico que nutra el conocimiento de los participantes y permita optimizar los resultados terap\u00e9uticos.&nbsp;<\/p>\n\n\n\n<p>Asimismo desde la jefatura del servicio se impulsa la publicaci\u00f3n de casos novedosos que den a conocer nuestra labor a nivel internacional.<\/p>\n\n\n\n<p>Tambi\u00e9n se llevan a cabo diferentes protocolos de investigaci\u00f3n cl\u00ednica&nbsp; para la terap\u00e9utica y seguimiento de enfermedades de dif\u00edcil tratamiento, a cargo de especialistas altamente capacitados.&nbsp;<\/p>\n\n\n\n<h2 class=\"wp-block-heading\"><strong>Residencia y Fellowship<\/strong><\/h2>\n\n\n\n<p>La inclusi\u00f3n de programas de residencia y fellowship estimula el intercambio continuo de informaci\u00f3n m\u00e9dica en el servicio, haciendo posible la formaci\u00f3n de especialistas id\u00f3neos con experiencia en el \u00e1rea.&nbsp;<\/p>\n\n\n\n<p>Se considera primordial el desarrollo y mantenimiento de lazos estrechos con m\u00e9dicos en formaci\u00f3n de todo el mundo. En esta l\u00ednea, el hospital ofrece la posibilidad de rotar y acceder a puestos becarios para m\u00e9dicos extranjeros.&nbsp;<\/p>\n\n\n\n<h2 class=\"wp-block-heading\"><strong>Horarios de Atenci\u00f3n y Contacto:<\/strong><\/h2>\n\n\n\n<ul class=\"wp-block-list\">\n<li>Atenci\u00f3n administrativa: Lunes a viernes de 8:00 a 17:00.<\/li>\n\n\n\n<li>Consultas m\u00e9dicas: Lunes a viernes, con turnos programados.&nbsp;<\/li>\n\n\n\n<li>Tel\u00e9fono: (011) 4827-7000 (Interno dermatolog\u00eda: 2313 \/ Interno dermoest\u00e9tica: 6430)<\/li>\n<\/ul>\n","protected":false},"featured_media":0,"parent":0,"menu_order":0,"template":"","meta":{"_acf_changed":false,"_uag_custom_page_level_css":"","_kad_blocks_custom_css":"","_kad_blocks_head_custom_js":"","_kad_blocks_body_custom_js":"","_kad_blocks_footer_custom_js":"","site-sidebar-layout":"default","site-content-layout":"","ast-site-content-layout":"default","site-content-style":"default","site-sidebar-style":"default","ast-global-header-display":"","ast-banner-title-visibility":"","ast-main-header-display":"","ast-hfb-above-header-display":"","ast-hfb-below-header-display":"","ast-hfb-mobile-header-display":"","site-post-title":"","ast-breadcrumbs-content":"","ast-featured-img":"","footer-sml-layout":"","theme-transparent-header-meta":"","adv-header-id-meta":"","stick-header-meta":"","header-above-stick-meta":"","header-main-stick-meta":"","header-below-stick-meta":"","astra-migrate-meta-layouts":"default","ast-page-background-enabled":"default","ast-page-background-meta":{"desktop":{"background-color":"var(--ast-global-color-4)","background-image":"","background-repeat":"repeat","background-position":"center center","background-size":"auto","background-attachment":"scroll","background-type":"","background-media":"","overlay-type":"","overlay-color":"","overlay-opacity":"","overlay-gradient":""},"tablet":{"background-color":"","background-image":"","background-repeat":"repeat","background-position":"center center","background-size":"auto","background-attachment":"scroll","background-type":"","background-media":"","overlay-type":"","overlay-color":"","overlay-opacity":"","overlay-gradient":""},"mobile":{"background-color":"","background-image":"","background-repeat":"repeat","background-position":"center center","background-size":"auto","background-attachment":"scroll","background-type":"","background-media":"","overlay-type":"","overlay-color":"","overlay-opacity":"","overlay-gradient":""}},"ast-content-background-meta":{"desktop":{"background-color":"var(--ast-global-color-5)","background-image":"","background-repeat":"repeat","background-position":"center center","background-size":"auto","background-attachment":"scroll","background-type":"","background-media":"","overlay-type":"","overlay-color":"","overlay-opacity":"","overlay-gradient":""},"tablet":{"background-color":"var(--ast-global-color-5)","background-image":"","background-repeat":"repeat","background-position":"center center","background-size":"auto","background-attachment":"scroll","background-type":"","background-media":"","overlay-type":"","overlay-color":"","overlay-opacity":"","overlay-gradient":""},"mobile":{"background-color":"var(--ast-global-color-5)","background-image":"","background-repeat":"repeat","background-position":"center center","background-size":"auto","background-attachment":"scroll","background-type":"","background-media":"","overlay-type":"","overlay-color":"","overlay-opacity":"","overlay-gradient":""}},"footnotes":""},"departamento":[686],"class_list":["post-688","hospital-servicio","type-hospital-servicio","status-publish","hentry","departamento-departamento-de-medicina-interna"],"acf":[],"taxonomy_info":{"departamento":[{"value":686,"label":"Departamento de Medicina Interna"}]},"featured_image_src_large":false,"author_info":[],"comment_info":"","spectra_custom_meta":{"_edit_last":["101014"],"_edit_lock":["1751055950:101014"],"image":["15659"],"description_es":[""],"cuerpo":[""],"especialidades":[""],"practicas":[""],"patologias":[""],"faq":[""],"description_en":["Clinical consultations are complemented by different practices: cauterizations, biopsies, nail, cysts and carcinoma excisions, carbonic snow applications, healings and Ultraviolet ray applications. There is also an office for venereal disease patients. Complementary practices to allergy pathologies consultations include inhaling tests, intracutaneous and epicutaneous tests. They serve as a guide for substances that can cause allergic contact dermatitis.\r\n\r\nDermatologists on call cover the cases that cannot be solved at the general Emergency Room."],"description_de":["Die klinischen Konsultationen werden durch verschiedene Behandlungen erg\u00e4nzt: Kauterisationen, Entnahme von Gewebeproben, Entfernung kranker N\u00e4gel, Zysten, Karzinome, Anwendung von Trockeneis, UV-Strahlen. Die Abteilung verf\u00fcgt ferner \u00fcber eine Ambulanz f\u00fcr venerische Krankheiten.\r\n\r\nIm Zusammenhang mit der Allergie-Sprechstunde f\u00fchrt der Bereich Intrakutantests zum Nachweis von Empfindlichkeiten auf bestimmte Allergene und Epikutan-Tests zur Ermittlung eventueller Kontaktallergien durch.\r\n\r\nEin passiver mit Dermatologen besetzter Notdienst deckt die F\u00e4lle ab, die in der allgemeinen Notaufnahme nicht behandelt werden k\u00f6nnen."],"_yoast_wpseo_title":["Dermatolog\u00eda | Servicios M\u00e9dicos | Hospital Alem\u00e1n"],"_yoast_wpseo_metadesc":["El Servicio de Dermatolog\u00eda del Hospital Alem\u00e1n cuenta con especialistas de vasta experiencia para el cumplimiento de su misi\u00f3n."],"_image":["field_53b9db4768648"],"_description_es":["field_53b9db3568647"],"_cuerpo":["field_53b9dbad6864e"],"_especialidades":["field_53b9dbb46864f"],"_patologias":["field_53b9dbbb68650"],"_practicas":["field_53b9dbc568651"],"equipamiento":[""],"_equipamiento":["field_53b9dbcd68652"],"_faq":["field_53b9dbd668653"],"profesionales":[""],"_profesionales":["field_53b9dbde68654"],"_description_en":["field_53b9db8d6864d"],"_description_de":["field_53b9db7e6864c"],"cuerpo2_0_title":["Prof. Dra. Cristina Freuler"],"_cuerpo2_0_title":["field_591ddc88fd5fe"],"cuerpo2_0_puesto":["Jefa del Departamento de Medicina Interna"],"_cuerpo2_0_puesto":["field_591ddc88fd5ff"],"cuerpo2_0_important":["0"],"_cuerpo2_0_important":["field_591ddcd6fd600"],"cuerpo2_1_title":["Prof. Dra. Margarita Larralde"],"_cuerpo2_1_title":["field_591ddc88fd5fe"],"cuerpo2_1_puesto":["Jefa de Servicio"],"_cuerpo2_1_puesto":["field_591ddc88fd5ff"],"cuerpo2_1_important":["1"],"_cuerpo2_1_important":["field_591ddcd6fd600"],"cuerpo2_2_title":["Dra. Mar\u00eda Eugenia Abad"],"_cuerpo2_2_title":["field_591ddc88fd5fe"],"cuerpo2_2_puesto":[""],"_cuerpo2_2_puesto":["field_591ddc88fd5ff"],"cuerpo2_2_important":["0"],"_cuerpo2_2_important":["field_591ddcd6fd600"],"cuerpo2_3_title":["Dr. Santiago Busso"],"_cuerpo2_3_title":["field_591ddc88fd5fe"],"cuerpo2_3_puesto":[""],"_cuerpo2_3_puesto":["field_591ddc88fd5ff"],"cuerpo2_3_important":["0"],"_cuerpo2_3_important":["field_591ddcd6fd600"],"cuerpo2_4_title":["Dr. Ramiro Cano"],"_cuerpo2_4_title":["field_591ddc88fd5fe"],"cuerpo2_4_puesto":[""],"_cuerpo2_4_puesto":["field_591ddc88fd5ff"],"cuerpo2_4_important":["0"],"_cuerpo2_4_important":["field_591ddcd6fd600"],"cuerpo2_5_title":["Dra. Mar\u00eda Emilia Debernardi"],"_cuerpo2_5_title":["field_591ddc88fd5fe"],"cuerpo2_5_puesto":[""],"_cuerpo2_5_puesto":["field_591ddc88fd5ff"],"cuerpo2_5_important":["0"],"_cuerpo2_5_important":["field_591ddcd6fd600"],"cuerpo2_6_title":["Dra. Cindy Paula Frare"],"_cuerpo2_6_title":["field_591ddc88fd5fe"],"cuerpo2_6_puesto":[""],"_cuerpo2_6_puesto":["field_591ddc88fd5ff"],"cuerpo2_6_important":["0"],"_cuerpo2_6_important":["field_591ddcd6fd600"],"cuerpo2_7_title":["Dra. Virginia Mariana Gonz\u00e1lez"],"_cuerpo2_7_title":["field_591ddc88fd5fe"],"cuerpo2_7_puesto":[""],"_cuerpo2_7_puesto":["field_591ddc88fd5ff"],"cuerpo2_7_important":["0"],"_cuerpo2_7_important":["field_591ddcd6fd600"],"cuerpo2_8_title":["Dr. Andr\u00e9s Label"],"_cuerpo2_8_title":["field_591ddc88fd5fe"],"cuerpo2_8_puesto":[""],"_cuerpo2_8_puesto":["field_591ddc88fd5ff"],"cuerpo2_8_important":["0"],"_cuerpo2_8_important":["field_591ddcd6fd600"],"cuerpo2_9_title":["Dra. Rita Leitner"],"_cuerpo2_9_title":["field_591ddc88fd5fe"],"cuerpo2_9_puesto":[""],"_cuerpo2_9_puesto":["field_591ddc88fd5ff"],"cuerpo2_9_important":["0"],"_cuerpo2_9_important":["field_591ddcd6fd600"],"cuerpo2_10_title":["Dra. Ana In\u00e9s L\u00f6sch"],"_cuerpo2_10_title":["field_591ddc88fd5fe"],"cuerpo2_10_puesto":[""],"_cuerpo2_10_puesto":["field_591ddc88fd5ff"],"cuerpo2_10_important":["0"],"_cuerpo2_10_important":["field_591ddcd6fd600"],"cuerpo2_11_title":["Dra. Paula C. Luna"],"_cuerpo2_11_title":["field_591ddc88fd5fe"],"cuerpo2_11_puesto":[""],"_cuerpo2_11_puesto":["field_591ddc88fd5ff"],"cuerpo2_11_important":["0"],"_cuerpo2_11_important":["field_591ddcd6fd600"],"cuerpo2_12_title":["Dra. Ver\u00f3nica Llorca"],"_cuerpo2_12_title":["field_591ddc88fd5fe"],"cuerpo2_12_puesto":[""],"_cuerpo2_12_puesto":["field_591ddc88fd5ff"],"cuerpo2_12_important":["0"],"_cuerpo2_12_important":["field_591ddcd6fd600"],"cuerpo2_13_title":["Dra. Carolina Marcucci"],"_cuerpo2_13_title":["field_591ddc88fd5fe"],"cuerpo2_13_puesto":[""],"_cuerpo2_13_puesto":["field_591ddc88fd5ff"],"cuerpo2_13_important":["0"],"_cuerpo2_13_important":["field_591ddcd6fd600"],"cuerpo2_14_title":["Dr. Alejandro Mario Oxilia"],"_cuerpo2_14_title":["field_591ddc88fd5fe"],"cuerpo2_14_puesto":[""],"_cuerpo2_14_puesto":["field_591ddc88fd5ff"],"cuerpo2_14_important":["0"],"_cuerpo2_14_important":["field_591ddcd6fd600"],"cuerpo2_15_title":["Dra. Alejandra A. Panizzardi"],"_cuerpo2_15_title":["field_591ddc88fd5fe"],"cuerpo2_15_puesto":[""],"_cuerpo2_15_puesto":["field_591ddc88fd5ff"],"cuerpo2_15_important":["0"],"_cuerpo2_15_important":["field_591ddcd6fd600"],"cuerpo2_16_title":["Dr. Juan Rusi\u00f1ol"],"_cuerpo2_16_title":["field_591ddc88fd5fe"],"cuerpo2_16_puesto":[""],"_cuerpo2_16_puesto":["field_591ddc88fd5ff"],"cuerpo2_16_important":["0"],"_cuerpo2_16_important":["field_591ddcd6fd600"],"cuerpo2_17_title":["Dra. Luc\u00eda M. Santill\u00e1n"],"_cuerpo2_17_title":["field_591ddc88fd5fe"],"cuerpo2_17_puesto":[""],"_cuerpo2_17_puesto":["field_591ddc88fd5ff"],"cuerpo2_17_important":["0"],"_cuerpo2_17_important":["field_591ddcd6fd600"],"cuerpo2_18_title":["Dra. Andrea Edith Santos Mu\u00f1oz"],"_cuerpo2_18_title":["field_591ddc88fd5fe"],"cuerpo2_18_puesto":[""],"_cuerpo2_18_puesto":["field_591ddc88fd5ff"],"cuerpo2_18_important":["0"],"_cuerpo2_18_important":["field_591ddcd6fd600"],"cuerpo2_19_title":["Dra. Marina Segabache"],"_cuerpo2_19_title":["field_591ddc88fd5fe"],"cuerpo2_19_puesto":[""],"_cuerpo2_19_puesto":["field_591ddc88fd5ff"],"cuerpo2_19_important":["0"],"_cuerpo2_19_important":["field_591ddcd6fd600"],"cuerpo2":["24"],"_cuerpo2":["field_591ddc88fd5fd"],"especialidades2":[""],"_especialidades2":["field_5b60dace6d56e"],"_yoast_wpseo_content_score":["60"],"faq2":["9"],"_faq2":["field_5b3bbc1f5bfb9"],"subpages":[""],"_subpages":["field_5b3bbc345bfbc"],"faq2_0_title":["\u00bfCon qu\u00e9 frecuencia se debe consultar con el dermat\u00f3logo?"],"_faq2_0_title":["field_5b3bbc1f5bfba"],"faq2_0_content":["M\u00ednimo una vez al a\u00f1o, para realizar un chequeo completo y descartar lesiones premalignas y malignas. Si el dermat\u00f3logo lo considera, el control podr\u00e1 ser m\u00e1s estricto, de acuerdo al problema a tratar."],"_faq2_0_content":["field_5b3bbc1f5bfbb"],"mision":[""],"_mision":["field_5b5a4f023943f"],"funciones":[""],"_funciones":["field_5b5a4f1139440"],"especialidades3":[""],"_especialidades3":["field_591ddc08fd5f3"],"faq2_1_title":["\u00bfA qui\u00e9n consultar ante un problema en el pelo o en las u\u00f1as?"],"_faq2_1_title":["field_5b3bbc1f5bfba"],"faq2_1_content":["El Dermat\u00f3logo es el profesional id\u00f3neo para tratar estos temas."],"_faq2_1_content":["field_5b3bbc1f5bfbb"],"faq2_2_title":["\u00bfEs normal la ca\u00edda de cabello? "],"_faq2_2_title":["field_5b3bbc1f5bfba"],"faq2_2_content":["En determinados momentos de la vida es normal (ante enfermedades, embarazo, etc), pero seg\u00fan la intensidad, el tipo de ca\u00edda y la duraci\u00f3n, puede requerir estudios especiales y un tratamiento adecuado. En el caso de los hombres, existen tratamientos eficaces en la prevenci\u00f3n de la calvicie."],"_faq2_2_content":["field_5b3bbc1f5bfbb"],"faq2_3_title":["\u00bfExisten tratamientos nuevos para el vit\u00edligo?"],"_faq2_3_title":["field_5b3bbc1f5bfba"],"faq2_3_content":["Si, actualmente existen tratamientos locales (cremas), con rayos ultravioleta y con determinados l\u00e1ser, altamente efectivos."],"_faq2_3_content":["field_5b3bbc1f5bfbb"],"faq2_4_title":["\u00bfExisten tratamientos nuevos para la psoriasis?"],"_faq2_4_title":["field_5b3bbc1f5bfba"],"faq2_4_content":["S\u00ed. Dependiendo del tipo y de la severidad de la psoriasis, existen tratamientos locales m\u00e1s eficaces que los disponibles antiguamente, as\u00ed como nuevos medicamentos sist\u00e9micos para casos especiales."],"_faq2_4_content":["field_5b3bbc1f5bfbb"],"faq2_5_title":["\u00bfQui\u00e9n debe realizar el control de mis lunares?"],"_faq2_5_title":["field_5b3bbc1f5bfba"],"faq2_5_content":["Siempre debe ser el Dermat\u00f3logo quien los controle. Consulte al menos una vez al a\u00f1o. El control debe ser estricto en las personas con muchos lunares o con antecedentes personales o familiares de c\u00e1ncer de piel."],"_faq2_5_content":["field_5b3bbc1f5bfbb"],"faq2_6_title":["\u00bfEs necesario tratar el acn\u00e9 en los adolescentes?"],"_faq2_6_title":["field_5b3bbc1f5bfba"],"faq2_6_content":["Si bien es una patolog\u00eda muy frecuente a esta edad y en muchos casos es leve, puede tener enorme impacto emocional y en la calidad de vida del paciente y dificultar su inserci\u00f3n escolar o social. Adem\u00e1s en ocasiones puede ocasionar cicatrices de dif\u00edcil resoluci\u00f3n. Siempre es conveniente consultar al dermat\u00f3logo para que eval\u00fae el tratamiento."],"_faq2_6_content":["field_5b3bbc1f5bfbb"],"faq2_7_title":["\u00bfQu\u00e9 hago ante la aparici\u00f3n de una mancha sospechosa en mi piel?"],"_faq2_7_title":["field_5b3bbc1f5bfba"],"faq2_7_content":["La aparici\u00f3n de lesiones nuevas, el cambio en un lunar previo, el crecimiento o cambio de color en una lesi\u00f3n ya existente, siempre deben motivar la consulta inmediata al dermat\u00f3logo. Puede tratarse de algo banal, pero la mejor arma de la que se dispone actualmente para la curaci\u00f3n del c\u00e1ncer de piel es el diagn\u00f3stico temprano."],"_faq2_7_content":["field_5b3bbc1f5bfbb"],"faq2_8_title":["\u00bfQu\u00e9 hago si mi hijo tiene moluscos?"],"_faq2_8_title":["field_5b3bbc1f5bfba"],"faq2_8_content":["Los moluscos son peque\u00f1as p\u00e1pulas color piel, localizadas en cualquier parte de la piel y son producidas por un virus. Son muy comunes en la infancia. En ocasiones originan inflamaci\u00f3n o picaz\u00f3n y pueden contagiarse a otras partes del cuerpo o a otras personas. El dermat\u00f3logo dispone de tratamientos eficaces y no dolorosos para su eliminaci\u00f3n."],"_faq2_8_content":["field_5b3bbc1f5bfbb"],"cuerpo2_0_isSeparator":["0"],"_cuerpo2_0_isSeparator":["field_5d1e3d92dcdfe"],"cuerpo2_1_isSeparator":["0"],"_cuerpo2_1_isSeparator":["field_5d1e3d92dcdfe"],"cuerpo2_2_isSeparator":["0"],"_cuerpo2_2_isSeparator":["field_5d1e3d92dcdfe"],"cuerpo2_3_isSeparator":["0"],"_cuerpo2_3_isSeparator":["field_5d1e3d92dcdfe"],"cuerpo2_4_isSeparator":["0"],"_cuerpo2_4_isSeparator":["field_5d1e3d92dcdfe"],"cuerpo2_5_isSeparator":["0"],"_cuerpo2_5_isSeparator":["field_5d1e3d92dcdfe"],"cuerpo2_6_isSeparator":["0"],"_cuerpo2_6_isSeparator":["field_5d1e3d92dcdfe"],"cuerpo2_7_isSeparator":["0"],"_cuerpo2_7_isSeparator":["field_5d1e3d92dcdfe"],"cuerpo2_8_isSeparator":["0"],"_cuerpo2_8_isSeparator":["field_5d1e3d92dcdfe"],"cuerpo2_9_isSeparator":["0"],"_cuerpo2_9_isSeparator":["field_5d1e3d92dcdfe"],"cuerpo2_10_isSeparator":["0"],"_cuerpo2_10_isSeparator":["field_5d1e3d92dcdfe"],"cuerpo2_11_isSeparator":["0"],"_cuerpo2_11_isSeparator":["field_5d1e3d92dcdfe"],"cuerpo2_12_isSeparator":["0"],"_cuerpo2_12_isSeparator":["field_5d1e3d92dcdfe"],"cuerpo2_13_isSeparator":["0"],"_cuerpo2_13_isSeparator":["field_5d1e3d92dcdfe"],"cuerpo2_14_isSeparator":["0"],"_cuerpo2_14_isSeparator":["field_5d1e3d92dcdfe"],"cuerpo2_15_isSeparator":["0"],"_cuerpo2_15_isSeparator":["field_5d1e3d92dcdfe"],"cuerpo2_16_isSeparator":["0"],"_cuerpo2_16_isSeparator":["field_5d1e3d92dcdfe"],"cuerpo2_17_isSeparator":["0"],"_cuerpo2_17_isSeparator":["field_5d1e3d92dcdfe"],"cuerpo2_18_isSeparator":["0"],"_cuerpo2_18_isSeparator":["field_5d1e3d92dcdfe"],"cuerpo2_19_isSeparator":["0"],"_cuerpo2_19_isSeparator":["field_5d1e3d92dcdfe"],"cuerpo2_20_isSeparator":["0"],"_cuerpo2_20_isSeparator":["field_5d1e3d92dcdfe"],"cuerpo2_20_title":["Dra. Mar\u00eda Florencia Su\u00e1rez Conde"],"_cuerpo2_20_title":["field_591ddc88fd5fe"],"cuerpo2_20_puesto":[""],"_cuerpo2_20_puesto":["field_591ddc88fd5ff"],"cuerpo2_20_important":["0"],"_cuerpo2_20_important":["field_591ddcd6fd600"],"_yoast_wpseo_estimated-reading-time-minutes":["4"],"_yoast_wpseo_wordproof_timestamp":[""],"cuerpo2_21_isSeparator":["0"],"_cuerpo2_21_isSeparator":["field_5d1e3d92dcdfe"],"cuerpo2_21_title":["Dra. Luciana Tirelli"],"_cuerpo2_21_title":["field_591ddc88fd5fe"],"cuerpo2_21_puesto":[""],"_cuerpo2_21_puesto":["field_591ddc88fd5ff"],"cuerpo2_21_important":["0"],"_cuerpo2_21_important":["field_591ddcd6fd600"],"cuerpo2_22_isSeparator":["0"],"_cuerpo2_22_isSeparator":["field_5d1e3d92dcdfe"],"cuerpo2_22_title":["Dra.  Maria Gabriela Vallone"],"_cuerpo2_22_title":["field_591ddc88fd5fe"],"cuerpo2_22_puesto":["Dermato-onco"],"_cuerpo2_22_puesto":["field_591ddc88fd5ff"],"cuerpo2_22_important":["0"],"_cuerpo2_22_important":["field_591ddcd6fd600"],"cuerpo2_23_isSeparator":["0"],"_cuerpo2_23_isSeparator":["field_5d1e3d92dcdfe"],"cuerpo2_23_title":["Dra. Anabel del Rosario Vargas"],"_cuerpo2_23_title":["field_591ddc88fd5fe"],"cuerpo2_23_puesto":[""],"_cuerpo2_23_puesto":["field_591ddc88fd5ff"],"cuerpo2_23_important":["0"],"_cuerpo2_23_important":["field_591ddcd6fd600"],"title_intranet":[""],"_title_intranet":["field_678fbce387033"],"modules":[""],"_modules":["field_5656263b16a73"],"redirecturl":[""],"_redirecturl":["field_66911ebd30aae"],"_yoast_wpseo_primary_departamento":["686"],"_uag_page_assets":["a:9:{s:3:\"css\";s:0:\"\";s:2:\"js\";s:0:\"\";s:18:\"current_block_list\";a:5:{i:0;s:14:\"core\/paragraph\";i:1;s:9:\"core\/list\";i:2;s:14:\"core\/list-item\";i:3;s:12:\"core\/heading\";i:4;s:14:\"core\/page-list\";}s:8:\"uag_flag\";b:0;s:11:\"uag_version\";s:10:\"1777360030\";s:6:\"gfonts\";a:1:{s:7:\"Default\";a:2:{s:10:\"fontfamily\";s:7:\"Default\";s:12:\"fontvariants\";a:0:{}}}s:10:\"gfonts_url\";s:0:\"\";s:12:\"gfonts_files\";a:0:{}s:14:\"uag_faq_layout\";b:0;}"]},"uagb_featured_image_src":{"full":false,"thumbnail":false,"medium":false,"medium_large":false,"large":false,"1536x1536":false,"2048x2048":false,"gform-image-choice-sm":false,"gform-image-choice-md":false,"gform-image-choice-lg":false},"uagb_author_info":{"display_name":"Publicidad","author_link":"https:\/\/www.hospitalaleman.org.ar\/de\/author\/"},"uagb_comment_info":0,"uagb_excerpt":"El Servicio de Dermatolog\u00eda del Hospital Alem\u00e1n de Buenos Aires ofrece una atenci\u00f3n integral y personalizada, especializada en el diagn\u00f3stico [&hellip;]...","_links":{"self":[{"href":"https:\/\/www.hospitalaleman.org.ar\/de\/wp-json\/wp\/v2\/hospital-servicio\/688","targetHints":{"allow":["GET"]}}],"collection":[{"href":"https:\/\/www.hospitalaleman.org.ar\/de\/wp-json\/wp\/v2\/hospital-servicio"}],"about":[{"href":"https:\/\/www.hospitalaleman.org.ar\/de\/wp-json\/wp\/v2\/types\/hospital-servicio"}],"version-history":[{"count":21,"href":"https:\/\/www.hospitalaleman.org.ar\/de\/wp-json\/wp\/v2\/hospital-servicio\/688\/revisions"}],"predecessor-version":[{"id":31389,"href":"https:\/\/www.hospitalaleman.org.ar\/de\/wp-json\/wp\/v2\/hospital-servicio\/688\/revisions\/31389"}],"wp:attachment":[{"href":"https:\/\/www.hospitalaleman.org.ar\/de\/wp-json\/wp\/v2\/media?parent=688"}],"wp:term":[{"taxonomy":"departamento","embeddable":true,"href":"https:\/\/www.hospitalaleman.org.ar\/de\/wp-json\/wp\/v2\/departamento?post=688"}],"curies":[{"name":"wp","href":"https:\/\/api.w.org\/{rel}","templated":true}]}}