{"id":769,"date":"2011-10-21T18:36:14","date_gmt":"2011-10-21T18:36:14","guid":{"rendered":"https:\/\/www.hospitalaleman.org.ar\/?post_type=hospital-servicio&#038;p=769"},"modified":"2024-12-23T13:57:14","modified_gmt":"2024-12-23T16:57:14","slug":"pediatria","status":"publish","type":"hospital-servicio","link":"https:\/\/www.hospitalaleman.org.ar\/de\/nuestro-hospital\/servicios-medicos\/pediatria\/","title":{"rendered":"Cl\u00ednica Pedi\u00e1trica"},"content":{"rendered":"\n<p>El servicio de Pediatr\u00eda del <span translate=\"no\">Hospital Alem\u00e1n<\/span> se divide en 2 \u00e1reas troncales :<\/p>\n\n\n\n<h2 class=\"wp-block-heading\">\u00c1rea de Pediatr\u00eda Ambulatoria:<\/h2>\n\n\n\n<p>Situada en la planta baja del Centro Materno Infantil disponemos de un sector exclusivo destinado a la atenci\u00f3n de pacientes de 0 a 16 a\u00f1os ,a trav\u00e9s de un plantel de Profesionales especialmente capacitados en la atenci\u00f3n de Reci\u00e9n nacidos, ni\u00f1os y adolescentes<\/p>\n\n\n\n<p>La atenci\u00f3n incluye&nbsp; tanto la demanda espont\u00e1nea de Lunes a Viernes 8 a 20 hs ,como la atenci\u00f3n de guardia de Pediatr\u00eda de 20 a 8 hs .<\/p>\n\n\n\n<p>Los S\u00e1bados, Domingos y Feriados , la Guardia&nbsp; funciona las 24 hs .<\/p>\n\n\n\n<p>Contamos con 8 consultorios totalmente equipados,y la Unidad de Observaci\u00f3n con 2 camas.<\/p>\n\n\n\n<p>Asimismo de Lunes a Viernes se brinda atenci\u00f3n programada tanto de Pediatr\u00eda General como de las diferentes especialidades Pedi\u00e1tricas , entre las que se incluyen : Adolescencia , Alergia, Cardiolog\u00eda, Cirug\u00eda general&nbsp; ,Cirug\u00eda pl\u00e1stica ,Dieta Cetog\u00e9nica, Endocrinolog\u00eda ,Epilepsia, Hemato oncolog\u00eda, Hepatolog\u00eda, Infectolog\u00eda, Inmunolog\u00eda,&nbsp; Nefrologia, Neumonolog\u00eda,Neurocirug\u00eda,&nbsp; Neurolog\u00eda,Nutrici\u00f3n y Diabetes, S\u00edndrome de Down, Traumatolog\u00eda ,Urolog\u00eda.<\/p>\n\n\n\n<p>Contamos tambi\u00e9n con un consultorio de atenci\u00f3n de Reci\u00e9n nacidos de 0 a 30 dias de vida y otro de Puericultura y Lactancia.<\/p>\n\n\n\n<p>Adem\u00e1s desde el vacunatorio del Hospital, se ofrecen todas las vacunas del calendario Nacional de manera gratuita, asi como vacunas especiales seg\u00fan cobertura de las diferentes prepagas.<\/p>\n\n\n\n<p>De Lunes a Viernes de&nbsp; 8 a 12 hs ,funciona un anexo del Laboratorio&nbsp; con extraccionista Pedi\u00e1trico para la toma de muestras de laboratorio .<\/p>\n\n\n\n<h2 class=\"wp-block-heading\">\u00c1rea de Internaci\u00f3n Pedi\u00e1trica \/ Medicina Interna Pedi\u00e1trica:<\/h2>\n\n\n\n<p>Situada en el 2do y 3er piso del Centro Materno Infantil ,en la actualidad contamos con 2 pabellones dedicados a la Internaci\u00f3n de pacientes de 0 a 16 a\u00f1os.<\/p>\n\n\n\n<ul class=\"wp-block-list\">\n<li>Un pabell\u00f3n de pacientes hemato oncol\u00f3gicos con 8 habitaciones individuales<\/li>\n\n\n\n<li>Un pabell\u00f3n de pacientes de Medicina Interna Pedi\u00e1trica con 10 habitaciones individuales<\/li>\n<\/ul>\n\n\n\n<p>Adem\u00e1s, contamos con 3 camas de Hospital de d\u00eda para Internaciones de corta estad\u00eda.<\/p>\n\n\n\n<p>Dentro de las Pr\u00e1cticas que realizamos se destacan :<\/p>\n\n\n\n<ul class=\"wp-block-list\">\n<li>Estudios polisomnogr\u00e1ficos de sue\u00f1o con protocolo de epilepsia para el estudio de esta patolog\u00eda.<\/li>\n\n\n\n<li>Pruebas de alergia realizadas ya sea de forma ambulatoria o en el Hospital de d\u00eda Pedi\u00e1trico por Alergistas Pedi\u00e1tricos.<\/li>\n\n\n\n<li>Espirometr\u00edas Pedi\u00e1tricas realizadas por Neumon\u00f3logos Infantiles.<\/li>\n\n\n\n<li>Consultorio de dietas cetog\u00e9nicas para el tratamiento de Patolog\u00edas neurol\u00f3gicas.<\/li>\n\n\n\n<li>Consultorio multidiciplinario de Alergia a la Proteina de la leche de vaca.<\/li>\n<\/ul>\n","protected":false},"featured_media":0,"parent":0,"menu_order":0,"template":"","meta":{"_acf_changed":false,"_uag_custom_page_level_css":"","_kad_blocks_custom_css":"","_kad_blocks_head_custom_js":"","_kad_blocks_body_custom_js":"","_kad_blocks_footer_custom_js":"","site-sidebar-layout":"default","site-content-layout":"","ast-site-content-layout":"default","site-content-style":"default","site-sidebar-style":"default","ast-global-header-display":"","ast-banner-title-visibility":"","ast-main-header-display":"","ast-hfb-above-header-display":"","ast-hfb-below-header-display":"","ast-hfb-mobile-header-display":"","site-post-title":"","ast-breadcrumbs-content":"","ast-featured-img":"","footer-sml-layout":"","theme-transparent-header-meta":"","adv-header-id-meta":"","stick-header-meta":"","header-above-stick-meta":"","header-main-stick-meta":"","header-below-stick-meta":"","astra-migrate-meta-layouts":"default","ast-page-background-enabled":"default","ast-page-background-meta":{"desktop":{"background-color":"var(--ast-global-color-4)","background-image":"","background-repeat":"repeat","background-position":"center center","background-size":"auto","background-attachment":"scroll","background-type":"","background-media":"","overlay-type":"","overlay-color":"","overlay-opacity":"","overlay-gradient":""},"tablet":{"background-color":"","background-image":"","background-repeat":"repeat","background-position":"center center","background-size":"auto","background-attachment":"scroll","background-type":"","background-media":"","overlay-type":"","overlay-color":"","overlay-opacity":"","overlay-gradient":""},"mobile":{"background-color":"","background-image":"","background-repeat":"repeat","background-position":"center center","background-size":"auto","background-attachment":"scroll","background-type":"","background-media":"","overlay-type":"","overlay-color":"","overlay-opacity":"","overlay-gradient":""}},"ast-content-background-meta":{"desktop":{"background-color":"var(--ast-global-color-5)","background-image":"","background-repeat":"repeat","background-position":"center center","background-size":"auto","background-attachment":"scroll","background-type":"","background-media":"","overlay-type":"","overlay-color":"","overlay-opacity":"","overlay-gradient":""},"tablet":{"background-color":"var(--ast-global-color-5)","background-image":"","background-repeat":"repeat","background-position":"center center","background-size":"auto","background-attachment":"scroll","background-type":"","background-media":"","overlay-type":"","overlay-color":"","overlay-opacity":"","overlay-gradient":""},"mobile":{"background-color":"var(--ast-global-color-5)","background-image":"","background-repeat":"repeat","background-position":"center center","background-size":"auto","background-attachment":"scroll","background-type":"","background-media":"","overlay-type":"","overlay-color":"","overlay-opacity":"","overlay-gradient":""}},"footnotes":""},"departamento":[688],"class_list":["post-769","hospital-servicio","type-hospital-servicio","status-publish","hentry","departamento-departamento-materno-infantil"],"acf":[],"taxonomy_info":{"departamento":[{"value":688,"label":"Departamento Materno Infantil"}]},"featured_image_src_large":false,"author_info":[],"comment_info":"","spectra_custom_meta":{"_edit_last":["101016"],"_edit_lock":["1734973521:101016"],"image":["18465"],"description_es":[""],"cuerpo":[""],"especialidades":[""],"patologias":[""],"description_en":["The Pediatrics Surgery Service covers all the spectrum of the specialty for thoracic, abdominal and cervical pathologies. The team of professionals has been certified by the Argentine Association for Child Surgery [Asociaci\u00f3n Argentina de Cirug\u00eda Infantil]. The practices on adolescents, children and newborns include minimally invasive surgeries, such as video laparoscopies and thoracoscopies. One stage video laparoscopies are performed on newborns affected by Hirschsprung\u2019s disease (congenital megacolon) or by thoracic tumors.\r\n\r\nThe Pediatric Surgery Service offers several specialized programs: Constipation, Recurrent and Chronic Abdominal Pain, Prenatal Diagnosis, Pediatric Urology, Pediatric Plastic Surgery, Pediatric Neurosurgery and Pediatric Cardiovascular Surgery."],"description_de":["Die P\u00e4diatrie betreut Kinder von der Geburt an bis zum vollendeten 16. Lebensjahr und erbringt s\u00e4mtliche Leistungen, die bei Patienten mit schweren oder chronischen Leiden erforderlich sind. Zu den Bereichen der Abteilung geh\u00f6ren die Ambulante Behandlung und das Programm der pr\u00e4ventiven P\u00e4diatrie. Die Behandlungen erfolgen nach terminlicher Vereinbarung oder aufgrund von Spontananfragen. Nachts, feiertags und an Wochenenden ist der Bereich mit diensthabenden \u00c4rzten besetzt. Die Fachabteilung P\u00e4diatrie hat eigene Normen f\u00fcr die Diagnose und Behandlung der h\u00e4ufigsten Krankheiten entwickelt, um so die h\u00f6chstm\u00f6gliche Einheitlichkeit bei der Anforderung von Diagnoseuntersuchungen und den angewiesenen Behandlungen zu erreichen. Diese Normen geben den Eltern auch dann Gewissheit \u00fcber die Kontinuit\u00e4t der Behandlung, wenn die Kinder an unterschiedlichen Tagen von unterschiedlichen \u00c4rzten untersucht werden."],"_yoast_wpseo_title":["Pediatr\u00eda | Servicios M\u00e9dicos | Hospital Alem\u00e1n"],"_yoast_wpseo_metadesc":["El Departamento de Pediatr\u00eda se enfoca en la prevenci\u00f3n y atenci\u00f3n m\u00e9dica primaria, la recuperaci\u00f3n y rehabilitaci\u00f3n de los ni\u00f1os."],"_image":["field_53b9db4768648"],"_description_es":["field_53b9db3568647"],"_cuerpo":["field_53b9dbad6864e"],"_especialidades":["field_53b9dbb46864f"],"_patologias":["field_53b9dbbb68650"],"practicas":[""],"_practicas":["field_53b9dbc568651"],"equipamiento":[""],"_equipamiento":["field_53b9dbcd68652"],"faq":[""],"_faq":["field_53b9dbd668653"],"profesionales":[""],"_profesionales":["field_53b9dbde68654"],"_description_en":["field_53b9db8d6864d"],"_description_de":["field_53b9db7e6864c"],"cuerpo2":["96"],"_cuerpo2":["field_591ddc88fd5fd"],"especialidades2":[""],"_especialidades2":["field_5b60dace6d56e"],"cuerpo2_0_title":["Dr. Juan Corbetta"],"_cuerpo2_0_title":["field_591ddc88fd5fe"],"cuerpo2_0_puesto":["Jefe de Departamento Materno Infantil"],"_cuerpo2_0_puesto":["field_591ddc88fd5ff"],"cuerpo2_0_important":["1"],"_cuerpo2_0_important":["field_591ddcd6fd600"],"cuerpo2_1_title":["Dr. Diego Painceira"],"_cuerpo2_1_title":["field_591ddc88fd5fe"],"cuerpo2_1_puesto":["Jefe de Servicio"],"_cuerpo2_1_puesto":["field_591ddc88fd5ff"],"cuerpo2_1_important":["1"],"_cuerpo2_1_important":["field_591ddcd6fd600"],"cuerpo2_2_title":["Dra. Mar\u00eda Temis Agosta"],"_cuerpo2_2_title":["field_591ddc88fd5fe"],"cuerpo2_2_puesto":["Guardias"],"_cuerpo2_2_puesto":["field_591ddc88fd5ff"],"cuerpo2_2_important":["0"],"_cuerpo2_2_important":["field_591ddcd6fd600"],"cuerpo2_3_title":["Dra. Mar\u00eda Florencia Alasia"],"_cuerpo2_3_title":["field_591ddc88fd5fe"],"cuerpo2_3_puesto":["Guardias"],"_cuerpo2_3_puesto":["field_591ddc88fd5ff"],"cuerpo2_3_important":["0"],"_cuerpo2_3_important":["field_591ddcd6fd600"],"cuerpo2_4_title":["Dra. Aldana Bel\u00e9n Almassio"],"_cuerpo2_4_title":["field_591ddc88fd5fe"],"cuerpo2_4_puesto":["Guardias"],"_cuerpo2_4_puesto":["field_591ddc88fd5ff"],"cuerpo2_4_important":["0"],"_cuerpo2_4_important":["field_591ddcd6fd600"],"cuerpo2_5_title":["Dra. Mar\u00eda Jimena Alonso Iglesias"],"_cuerpo2_5_title":["field_591ddc88fd5fe"],"cuerpo2_5_puesto":["Guardias"],"_cuerpo2_5_puesto":["field_591ddc88fd5ff"],"cuerpo2_5_important":["0"],"_cuerpo2_5_important":["field_591ddcd6fd600"],"cuerpo2_6_title":["Dra. Camila Bel\u00e9n Ameri"],"_cuerpo2_6_title":["field_591ddc88fd5fe"],"cuerpo2_6_puesto":["Guardias"],"_cuerpo2_6_puesto":["field_591ddc88fd5ff"],"cuerpo2_6_important":["0"],"_cuerpo2_6_important":["field_591ddcd6fd600"],"cuerpo2_7_title":["Dra. Maria Gabriela Andrada"],"_cuerpo2_7_title":["field_591ddc88fd5fe"],"cuerpo2_7_puesto":["Neumonolog\u00eda"],"_cuerpo2_7_puesto":["field_591ddc88fd5ff"],"cuerpo2_7_important":["0"],"_cuerpo2_7_important":["field_591ddcd6fd600"],"cuerpo2_8_title":["Dra. Mar\u00eda Luc\u00eda Baca Paunero"],"_cuerpo2_8_title":["field_591ddc88fd5fe"],"cuerpo2_8_puesto":["Cl\u00ednica"],"_cuerpo2_8_puesto":["field_591ddc88fd5ff"],"cuerpo2_8_important":["0"],"_cuerpo2_8_important":["field_591ddcd6fd600"],"cuerpo2_9_title":["Dra. Andrea Vanessa Barrios Pach\u00f3n"],"_cuerpo2_9_title":["field_591ddc88fd5fe"],"cuerpo2_9_puesto":["Cl\u00ednica"],"_cuerpo2_9_puesto":["field_591ddc88fd5ff"],"cuerpo2_9_important":["0"],"_cuerpo2_9_important":["field_591ddcd6fd600"],"cuerpo2_10_title":["Dra. Clara Barucca"],"_cuerpo2_10_title":["field_591ddc88fd5fe"],"cuerpo2_10_puesto":["Cl\u00ednica"],"_cuerpo2_10_puesto":["field_591ddc88fd5ff"],"cuerpo2_10_important":["0"],"_cuerpo2_10_important":["field_591ddcd6fd600"],"cuerpo2_11_title":["Dra. Viviana Sigrid Basile"],"_cuerpo2_11_title":["field_591ddc88fd5fe"],"cuerpo2_11_puesto":["Centro M\u00e9dico Pilar"],"_cuerpo2_11_puesto":["field_591ddc88fd5ff"],"cuerpo2_11_important":["0"],"_cuerpo2_11_important":["field_591ddcd6fd600"],"cuerpo2_12_title":["Dra. Florencia Bocco"],"_cuerpo2_12_title":["field_591ddc88fd5fe"],"cuerpo2_12_puesto":["Guardias"],"_cuerpo2_12_puesto":["field_591ddc88fd5ff"],"cuerpo2_12_important":["0"],"_cuerpo2_12_important":["field_591ddcd6fd600"],"cuerpo2_13_title":["Dr. Pablo Mat\u00edas Bonacci"],"_cuerpo2_13_title":["field_591ddc88fd5fe"],"cuerpo2_13_puesto":["Adolescencia"],"_cuerpo2_13_puesto":["field_591ddc88fd5ff"],"cuerpo2_13_important":["0"],"_cuerpo2_13_important":["field_591ddcd6fd600"],"cuerpo2_14_title":["Dra. Mar\u00eda Eugenia Bonilla Rocha"],"_cuerpo2_14_title":["field_591ddc88fd5fe"],"cuerpo2_14_puesto":["Neumonolog\u00eda"],"_cuerpo2_14_puesto":["field_591ddc88fd5ff"],"cuerpo2_14_important":["0"],"_cuerpo2_14_important":["field_591ddcd6fd600"],"cuerpo2_15_title":["Dra. Marta E. Braschi"],"_cuerpo2_15_title":["field_591ddc88fd5fe"],"cuerpo2_15_puesto":["Toxocolog\u00eda"],"_cuerpo2_15_puesto":["field_591ddc88fd5ff"],"cuerpo2_15_important":["0"],"_cuerpo2_15_important":["field_591ddcd6fd600"],"cuerpo2_16_title":["Dra. Mar\u00eda Brunetti"],"_cuerpo2_16_title":["field_591ddc88fd5fe"],"cuerpo2_16_puesto":["Guardias"],"_cuerpo2_16_puesto":["field_591ddc88fd5ff"],"cuerpo2_16_important":["0"],"_cuerpo2_16_important":["field_591ddcd6fd600"],"cuerpo2_17_title":["Dra. Mar\u00eda Juliana Cabrera"],"_cuerpo2_17_title":["field_591ddc88fd5fe"],"cuerpo2_17_puesto":["Guardias"],"_cuerpo2_17_puesto":["field_591ddc88fd5ff"],"cuerpo2_17_important":["0"],"_cuerpo2_17_important":["field_591ddcd6fd600"],"cuerpo2_18_title":["Dra. Karina Valeria Carletti"],"_cuerpo2_18_title":["field_591ddc88fd5fe"],"cuerpo2_18_puesto":["Centro M\u00e9dico Pilar"],"_cuerpo2_18_puesto":["field_591ddc88fd5ff"],"cuerpo2_18_important":["0"],"_cuerpo2_18_important":["field_591ddcd6fd600"],"cuerpo2_19_title":["Dra. Maira Chazarreta Cifre"],"_cuerpo2_19_title":["field_591ddc88fd5fe"],"cuerpo2_19_puesto":["Guardias"],"_cuerpo2_19_puesto":["field_591ddc88fd5ff"],"cuerpo2_19_important":["0"],"_cuerpo2_19_important":["field_591ddcd6fd600"],"cuerpo2_20_title":["Dra. Mirta Elba Ciocca"],"_cuerpo2_20_title":["field_591ddc88fd5fe"],"cuerpo2_20_puesto":["Trasplante Hep\u00e1tico"],"_cuerpo2_20_puesto":["field_591ddc88fd5ff"],"cuerpo2_20_important":["0"],"_cuerpo2_20_important":["field_591ddcd6fd600"],"cuerpo2_21_title":["Dra. Cristina D\u2019Anna"],"_cuerpo2_21_title":["field_591ddc88fd5fe"],"cuerpo2_21_puesto":["Guardias"],"_cuerpo2_21_puesto":["field_591ddc88fd5ff"],"cuerpo2_21_important":["0"],"_cuerpo2_21_important":["field_591ddcd6fd600"],"cuerpo2_22_title":["Dr. Federico D\u2019Antonio"],"_cuerpo2_22_title":["field_591ddc88fd5fe"],"cuerpo2_22_puesto":["Cardiolog\u00eda"],"_cuerpo2_22_puesto":["field_591ddc88fd5ff"],"cuerpo2_22_important":["0"],"_cuerpo2_22_important":["field_591ddcd6fd600"],"cuerpo2_23_title":["Dra. Lina Marcela del R\u00edo Garc\u00eda"],"_cuerpo2_23_title":["field_591ddc88fd5fe"],"cuerpo2_23_puesto":["Guardias"],"_cuerpo2_23_puesto":["field_591ddc88fd5ff"],"cuerpo2_23_important":["0"],"_cuerpo2_23_important":["field_591ddcd6fd600"],"cuerpo2_24_title":["Dra. Mar\u00eda Paula Della Latta"],"_cuerpo2_24_title":["field_591ddc88fd5fe"],"cuerpo2_24_puesto":["Infectolog\u00eda"],"_cuerpo2_24_puesto":["field_591ddc88fd5ff"],"cuerpo2_24_important":["0"],"_cuerpo2_24_important":["field_591ddcd6fd600"],"cuerpo2_25_title":["Dra. Susana Del Valle Devoto"],"_cuerpo2_25_title":["field_591ddc88fd5fe"],"cuerpo2_25_puesto":["Centro M\u00e9dico Pilar"],"_cuerpo2_25_puesto":["field_591ddc88fd5ff"],"cuerpo2_25_important":["0"],"_cuerpo2_25_important":["field_591ddcd6fd600"],"cuerpo2_26_title":["Dra. Mariela Di Lorenzo Quesada"],"_cuerpo2_26_title":["field_591ddc88fd5fe"],"cuerpo2_26_puesto":["Nutrici\u00f3n"],"_cuerpo2_26_puesto":["field_591ddc88fd5ff"],"cuerpo2_26_important":["0"],"_cuerpo2_26_important":["field_591ddcd6fd600"],"cuerpo2_27_title":["Dr. Alberto Di Martino"],"_cuerpo2_27_title":["field_591ddc88fd5fe"],"cuerpo2_27_puesto":["Cl\u00ednica"],"_cuerpo2_27_puesto":["field_591ddc88fd5ff"],"cuerpo2_27_important":["0"],"_cuerpo2_27_important":["field_591ddcd6fd600"],"cuerpo2_28_title":["Dra. Antonela Di Staso"],"_cuerpo2_28_title":["field_591ddc88fd5fe"],"cuerpo2_28_puesto":["Guardias"],"_cuerpo2_28_puesto":["field_591ddc88fd5ff"],"cuerpo2_28_important":["0"],"_cuerpo2_28_important":["field_591ddcd6fd600"],"cuerpo2_29_title":["Dr. Fernando Diez Mori"],"_cuerpo2_29_title":["field_591ddc88fd5fe"],"cuerpo2_29_puesto":["Cardiolog\u00eda"],"_cuerpo2_29_puesto":["field_591ddc88fd5ff"],"cuerpo2_29_important":["0"],"_cuerpo2_29_important":["field_591ddcd6fd600"],"cuerpo2_30_title":["Lic. Mariana Diz"],"_cuerpo2_30_title":["field_591ddc88fd5fe"],"cuerpo2_30_puesto":["Dietas Cetog\u00e9nicas"],"_cuerpo2_30_puesto":["field_591ddc88fd5ff"],"cuerpo2_30_important":["0"],"_cuerpo2_30_important":["field_591ddcd6fd600"],"cuerpo2_31_title":["Dr. V\u00edctor Duran"],"_cuerpo2_31_title":["field_591ddc88fd5fe"],"cuerpo2_31_puesto":["Jefe de Urolog\u00eda Pedi\u00e1trica"],"_cuerpo2_31_puesto":["field_591ddc88fd5ff"],"cuerpo2_31_important":["1"],"_cuerpo2_31_important":["field_591ddcd6fd600"],"cuerpo2_32_title":["Dra. Mar\u00eda Ang\u00e9lica Fern\u00e1ndez Barbieri"],"_cuerpo2_32_title":["field_591ddc88fd5fe"],"cuerpo2_32_puesto":["Jefa de Hemato-Oncolog\u00eda Pedi\u00e1trica"],"_cuerpo2_32_puesto":["field_591ddc88fd5ff"],"cuerpo2_32_important":["1"],"_cuerpo2_32_important":["field_591ddcd6fd600"],"cuerpo2_33_title":["Dr. Santiago Fesler"],"_cuerpo2_33_title":["field_591ddc88fd5fe"],"cuerpo2_33_puesto":["Neurolog\u00eda"],"_cuerpo2_33_puesto":["field_591ddc88fd5ff"],"cuerpo2_33_important":["0"],"_cuerpo2_33_important":["field_591ddcd6fd600"],"cuerpo2_34_title":["Dra. Maria Cecilia Fontana"],"_cuerpo2_34_title":["field_591ddc88fd5fe"],"cuerpo2_34_puesto":["Guardias"],"_cuerpo2_34_puesto":["field_591ddc88fd5ff"],"cuerpo2_34_important":["0"],"_cuerpo2_34_important":["field_591ddcd6fd600"],"cuerpo2_35_title":["Dra. Mar\u00eda Florencia Fusoni"],"_cuerpo2_35_title":["field_591ddc88fd5fe"],"cuerpo2_35_puesto":["Guardias"],"_cuerpo2_35_puesto":["field_591ddc88fd5ff"],"cuerpo2_35_important":["0"],"_cuerpo2_35_important":["field_591ddcd6fd600"],"cuerpo2_36_title":["Dr. Santiago Galano"],"_cuerpo2_36_title":["field_591ddc88fd5fe"],"cuerpo2_36_puesto":["Cl\u00ednica"],"_cuerpo2_36_puesto":["field_591ddc88fd5ff"],"cuerpo2_36_important":["0"],"_cuerpo2_36_important":["field_591ddcd6fd600"],"cuerpo2_37_title":["Dra. Mar\u00eda Agustina Gallardo"],"_cuerpo2_37_title":["field_591ddc88fd5fe"],"cuerpo2_37_puesto":["Centro M\u00e9dico Pilar"],"_cuerpo2_37_puesto":["field_591ddc88fd5ff"],"cuerpo2_37_important":["0"],"_cuerpo2_37_important":["field_591ddcd6fd600"],"cuerpo2_38_title":["Dra. Ivana Estefan\u00eda Gallay"],"_cuerpo2_38_title":["field_591ddc88fd5fe"],"cuerpo2_38_puesto":["Guardias"],"_cuerpo2_38_puesto":["field_591ddc88fd5ff"],"cuerpo2_38_important":["0"],"_cuerpo2_38_important":["field_591ddcd6fd600"],"cuerpo2_39_title":["Dra. Maria Paula Garcia Cozzi"],"_cuerpo2_39_title":["field_591ddc88fd5fe"],"cuerpo2_39_puesto":["Hemato-Oncolog\u00eda"],"_cuerpo2_39_puesto":["field_591ddc88fd5ff"],"cuerpo2_39_important":["0"],"_cuerpo2_39_important":["field_591ddcd6fd600"],"cuerpo2_40_title":["Dra. Patricia Goddard"],"_cuerpo2_40_title":["field_591ddc88fd5fe"],"cuerpo2_40_puesto":["Adolescencia"],"_cuerpo2_40_puesto":["field_591ddc88fd5ff"],"cuerpo2_40_important":["0"],"_cuerpo2_40_important":["field_591ddcd6fd600"],"cuerpo2_41_title":["Dra. Alejandra Gonz\u00e1lez"],"_cuerpo2_41_title":["field_591ddc88fd5fe"],"cuerpo2_41_puesto":["Neurolog\u00eda"],"_cuerpo2_41_puesto":["field_591ddc88fd5ff"],"cuerpo2_41_important":["0"],"_cuerpo2_41_important":["field_591ddcd6fd600"],"cuerpo2_42_title":["Dra. Maria Carolina Gonzalez"],"_cuerpo2_42_title":["field_591ddc88fd5fe"],"cuerpo2_42_puesto":["Neurolog\u00eda"],"_cuerpo2_42_puesto":["field_591ddc88fd5ff"],"cuerpo2_42_important":["0"],"_cuerpo2_42_important":["field_591ddcd6fd600"],"cuerpo2_43_title":["Dra. Silvana Soledad Gonzalez"],"_cuerpo2_43_title":["field_591ddc88fd5fe"],"cuerpo2_43_puesto":["Guardias"],"_cuerpo2_43_puesto":["field_591ddc88fd5ff"],"cuerpo2_43_important":["0"],"_cuerpo2_43_important":["field_591ddcd6fd600"],"cuerpo2_44_title":["Dra. Luisa Beatriz Granato"],"_cuerpo2_44_title":["field_591ddc88fd5fe"],"cuerpo2_44_puesto":["Centro M\u00e9dico Pilar"],"_cuerpo2_44_puesto":["field_591ddc88fd5ff"],"cuerpo2_44_important":["0"],"_cuerpo2_44_important":["field_591ddcd6fd600"],"cuerpo2_45_title":["Dr. Gabriel Hernandez"],"_cuerpo2_45_title":["field_591ddc88fd5fe"],"cuerpo2_45_puesto":["Alergia"],"_cuerpo2_45_puesto":["field_591ddc88fd5ff"],"cuerpo2_45_important":["0"],"_cuerpo2_45_important":["field_591ddcd6fd600"],"cuerpo2_46_title":["Dra. Mar\u00eda Agustina Incardona"],"_cuerpo2_46_title":["field_591ddc88fd5fe"],"cuerpo2_46_puesto":["Guardias"],"_cuerpo2_46_puesto":["field_591ddc88fd5ff"],"cuerpo2_46_important":["0"],"_cuerpo2_46_important":["field_591ddcd6fd600"],"cuerpo2_47_title":["Dr. Pablo Jorrat"],"_cuerpo2_47_title":["field_591ddc88fd5fe"],"cuerpo2_47_puesto":["Neurolog\u00eda"],"_cuerpo2_47_puesto":["field_591ddc88fd5ff"],"cuerpo2_47_important":["0"],"_cuerpo2_47_important":["field_591ddcd6fd600"],"cuerpo2_48_title":["Dra. Anabel Heliana Kruss"],"_cuerpo2_48_title":["field_591ddc88fd5fe"],"cuerpo2_48_puesto":["Guardias"],"_cuerpo2_48_puesto":["field_591ddc88fd5ff"],"cuerpo2_48_important":["0"],"_cuerpo2_48_important":["field_591ddcd6fd600"],"cuerpo2_49_title":["Dr. Santiago Carlos Kuyumciyan"],"_cuerpo2_49_title":["field_591ddc88fd5fe"],"cuerpo2_49_puesto":["Cl\u00ednica"],"_cuerpo2_49_puesto":["field_591ddc88fd5ff"],"cuerpo2_49_important":["0"],"_cuerpo2_49_important":["field_591ddcd6fd600"],"cuerpo2_50_title":["Dra. Maria Eugenia Lier"],"_cuerpo2_50_title":["field_591ddc88fd5fe"],"cuerpo2_50_puesto":["Cl\u00ednica"],"_cuerpo2_50_puesto":["field_591ddc88fd5ff"],"cuerpo2_50_important":["0"],"_cuerpo2_50_important":["field_591ddcd6fd600"],"cuerpo2_51_title":["Dra. Alexa Bel\u00e9n L\u00f3pez"],"_cuerpo2_51_title":["field_591ddc88fd5fe"],"cuerpo2_51_puesto":["Guardia"],"_cuerpo2_51_puesto":["field_591ddc88fd5ff"],"cuerpo2_51_important":["0"],"_cuerpo2_51_important":["field_591ddcd6fd600"],"cuerpo2_52_title":["Dra. Wanda Vanesa Macchi"],"_cuerpo2_52_title":["field_591ddc88fd5fe"],"cuerpo2_52_puesto":["Guardias"],"_cuerpo2_52_puesto":["field_591ddc88fd5ff"],"cuerpo2_52_important":["0"],"_cuerpo2_52_important":["field_591ddcd6fd600"],"cuerpo2_53_title":["Dra. Anal\u00eda Martinez de Mara\u00f1on"],"_cuerpo2_53_title":["field_591ddc88fd5fe"],"cuerpo2_53_puesto":["Guardias"],"_cuerpo2_53_puesto":["field_591ddc88fd5ff"],"cuerpo2_53_important":["0"],"_cuerpo2_53_important":["field_591ddcd6fd600"],"cuerpo2_54_title":["Dra. Mar\u00eda Alejandra Maro"],"_cuerpo2_54_title":["field_591ddc88fd5fe"],"cuerpo2_54_puesto":["Hemato-Oncolog\u00eda"],"_cuerpo2_54_puesto":["field_591ddc88fd5ff"],"cuerpo2_54_important":["0"],"_cuerpo2_54_important":["field_591ddcd6fd600"],"cuerpo2_55_title":["Dr. Jorge Maspero"],"_cuerpo2_55_title":["field_591ddc88fd5fe"],"cuerpo2_55_puesto":["Alergia"],"_cuerpo2_55_puesto":["field_591ddc88fd5ff"],"cuerpo2_55_important":["0"],"_cuerpo2_55_important":["field_591ddcd6fd600"],"cuerpo2_56_title":["Dr. Jos\u00e9 Higinio M\u00e9ndez"],"_cuerpo2_56_title":["field_591ddc88fd5fe"],"cuerpo2_56_puesto":["Cl\u00ednica"],"_cuerpo2_56_puesto":["field_591ddc88fd5ff"],"cuerpo2_56_important":["0"],"_cuerpo2_56_important":["field_591ddcd6fd600"],"cuerpo2_57_title":["Dra. Mar\u00eda Luz Monti"],"_cuerpo2_57_title":["field_591ddc88fd5fe"],"cuerpo2_57_puesto":["Guardias"],"_cuerpo2_57_puesto":["field_591ddc88fd5ff"],"cuerpo2_57_important":["0"],"_cuerpo2_57_important":["field_591ddcd6fd600"],"cuerpo2_58_title":["Dra. Lorena E. Mor\u00e1n"],"_cuerpo2_58_title":["field_591ddc88fd5fe"],"cuerpo2_58_puesto":["Cl\u00ednica - Hemato-oncologia"],"_cuerpo2_58_puesto":["field_591ddc88fd5ff"],"cuerpo2_58_important":["0"],"_cuerpo2_58_important":["field_591ddcd6fd600"],"cuerpo2_59_title":["Dra. Josefina Mosteirin"],"_cuerpo2_59_title":["field_591ddc88fd5fe"],"cuerpo2_59_puesto":["Nutrici\u00f3n y Dieta Cetog\u00e9nica"],"_cuerpo2_59_puesto":["field_591ddc88fd5ff"],"cuerpo2_59_important":["0"],"_cuerpo2_59_important":["field_591ddcd6fd600"],"cuerpo2_60_title":["Dra. Luc\u00eda Nosetti"],"_cuerpo2_60_title":["field_591ddc88fd5fe"],"cuerpo2_60_puesto":["Guardias"],"_cuerpo2_60_puesto":["field_591ddc88fd5ff"],"cuerpo2_60_important":["0"],"_cuerpo2_60_important":["field_591ddcd6fd600"],"cuerpo2_61_title":["Dr. Rodrigo J. Oribe"],"_cuerpo2_61_title":["field_591ddc88fd5fe"],"cuerpo2_61_puesto":["Cardiolog\u00eda"],"_cuerpo2_61_puesto":["field_591ddc88fd5ff"],"cuerpo2_61_important":["0"],"_cuerpo2_61_important":["field_591ddcd6fd600"],"cuerpo2_62_title":["Dra. Nadia Soledad Ormachea"],"_cuerpo2_62_title":["field_591ddc88fd5fe"],"cuerpo2_62_puesto":["Guardias"],"_cuerpo2_62_puesto":["field_591ddc88fd5ff"],"cuerpo2_62_important":["0"],"_cuerpo2_62_important":["field_591ddcd6fd600"],"cuerpo2_63_title":["Dra. Ana Sof\u00eda Orqueda"],"_cuerpo2_63_title":["field_591ddc88fd5fe"],"cuerpo2_63_puesto":["Guardias"],"_cuerpo2_63_puesto":["field_591ddc88fd5ff"],"cuerpo2_63_important":["0"],"_cuerpo2_63_important":["field_591ddcd6fd600"],"cuerpo2_64_title":["Dra. Viviana Otto"],"_cuerpo2_64_title":["field_591ddc88fd5fe"],"cuerpo2_64_puesto":["Cl\u00ednica"],"_cuerpo2_64_puesto":["field_591ddc88fd5ff"],"cuerpo2_64_important":["0"],"_cuerpo2_64_important":["field_591ddcd6fd600"],"cuerpo2_65_title":["Dra. Mar\u00eda Emilia Padilla"],"_cuerpo2_65_title":["field_591ddc88fd5fe"],"cuerpo2_65_puesto":["Guardias"],"_cuerpo2_65_puesto":["field_591ddc88fd5ff"],"cuerpo2_65_important":["0"],"_cuerpo2_65_important":["field_591ddcd6fd600"],"cuerpo2_66_title":["Dra. Salom\u00e9 Denise Pagni"],"_cuerpo2_66_title":["field_591ddc88fd5fe"],"cuerpo2_66_puesto":["Guardias"],"_cuerpo2_66_puesto":["field_591ddc88fd5ff"],"cuerpo2_66_important":["0"],"_cuerpo2_66_important":["field_591ddcd6fd600"],"cuerpo2_67_title":["Dra. Merceditas Palmai"],"_cuerpo2_67_title":["field_591ddc88fd5fe"],"cuerpo2_67_puesto":["Guardias"],"_cuerpo2_67_puesto":["field_591ddc88fd5ff"],"cuerpo2_67_important":["1"],"_cuerpo2_67_important":["field_591ddcd6fd600"],"cuerpo2_68_title":["Dr. Juan Jos\u00e9 Piantanida"],"_cuerpo2_68_title":["field_591ddc88fd5fe"],"cuerpo2_68_puesto":["Nefrolog\u00eda"],"_cuerpo2_68_puesto":["field_591ddc88fd5ff"],"cuerpo2_68_important":["0"],"_cuerpo2_68_important":["field_591ddcd6fd600"],"cuerpo2_69_title":["Dra. Maria Pico"],"_cuerpo2_69_title":["field_591ddc88fd5fe"],"cuerpo2_69_puesto":["Guardias"],"_cuerpo2_69_puesto":["field_591ddc88fd5ff"],"cuerpo2_69_important":["0"],"_cuerpo2_69_important":["field_591ddcd6fd600"],"cuerpo2_70_title":["Lic. Graciela Pinto"],"_cuerpo2_70_title":["field_591ddc88fd5fe"],"cuerpo2_70_puesto":["Nutrici\u00f3n"],"_cuerpo2_70_puesto":["field_591ddc88fd5ff"],"cuerpo2_70_important":["0"],"_cuerpo2_70_important":["field_591ddcd6fd600"],"_yoast_wpseo_content_score":["90"],"faq2":[""],"_faq2":["field_5b3bbc1f5bfb9"],"subpages":["1"],"_subpages":["field_5b3bbc345bfbc"],"mision":["Nuestra misi\u00f3n es mejorar la salud y el bienestar de adolescentes a trav\u00e9s de un:\r\n<ul>\r\n \t<li><strong>Servicio accesible y amigable para el adolescente en su contexto familiar<\/strong>,\r\ncultural y comunitario.<\/li>\r\n \t<li><strong>Trabajo interdisciplinario:<\/strong>\u00a0contamos con m\u00e9dicos especialistas en Salud\u00a0Integral del Adolescente, Nutrici\u00f3n, Ginecolog\u00eda infanto juvenil y Toxicolog\u00eda,\u00a0trabajando en red con los Servicios de Salud Mental y de Especialidades\u00a0cl\u00ednicas del Hospital.<\/li>\r\n \t<li><strong>Atenci\u00f3n integral del Adolescente<\/strong>\u00a0desde lo f\u00edsico, psicol\u00f3gico y social.<\/li>\r\n \t<li><strong>Orientaci\u00f3n a familias<\/strong>\u00a0en temas relacionadas con la Adolescencia y la Salud\u00a0Integral.<\/li>\r\n \t<li><strong>Confidencialidad:<\/strong>\u00a0respetamos la privacidad del paciente y el secreto\u00a0profesional acorde con los lineamientos \u00e9ticos y legales vigentes.<\/li>\r\n<\/ul>"],"_mision":["field_5b5a4f023943f"],"funciones":[""],"_funciones":["field_5b5a4f1139440"],"cuerpo2_71_title":["Dra. Fernanda Daiana Quintana"],"_cuerpo2_71_title":["field_591ddc88fd5fe"],"cuerpo2_71_puesto":["Guardias"],"_cuerpo2_71_puesto":["field_591ddc88fd5ff"],"cuerpo2_71_important":["0"],"_cuerpo2_71_important":["field_591ddcd6fd600"],"practicas2":[""],"_practicas2":["field_5b5a4f2539442"],"patologias2":[""],"_patologias2":["field_5b5a4f3f39447"],"cuerpo2_72_title":["Dra. Mar\u00eda Eugenia Qui\u00f1ones Maffassanti"],"_cuerpo2_72_title":["field_591ddc88fd5fe"],"cuerpo2_72_puesto":["Cl\u00ednica"],"_cuerpo2_72_puesto":["field_591ddc88fd5ff"],"cuerpo2_72_important":["0"],"_cuerpo2_72_important":["field_591ddcd6fd600"],"cuerpo2_73_title":["Dra. Daiana Rabena"],"_cuerpo2_73_title":["field_591ddc88fd5fe"],"cuerpo2_73_puesto":["Guardias"],"_cuerpo2_73_puesto":["field_591ddc88fd5ff"],"cuerpo2_73_important":["0"],"_cuerpo2_73_important":["field_591ddcd6fd600"],"especialidades3":[""],"_especialidades3":["field_591ddc08fd5f3"],"cuerpo2_0_isSeparator":["0"],"_cuerpo2_0_isSeparator":["field_5d1e3d92dcdfe"],"cuerpo2_1_isSeparator":["0"],"_cuerpo2_1_isSeparator":["field_5d1e3d92dcdfe"],"cuerpo2_2_isSeparator":["0"],"_cuerpo2_2_isSeparator":["field_5d1e3d92dcdfe"],"cuerpo2_3_isSeparator":["0"],"_cuerpo2_3_isSeparator":["field_5d1e3d92dcdfe"],"cuerpo2_4_isSeparator":["0"],"_cuerpo2_4_isSeparator":["field_5d1e3d92dcdfe"],"cuerpo2_5_isSeparator":["0"],"_cuerpo2_5_isSeparator":["field_5d1e3d92dcdfe"],"cuerpo2_6_isSeparator":["0"],"_cuerpo2_6_isSeparator":["field_5d1e3d92dcdfe"],"cuerpo2_7_isSeparator":["0"],"_cuerpo2_7_isSeparator":["field_5d1e3d92dcdfe"],"cuerpo2_8_isSeparator":["0"],"_cuerpo2_8_isSeparator":["field_5d1e3d92dcdfe"],"cuerpo2_9_isSeparator":["0"],"_cuerpo2_9_isSeparator":["field_5d1e3d92dcdfe"],"cuerpo2_10_isSeparator":["0"],"_cuerpo2_10_isSeparator":["field_5d1e3d92dcdfe"],"cuerpo2_11_isSeparator":["0"],"_cuerpo2_11_isSeparator":["field_5d1e3d92dcdfe"],"cuerpo2_12_isSeparator":["0"],"_cuerpo2_12_isSeparator":["field_5d1e3d92dcdfe"],"cuerpo2_13_isSeparator":["0"],"_cuerpo2_13_isSeparator":["field_5d1e3d92dcdfe"],"cuerpo2_14_isSeparator":["0"],"_cuerpo2_14_isSeparator":["field_5d1e3d92dcdfe"],"cuerpo2_15_isSeparator":["0"],"_cuerpo2_15_isSeparator":["field_5d1e3d92dcdfe"],"cuerpo2_16_isSeparator":["0"],"_cuerpo2_16_isSeparator":["field_5d1e3d92dcdfe"],"cuerpo2_17_isSeparator":["0"],"_cuerpo2_17_isSeparator":["field_5d1e3d92dcdfe"],"cuerpo2_18_isSeparator":["0"],"_cuerpo2_18_isSeparator":["field_5d1e3d92dcdfe"],"cuerpo2_19_isSeparator":["0"],"_cuerpo2_19_isSeparator":["field_5d1e3d92dcdfe"],"cuerpo2_20_isSeparator":["0"],"_cuerpo2_20_isSeparator":["field_5d1e3d92dcdfe"],"cuerpo2_21_isSeparator":["0"],"_cuerpo2_21_isSeparator":["field_5d1e3d92dcdfe"],"cuerpo2_22_isSeparator":["0"],"_cuerpo2_22_isSeparator":["field_5d1e3d92dcdfe"],"cuerpo2_23_isSeparator":["0"],"_cuerpo2_23_isSeparator":["field_5d1e3d92dcdfe"],"cuerpo2_24_isSeparator":["0"],"_cuerpo2_24_isSeparator":["field_5d1e3d92dcdfe"],"cuerpo2_25_isSeparator":["0"],"_cuerpo2_25_isSeparator":["field_5d1e3d92dcdfe"],"cuerpo2_26_isSeparator":["0"],"_cuerpo2_26_isSeparator":["field_5d1e3d92dcdfe"],"cuerpo2_27_isSeparator":["0"],"_cuerpo2_27_isSeparator":["field_5d1e3d92dcdfe"],"cuerpo2_28_isSeparator":["0"],"_cuerpo2_28_isSeparator":["field_5d1e3d92dcdfe"],"cuerpo2_29_isSeparator":["0"],"_cuerpo2_29_isSeparator":["field_5d1e3d92dcdfe"],"cuerpo2_30_isSeparator":["0"],"_cuerpo2_30_isSeparator":["field_5d1e3d92dcdfe"],"cuerpo2_31_isSeparator":["0"],"_cuerpo2_31_isSeparator":["field_5d1e3d92dcdfe"],"cuerpo2_32_isSeparator":["0"],"_cuerpo2_32_isSeparator":["field_5d1e3d92dcdfe"],"cuerpo2_33_isSeparator":["0"],"_cuerpo2_33_isSeparator":["field_5d1e3d92dcdfe"],"cuerpo2_34_isSeparator":["0"],"_cuerpo2_34_isSeparator":["field_5d1e3d92dcdfe"],"cuerpo2_35_isSeparator":["0"],"_cuerpo2_35_isSeparator":["field_5d1e3d92dcdfe"],"cuerpo2_36_isSeparator":["0"],"_cuerpo2_36_isSeparator":["field_5d1e3d92dcdfe"],"cuerpo2_37_isSeparator":["0"],"_cuerpo2_37_isSeparator":["field_5d1e3d92dcdfe"],"cuerpo2_38_isSeparator":["0"],"_cuerpo2_38_isSeparator":["field_5d1e3d92dcdfe"],"cuerpo2_39_isSeparator":["0"],"_cuerpo2_39_isSeparator":["field_5d1e3d92dcdfe"],"cuerpo2_40_isSeparator":["0"],"_cuerpo2_40_isSeparator":["field_5d1e3d92dcdfe"],"cuerpo2_41_isSeparator":["0"],"_cuerpo2_41_isSeparator":["field_5d1e3d92dcdfe"],"cuerpo2_42_isSeparator":["0"],"_cuerpo2_42_isSeparator":["field_5d1e3d92dcdfe"],"cuerpo2_43_isSeparator":["0"],"_cuerpo2_43_isSeparator":["field_5d1e3d92dcdfe"],"cuerpo2_44_isSeparator":["0"],"_cuerpo2_44_isSeparator":["field_5d1e3d92dcdfe"],"cuerpo2_45_isSeparator":["0"],"_cuerpo2_45_isSeparator":["field_5d1e3d92dcdfe"],"cuerpo2_46_isSeparator":["0"],"_cuerpo2_46_isSeparator":["field_5d1e3d92dcdfe"],"cuerpo2_47_isSeparator":["0"],"_cuerpo2_47_isSeparator":["field_5d1e3d92dcdfe"],"cuerpo2_48_isSeparator":["0"],"_cuerpo2_48_isSeparator":["field_5d1e3d92dcdfe"],"cuerpo2_49_isSeparator":["0"],"_cuerpo2_49_isSeparator":["field_5d1e3d92dcdfe"],"cuerpo2_50_isSeparator":["0"],"_cuerpo2_50_isSeparator":["field_5d1e3d92dcdfe"],"cuerpo2_51_isSeparator":["0"],"_cuerpo2_51_isSeparator":["field_5d1e3d92dcdfe"],"cuerpo2_52_isSeparator":["0"],"_cuerpo2_52_isSeparator":["field_5d1e3d92dcdfe"],"cuerpo2_53_isSeparator":["0"],"_cuerpo2_53_isSeparator":["field_5d1e3d92dcdfe"],"cuerpo2_54_isSeparator":["0"],"_cuerpo2_54_isSeparator":["field_5d1e3d92dcdfe"],"cuerpo2_55_isSeparator":["0"],"_cuerpo2_55_isSeparator":["field_5d1e3d92dcdfe"],"cuerpo2_56_isSeparator":["0"],"_cuerpo2_56_isSeparator":["field_5d1e3d92dcdfe"],"cuerpo2_57_isSeparator":["0"],"_cuerpo2_57_isSeparator":["field_5d1e3d92dcdfe"],"cuerpo2_58_isSeparator":["0"],"_cuerpo2_58_isSeparator":["field_5d1e3d92dcdfe"],"cuerpo2_59_isSeparator":["0"],"_cuerpo2_59_isSeparator":["field_5d1e3d92dcdfe"],"cuerpo2_60_isSeparator":["0"],"_cuerpo2_60_isSeparator":["field_5d1e3d92dcdfe"],"cuerpo2_61_isSeparator":["0"],"_cuerpo2_61_isSeparator":["field_5d1e3d92dcdfe"],"cuerpo2_62_isSeparator":["0"],"_cuerpo2_62_isSeparator":["field_5d1e3d92dcdfe"],"cuerpo2_63_isSeparator":["0"],"_cuerpo2_63_isSeparator":["field_5d1e3d92dcdfe"],"cuerpo2_64_isSeparator":["0"],"_cuerpo2_64_isSeparator":["field_5d1e3d92dcdfe"],"cuerpo2_65_isSeparator":["0"],"_cuerpo2_65_isSeparator":["field_5d1e3d92dcdfe"],"cuerpo2_66_isSeparator":["0"],"_cuerpo2_66_isSeparator":["field_5d1e3d92dcdfe"],"cuerpo2_67_isSeparator":["0"],"_cuerpo2_67_isSeparator":["field_5d1e3d92dcdfe"],"cuerpo2_68_isSeparator":["0"],"_cuerpo2_68_isSeparator":["field_5d1e3d92dcdfe"],"cuerpo2_69_isSeparator":["0"],"_cuerpo2_69_isSeparator":["field_5d1e3d92dcdfe"],"cuerpo2_70_isSeparator":["0"],"_cuerpo2_70_isSeparator":["field_5d1e3d92dcdfe"],"cuerpo2_71_isSeparator":["0"],"_cuerpo2_71_isSeparator":["field_5d1e3d92dcdfe"],"cuerpo2_72_isSeparator":["0"],"_cuerpo2_72_isSeparator":["field_5d1e3d92dcdfe"],"cuerpo2_73_isSeparator":["0"],"_cuerpo2_73_isSeparator":["field_5d1e3d92dcdfe"],"cuerpo2_74_isSeparator":["0"],"_cuerpo2_74_isSeparator":["field_5d1e3d92dcdfe"],"cuerpo2_74_title":["Dra. Luc\u00eda Risoli"],"_cuerpo2_74_title":["field_591ddc88fd5fe"],"cuerpo2_74_puesto":["Guardias"],"_cuerpo2_74_puesto":["field_591ddc88fd5ff"],"cuerpo2_74_important":["0"],"_cuerpo2_74_important":["field_591ddcd6fd600"],"cuerpo2_75_isSeparator":["0"],"_cuerpo2_75_isSeparator":["field_5d1e3d92dcdfe"],"cuerpo2_75_title":["Dra. Viviana Rogers"],"_cuerpo2_75_title":["field_591ddc88fd5fe"],"cuerpo2_75_puesto":["Cl\u00ednica"],"_cuerpo2_75_puesto":["field_591ddc88fd5ff"],"cuerpo2_75_important":["0"],"_cuerpo2_75_important":["field_591ddcd6fd600"],"cuerpo2_76_isSeparator":["0"],"_cuerpo2_76_isSeparator":["field_5d1e3d92dcdfe"],"cuerpo2_76_title":["Dra. Paula Virginia Ruiz"],"_cuerpo2_76_title":["field_591ddc88fd5fe"],"cuerpo2_76_puesto":["Guardias"],"_cuerpo2_76_puesto":["field_591ddc88fd5ff"],"cuerpo2_76_important":["0"],"_cuerpo2_76_important":["field_591ddcd6fd600"],"cuerpo2_77_isSeparator":["0"],"_cuerpo2_77_isSeparator":["field_5d1e3d92dcdfe"],"cuerpo2_77_title":["Dra. Viviana Sanchez Belvisi"],"_cuerpo2_77_title":["field_591ddc88fd5fe"],"cuerpo2_77_puesto":["Cl\u00ednica"],"_cuerpo2_77_puesto":["field_591ddc88fd5ff"],"cuerpo2_77_important":["0"],"_cuerpo2_77_important":["field_591ddcd6fd600"],"cuerpo2_78_isSeparator":["0"],"_cuerpo2_78_isSeparator":["field_5d1e3d92dcdfe"],"cuerpo2_78_title":["Dra. Luc\u00eda Scherrer"],"_cuerpo2_78_title":["field_591ddc88fd5fe"],"cuerpo2_78_puesto":["Guardias"],"_cuerpo2_78_puesto":["field_591ddc88fd5ff"],"cuerpo2_78_important":["0"],"_cuerpo2_78_important":["field_591ddcd6fd600"],"cuerpo2_79_isSeparator":["0"],"_cuerpo2_79_isSeparator":["field_5d1e3d92dcdfe"],"cuerpo2_79_title":["Dra. Eleonora Savanco"],"_cuerpo2_79_title":["field_591ddc88fd5fe"],"cuerpo2_79_puesto":["Guardias"],"_cuerpo2_79_puesto":["field_591ddc88fd5ff"],"cuerpo2_79_important":["0"],"_cuerpo2_79_important":["field_591ddcd6fd600"],"cuerpo2_80_isSeparator":["0"],"_cuerpo2_80_isSeparator":["field_5d1e3d92dcdfe"],"cuerpo2_80_title":["Dra. Mar\u00eda Victoria Sevesi"],"_cuerpo2_80_title":["field_591ddc88fd5fe"],"cuerpo2_80_puesto":["Guardias"],"_cuerpo2_80_puesto":["field_591ddc88fd5ff"],"cuerpo2_80_important":["0"],"_cuerpo2_80_important":["field_591ddcd6fd600"],"cuerpo2_81_isSeparator":["0"],"_cuerpo2_81_isSeparator":["field_5d1e3d92dcdfe"],"cuerpo2_81_title":["Dra. Camila Siri"],"_cuerpo2_81_title":["field_591ddc88fd5fe"],"cuerpo2_81_puesto":["Guardias"],"_cuerpo2_81_puesto":["field_591ddc88fd5ff"],"cuerpo2_81_important":["0"],"_cuerpo2_81_important":["field_591ddcd6fd600"],"_pp_is_autodraft":["1"],"cuerpo2_82_isSeparator":["0"],"_cuerpo2_82_isSeparator":["field_5d1e3d92dcdfe"],"cuerpo2_82_title":["Dra. Adela Rosa Spalter"],"_cuerpo2_82_title":["field_591ddc88fd5fe"],"cuerpo2_82_puesto":["Adolescencia"],"_cuerpo2_82_puesto":["field_591ddc88fd5ff"],"cuerpo2_82_important":["0"],"_cuerpo2_82_important":["field_591ddcd6fd600"],"cuerpo2_83_isSeparator":["0"],"_cuerpo2_83_isSeparator":["field_5d1e3d92dcdfe"],"cuerpo2_83_title":["Dr. Lucas Ernesto Su\u00e1rez"],"_cuerpo2_83_title":["field_591ddc88fd5fe"],"cuerpo2_83_puesto":["Guardias"],"_cuerpo2_83_puesto":["field_591ddc88fd5ff"],"cuerpo2_83_important":["0"],"_cuerpo2_83_important":["field_591ddcd6fd600"],"_yoast_wpseo_estimated-reading-time-minutes":["1"],"subpages_0_title":["Informaci\u00f3n del Servicio"],"_subpages_0_title":["field_5b3bbc345bfbd"],"subpages_0_content":[""],"_subpages_0_content":["field_5b3bbc345bfbe"],"_yoast_wpseo_wordproof_timestamp":[""],"cuerpo2_84_isSeparator":["0"],"_cuerpo2_84_isSeparator":["field_5d1e3d92dcdfe"],"cuerpo2_84_title":["Dra. Ana Laura Tellechea"],"_cuerpo2_84_title":["field_591ddc88fd5fe"],"cuerpo2_84_puesto":["Cl\u00ednica"],"_cuerpo2_84_puesto":["field_591ddc88fd5ff"],"cuerpo2_84_important":["0"],"_cuerpo2_84_important":["field_591ddcd6fd600"],"cuerpo2_85_isSeparator":["0"],"_cuerpo2_85_isSeparator":["field_5d1e3d92dcdfe"],"cuerpo2_85_title":["Dra. Mar\u00eda Victoria Testa"],"_cuerpo2_85_title":["field_591ddc88fd5fe"],"cuerpo2_85_puesto":["Adolescencia"],"_cuerpo2_85_puesto":["field_591ddc88fd5ff"],"cuerpo2_85_important":["0"],"_cuerpo2_85_important":["field_591ddcd6fd600"],"cuerpo2_86_isSeparator":["0"],"_cuerpo2_86_isSeparator":["field_5d1e3d92dcdfe"],"cuerpo2_86_title":["Dr. Facundo Toledo"],"_cuerpo2_86_title":["field_591ddc88fd5fe"],"cuerpo2_86_puesto":["Guardias"],"_cuerpo2_86_puesto":["field_591ddc88fd5ff"],"cuerpo2_86_important":["0"],"_cuerpo2_86_important":["field_591ddcd6fd600"],"cuerpo2_87_isSeparator":["0"],"_cuerpo2_87_isSeparator":["field_5d1e3d92dcdfe"],"cuerpo2_87_title":["Dra. Marisol Toma"],"_cuerpo2_87_title":["field_591ddc88fd5fe"],"cuerpo2_87_puesto":["Neurolog\u00eda"],"_cuerpo2_87_puesto":["field_591ddc88fd5ff"],"cuerpo2_87_important":["0"],"_cuerpo2_87_important":["field_591ddcd6fd600"],"cuerpo2_88_isSeparator":["0"],"_cuerpo2_88_isSeparator":["field_5d1e3d92dcdfe"],"cuerpo2_88_title":["Dr. Francis Stephani Toran Viteri"],"_cuerpo2_88_title":["field_591ddc88fd5fe"],"cuerpo2_88_puesto":["Cl\u00ednica"],"_cuerpo2_88_puesto":["field_591ddc88fd5ff"],"cuerpo2_88_important":["0"],"_cuerpo2_88_important":["field_591ddcd6fd600"],"cuerpo2_89_isSeparator":["0"],"_cuerpo2_89_isSeparator":["field_5d1e3d92dcdfe"],"cuerpo2_89_title":["Dr. Rodolfo Trietsch"],"_cuerpo2_89_title":["field_591ddc88fd5fe"],"cuerpo2_89_puesto":["Cl\u00ednica"],"_cuerpo2_89_puesto":["field_591ddc88fd5ff"],"cuerpo2_89_important":["0"],"_cuerpo2_89_important":["field_591ddcd6fd600"],"cuerpo2_90_isSeparator":["0"],"_cuerpo2_90_isSeparator":["field_5d1e3d92dcdfe"],"cuerpo2_90_title":["Dra. Clara Valeri"],"_cuerpo2_90_title":["field_591ddc88fd5fe"],"cuerpo2_90_puesto":["Guardias"],"_cuerpo2_90_puesto":["field_591ddc88fd5ff"],"cuerpo2_90_important":["0"],"_cuerpo2_90_important":["field_591ddcd6fd600"],"cuerpo2_91_isSeparator":["0"],"_cuerpo2_91_isSeparator":["field_5d1e3d92dcdfe"],"cuerpo2_91_title":["Dr. Carlos Velasco Suarez"],"_cuerpo2_91_title":["field_591ddc88fd5fe"],"cuerpo2_91_puesto":["Cl\u00ednica"],"_cuerpo2_91_puesto":["field_591ddc88fd5ff"],"cuerpo2_91_important":["0"],"_cuerpo2_91_important":["field_591ddcd6fd600"],"cuerpo2_92_isSeparator":["0"],"_cuerpo2_92_isSeparator":["field_5d1e3d92dcdfe"],"cuerpo2_92_title":["Dra. Ana Mar\u00eda Vieites"],"_cuerpo2_92_title":["field_591ddc88fd5fe"],"cuerpo2_92_puesto":["Endocrinolog\u00eda"],"_cuerpo2_92_puesto":["field_591ddc88fd5ff"],"cuerpo2_92_important":["0"],"_cuerpo2_92_important":["field_591ddcd6fd600"],"cuerpo2_93_isSeparator":["0"],"_cuerpo2_93_isSeparator":["field_5d1e3d92dcdfe"],"cuerpo2_93_title":["Dra. Heleana Karyn Vivas Bautista"],"_cuerpo2_93_title":["field_591ddc88fd5fe"],"cuerpo2_93_puesto":["Guardias"],"_cuerpo2_93_puesto":["field_591ddc88fd5ff"],"cuerpo2_93_important":["0"],"_cuerpo2_93_important":["field_591ddcd6fd600"],"cuerpo2_94_isSeparator":["0"],"_cuerpo2_94_isSeparator":["field_5d1e3d92dcdfe"],"cuerpo2_94_title":["Dra. Mar\u00eda Lilian Yazde Puleio"],"_cuerpo2_94_title":["field_591ddc88fd5fe"],"cuerpo2_94_puesto":["Tratamiento del Dolor y Cuidados Paliativos"],"_cuerpo2_94_puesto":["field_591ddc88fd5ff"],"cuerpo2_94_important":["0"],"_cuerpo2_94_important":["field_591ddcd6fd600"],"cuerpo2_95_isSeparator":["0"],"_cuerpo2_95_isSeparator":["field_5d1e3d92dcdfe"],"cuerpo2_95_title":["Dr. Pascual Yulitta"],"_cuerpo2_95_title":["field_591ddc88fd5fe"],"cuerpo2_95_puesto":["Cl\u00ednica"],"_cuerpo2_95_puesto":["field_591ddc88fd5ff"],"cuerpo2_95_important":["0"],"_cuerpo2_95_important":["field_591ddcd6fd600"],"_uag_page_assets":["a:9:{s:3:\"css\";s:0:\"\";s:2:\"js\";s:0:\"\";s:18:\"current_block_list\";a:5:{i:0;s:14:\"core\/paragraph\";i:1;s:12:\"core\/heading\";i:2;s:9:\"core\/list\";i:3;s:14:\"core\/list-item\";i:4;s:14:\"core\/page-list\";}s:8:\"uag_flag\";b:0;s:11:\"uag_version\";s:10:\"1777357506\";s:6:\"gfonts\";a:1:{s:7:\"Default\";a:2:{s:10:\"fontfamily\";s:7:\"Default\";s:12:\"fontvariants\";a:0:{}}}s:10:\"gfonts_url\";s:0:\"\";s:12:\"gfonts_files\";a:0:{}s:14:\"uag_faq_layout\";b:0;}"]},"uagb_featured_image_src":{"full":false,"thumbnail":false,"medium":false,"medium_large":false,"large":false,"1536x1536":false,"2048x2048":false,"gform-image-choice-sm":false,"gform-image-choice-md":false,"gform-image-choice-lg":false},"uagb_author_info":{"display_name":"Marketica Admin","author_link":"https:\/\/www.hospitalaleman.org.ar\/de\/author\/"},"uagb_comment_info":0,"uagb_excerpt":"El servicio de Pediatr\u00eda del Hospital Alem\u00e1n se divide en 2 \u00e1reas troncales : \u00c1rea de Pediatr\u00eda Ambulatoria: Situada en [&hellip;]...","_links":{"self":[{"href":"https:\/\/www.hospitalaleman.org.ar\/de\/wp-json\/wp\/v2\/hospital-servicio\/769","targetHints":{"allow":["GET"]}}],"collection":[{"href":"https:\/\/www.hospitalaleman.org.ar\/de\/wp-json\/wp\/v2\/hospital-servicio"}],"about":[{"href":"https:\/\/www.hospitalaleman.org.ar\/de\/wp-json\/wp\/v2\/types\/hospital-servicio"}],"version-history":[{"count":45,"href":"https:\/\/www.hospitalaleman.org.ar\/de\/wp-json\/wp\/v2\/hospital-servicio\/769\/revisions"}],"predecessor-version":[{"id":29344,"href":"https:\/\/www.hospitalaleman.org.ar\/de\/wp-json\/wp\/v2\/hospital-servicio\/769\/revisions\/29344"}],"wp:attachment":[{"href":"https:\/\/www.hospitalaleman.org.ar\/de\/wp-json\/wp\/v2\/media?parent=769"}],"wp:term":[{"taxonomy":"departamento","embeddable":true,"href":"https:\/\/www.hospitalaleman.org.ar\/de\/wp-json\/wp\/v2\/departamento?post=769"}],"curies":[{"name":"wp","href":"https:\/\/api.w.org\/{rel}","templated":true}]}}