{"id":772,"date":"2011-10-21T18:44:03","date_gmt":"2011-10-21T18:44:03","guid":{"rendered":"https:\/\/www.hospitalaleman.org.ar\/?post_type=hospital-servicio&#038;p=772"},"modified":"2025-01-14T13:49:45","modified_gmt":"2025-01-14T16:49:45","slug":"salud-mental-pediatrica","status":"publish","type":"hospital-servicio","link":"https:\/\/www.hospitalaleman.org.ar\/de\/nuestro-hospital\/servicios-medicos\/salud-mental-pediatrica\/","title":{"rendered":"Salud Mental Pedi\u00e1trica"},"content":{"rendered":"","protected":false},"featured_media":0,"parent":0,"menu_order":0,"template":"","meta":{"_acf_changed":false,"_uag_custom_page_level_css":"","_kad_blocks_custom_css":"","_kad_blocks_head_custom_js":"","_kad_blocks_body_custom_js":"","_kad_blocks_footer_custom_js":"","site-sidebar-layout":"default","site-content-layout":"","ast-site-content-layout":"default","site-content-style":"default","site-sidebar-style":"default","ast-global-header-display":"","ast-banner-title-visibility":"","ast-main-header-display":"","ast-hfb-above-header-display":"","ast-hfb-below-header-display":"","ast-hfb-mobile-header-display":"","site-post-title":"","ast-breadcrumbs-content":"","ast-featured-img":"","footer-sml-layout":"","theme-transparent-header-meta":"","adv-header-id-meta":"","stick-header-meta":"","header-above-stick-meta":"","header-main-stick-meta":"","header-below-stick-meta":"","astra-migrate-meta-layouts":"default","ast-page-background-enabled":"default","ast-page-background-meta":{"desktop":{"background-color":"var(--ast-global-color-4)","background-image":"","background-repeat":"repeat","background-position":"center center","background-size":"auto","background-attachment":"scroll","background-type":"","background-media":"","overlay-type":"","overlay-color":"","overlay-opacity":"","overlay-gradient":""},"tablet":{"background-color":"","background-image":"","background-repeat":"repeat","background-position":"center center","background-size":"auto","background-attachment":"scroll","background-type":"","background-media":"","overlay-type":"","overlay-color":"","overlay-opacity":"","overlay-gradient":""},"mobile":{"background-color":"","background-image":"","background-repeat":"repeat","background-position":"center center","background-size":"auto","background-attachment":"scroll","background-type":"","background-media":"","overlay-type":"","overlay-color":"","overlay-opacity":"","overlay-gradient":""}},"ast-content-background-meta":{"desktop":{"background-color":"var(--ast-global-color-5)","background-image":"","background-repeat":"repeat","background-position":"center center","background-size":"auto","background-attachment":"scroll","background-type":"","background-media":"","overlay-type":"","overlay-color":"","overlay-opacity":"","overlay-gradient":""},"tablet":{"background-color":"var(--ast-global-color-5)","background-image":"","background-repeat":"repeat","background-position":"center center","background-size":"auto","background-attachment":"scroll","background-type":"","background-media":"","overlay-type":"","overlay-color":"","overlay-opacity":"","overlay-gradient":""},"mobile":{"background-color":"var(--ast-global-color-5)","background-image":"","background-repeat":"repeat","background-position":"center center","background-size":"auto","background-attachment":"scroll","background-type":"","background-media":"","overlay-type":"","overlay-color":"","overlay-opacity":"","overlay-gradient":""}},"footnotes":""},"departamento":[688],"class_list":["post-772","hospital-servicio","type-hospital-servicio","status-publish","hentry","departamento-departamento-materno-infantil"],"acf":[],"taxonomy_info":{"departamento":[{"value":688,"label":"Departamento Materno Infantil"}]},"featured_image_src_large":false,"author_info":[],"comment_info":"","spectra_custom_meta":{"_edit_last":["101014"],"_edit_lock":["1736873388:101014"],"image":["18732"],"description_es":[""],"cuerpo":[""],"especialidades":[""],"description_en":["The Pediatric Mental Health Service cares for children up to 13 years of age using an interdisciplinary approach. Children are admitted to two different areas of the Hospital: the Outpatient Offices or the Pediatric Hospitalization Room. At the Outpatients Offices psycho diagnosis, learning-process assessment, psychiatric care, psychopharmacology and psychiatric urgencies are dealt with as well as early stimulation, individual, family and group psychotherapies, among other treatments. The interdisciplinary team for the Down Syndrome child treatment can be consulted here. At the Pediatric Hospitalization Room, on the other hand, the Service offers psychological support to children at the Pediatric Intensive Care Unit"],"description_de":["Die Kinderpsychiatrie folgt bei der Betreuung von Kindern bis zum vollendeten 13. Lebensjahr einem interdisziplin\u00e4ren Ansatz. Zu den ambulant erbrachten Leistungen geh\u00f6ren: Psychodiagnose, psychop\u00e4dagogische Evaluierung und psychiatrische Betreuung, Behandlung von psychiatrischen Notf\u00e4llen, psychologische Einzel-, Familien- und Gruppentherapien sowie Fr\u00fchstimulation. In diesem Bereich ist auch das interdisziplin\u00e4re Team angesiedelt, das Kinder mit Down-Syndrom betreut.\r\n\r\nIm Bereich der station\u00e4ren Behandlung erhalten die Kinder, die auf der p\u00e4diatrischen Intensivstation liegen, psychologische Betreuung."],"_yoast_wpseo_title":["Salud mental pedi\u00e1trica | Servicios M\u00e9dicos | Hospital Alem\u00e1n"],"_yoast_wpseo_metadesc":["El Servicio de Salud Mental Pedi\u00e1trica tiene como finalidad ayudar a las familias a acompa\u00f1ar el desarrollo emocional y psicol\u00f3gico de sus hijos."],"_image":["field_53b9db4768648"],"_description_es":["field_53b9db3568647"],"_cuerpo":["field_53b9dbad6864e"],"_especialidades":["field_53b9dbb46864f"],"patologias":[""],"_patologias":["field_53b9dbbb68650"],"practicas":["<h1>Pesquisa del Desarrollo Infantil<\/h1>\r\n<embed src=\"https:\/\/www.hospitalaleman.org.ar\/wp-content\/uploads\/2011\/10\/Difusion-Pesquisa-del-desarrollo.pdf#toolbar=0&amp;navpanes=0&amp;scrollbar=0\" type=\"application\/pdf\" width=\"80%\" height=\"600px\"><\/embed>"],"_practicas":["field_53b9dbc568651"],"equipamiento":[""],"_equipamiento":["field_53b9dbcd68652"],"faq":[""],"_faq":["field_53b9dbd668653"],"profesionales":[""],"_profesionales":["field_53b9dbde68654"],"_description_en":["field_53b9db8d6864d"],"_description_de":["field_53b9db7e6864c"],"cuerpo2_0_title":["Dr. Juan Corbetta"],"_cuerpo2_0_title":["field_591ddc88fd5fe"],"cuerpo2_0_puesto":["Jefe de Departamento Materno Infantil"],"_cuerpo2_0_puesto":["field_591ddc88fd5ff"],"cuerpo2_0_important":["0"],"_cuerpo2_0_important":["field_591ddcd6fd600"],"cuerpo2_1_title":["Dr. Fernando L. Zan"],"_cuerpo2_1_title":["field_591ddc88fd5fe"],"cuerpo2_1_puesto":["Jefe de Servicio"],"_cuerpo2_1_puesto":["field_591ddc88fd5ff"],"cuerpo2_1_important":["1"],"_cuerpo2_1_important":["field_591ddcd6fd600"],"cuerpo2_2_title":["Dra. Sara Cohen"],"_cuerpo2_2_title":["field_591ddc88fd5fe"],"cuerpo2_2_puesto":["Psiquiatra Infanto-Juvenil"],"_cuerpo2_2_puesto":["field_591ddc88fd5ff"],"cuerpo2_2_important":["0"],"_cuerpo2_2_important":["field_591ddcd6fd600"],"cuerpo2_3_title":["Dra. Julieta del Ca\u00f1o"],"_cuerpo2_3_title":["field_591ddc88fd5fe"],"cuerpo2_3_puesto":["Psiquiatra Infanto-Juvenil"],"_cuerpo2_3_puesto":["field_591ddc88fd5ff"],"cuerpo2_3_important":["0"],"_cuerpo2_3_important":["field_591ddcd6fd600"],"cuerpo2_4_title":["Lic. Mar\u00eda Gabriela Barbieri"],"_cuerpo2_4_title":["field_591ddc88fd5fe"],"cuerpo2_4_puesto":["Psic\u00f3loga Infanto-Juvenil y Adolescencia, Orientaci\u00f3n a Padres"],"_cuerpo2_4_puesto":["field_591ddc88fd5ff"],"cuerpo2_4_important":["0"],"_cuerpo2_4_important":["field_591ddcd6fd600"],"cuerpo2_5_title":["Lic.  Alejandro Barizza "],"_cuerpo2_5_title":["field_591ddc88fd5fe"],"cuerpo2_5_puesto":["Psic\u00f3logo Infanto-Juvenil - Discapacidad"],"_cuerpo2_5_puesto":["field_591ddc88fd5ff"],"cuerpo2_5_important":["0"],"_cuerpo2_5_important":["field_591ddcd6fd600"],"cuerpo2_6_title":["Lic. Federico Corniglio"],"_cuerpo2_6_title":["field_591ddc88fd5fe"],"cuerpo2_6_puesto":["Psic\u00f3logo Infanto-Juvenil "],"_cuerpo2_6_puesto":["field_591ddc88fd5ff"],"cuerpo2_6_important":["0"],"_cuerpo2_6_important":["field_591ddcd6fd600"],"cuerpo2_7_title":["Lic. Pablo Guti\u00e9rrez Morillas"],"_cuerpo2_7_title":["field_591ddc88fd5fe"],"cuerpo2_7_puesto":["Psic\u00f3logo Infanto-Juvenil "],"_cuerpo2_7_puesto":["field_591ddc88fd5ff"],"cuerpo2_7_important":["0"],"_cuerpo2_7_important":["field_591ddcd6fd600"],"cuerpo2_8_title":["Lic. Catalina Nosetti"],"_cuerpo2_8_title":["field_591ddc88fd5fe"],"cuerpo2_8_puesto":["Psic\u00f3loga Infanto-Juvenil "],"_cuerpo2_8_puesto":["field_591ddc88fd5ff"],"cuerpo2_8_important":["0"],"_cuerpo2_8_important":["field_591ddcd6fd600"],"cuerpo2_9_title":["Lic. Luc\u00eda Quiroga"],"_cuerpo2_9_title":["field_591ddc88fd5fe"],"cuerpo2_9_puesto":["Psic\u00f3loga Infanto-Juvenil"],"_cuerpo2_9_puesto":["field_591ddc88fd5ff"],"cuerpo2_9_important":["0"],"_cuerpo2_9_important":["field_591ddcd6fd600"],"cuerpo2_10_title":["Lic. Josefina Rial "],"_cuerpo2_10_title":["field_591ddc88fd5fe"],"cuerpo2_10_puesto":["Psic\u00f3loga Infanto-Juvenil"],"_cuerpo2_10_puesto":["field_591ddc88fd5ff"],"cuerpo2_10_important":["0"],"_cuerpo2_10_important":["field_591ddcd6fd600"],"cuerpo2_11_title":["Lic. Silvia Talani"],"_cuerpo2_11_title":["field_591ddc88fd5fe"],"cuerpo2_11_puesto":["Psic\u00f3loga Infanto-Juvenil - Discapacidad"],"_cuerpo2_11_puesto":["field_591ddc88fd5ff"],"cuerpo2_11_important":["0"],"_cuerpo2_11_important":["field_591ddcd6fd600"],"cuerpo2_12_title":["Lic. Marcelo Villarino"],"_cuerpo2_12_title":["field_591ddc88fd5fe"],"cuerpo2_12_puesto":["Psic\u00f3logo Infanto-Juvenil "],"_cuerpo2_12_puesto":["field_591ddc88fd5ff"],"cuerpo2_12_important":["0"],"_cuerpo2_12_important":["field_591ddcd6fd600"],"cuerpo2_13_title":["Lic. Viviana Clara Gronovich"],"_cuerpo2_13_title":["field_591ddc88fd5fe"],"cuerpo2_13_puesto":["Psicopedagoga"],"_cuerpo2_13_puesto":["field_591ddc88fd5ff"],"cuerpo2_13_important":["0"],"_cuerpo2_13_important":["field_591ddcd6fd600"],"cuerpo2_14_title":["Lic. Mariana Maggiorini Forte"],"_cuerpo2_14_title":["field_591ddc88fd5fe"],"cuerpo2_14_puesto":["Psicopedagoga"],"_cuerpo2_14_puesto":["field_591ddc88fd5ff"],"cuerpo2_14_important":["0"],"_cuerpo2_14_important":["field_591ddcd6fd600"],"cuerpo2_15_title":["Lic. Virginia Maria Palacios "],"_cuerpo2_15_title":["field_591ddc88fd5fe"],"cuerpo2_15_puesto":["Psicopedagoga"],"_cuerpo2_15_puesto":["field_591ddc88fd5ff"],"cuerpo2_15_important":["0"],"_cuerpo2_15_important":["field_591ddcd6fd600"],"cuerpo2_16_title":["Lic. Mar\u00eda Florencia Torres"],"_cuerpo2_16_title":["field_591ddc88fd5fe"],"cuerpo2_16_puesto":["Centro de integraci\u00f3n escolar"],"_cuerpo2_16_puesto":["field_591ddc88fd5ff"],"cuerpo2_16_important":["0"],"_cuerpo2_16_important":["field_591ddcd6fd600"],"cuerpo2_17_title":["Lic. Marina Blasco"],"_cuerpo2_17_title":["field_591ddc88fd5fe"],"cuerpo2_17_puesto":["Estimuladora temprana"],"_cuerpo2_17_puesto":["field_591ddc88fd5ff"],"cuerpo2_17_important":["0"],"_cuerpo2_17_important":["field_591ddcd6fd600"],"cuerpo2_18_title":["Lic. Cecilia Naso"],"_cuerpo2_18_title":["field_591ddc88fd5fe"],"cuerpo2_18_puesto":["Estimuladora temprana"],"_cuerpo2_18_puesto":["field_591ddc88fd5ff"],"cuerpo2_18_important":["0"],"_cuerpo2_18_important":["field_591ddcd6fd600"],"cuerpo2_19_title":["Dra. Patricia Goddard"],"_cuerpo2_19_title":["field_591ddc88fd5fe"],"cuerpo2_19_puesto":["Programa de Atenci\u00f3n Integral del Ni\u00f1o con S\u00edndrome de Down"],"_cuerpo2_19_puesto":["field_591ddc88fd5ff"],"cuerpo2_19_important":["0"],"_cuerpo2_19_important":["field_591ddcd6fd600"],"cuerpo2_20_title":["Dr. Diego Painceira"],"_cuerpo2_20_title":["field_591ddc88fd5fe"],"cuerpo2_20_puesto":["Programa de Atenci\u00f3n Integral del Ni\u00f1o con S\u00edndrome de Down"],"_cuerpo2_20_puesto":["field_591ddc88fd5ff"],"cuerpo2_20_important":["0"],"_cuerpo2_20_important":["field_591ddcd6fd600"],"cuerpo2":["21"],"_cuerpo2":["field_591ddc88fd5fd"],"especialidades2":["2"],"_especialidades2":["field_5b60dace6d56e"],"especialidades2_0_title":["Consultorios Externos"],"_especialidades2_0_title":["field_5b60dace6d56f"],"especialidades2_0_content":["- Psicodiagn\u00f3sticos\r\n- Evaluaci\u00f3n psicopedag\u00f3gica\r\n- Atenci\u00f3n psiqui\u00e1trica y psicofarmacolog\u00eda\r\n- Urgencias psiqui\u00e1tricas\r\n- Terapias psicol\u00f3gicas de tipo individual, familiar y grupal\r\n- Psicoprofilaxis quir\u00fargica\r\n- Orientaci\u00f3n a padres en situaciones de crisis familiares (divorcios, duelos)\r\n- Atenci\u00f3n de ni\u00f1os discapacitados\r\n- Equipo interdisciplinario de atenci\u00f3n al ni\u00f1o con S\u00edndrome de Down\r\n- Estimulaci\u00f3n temprana\r\n- Tratamiento de psicomotricidad de ni\u00f1os peque\u00f1o"],"_especialidades2_0_content":["field_5b60dace6d570"],"especialidades2_1_title":["Sala de Internaci\u00f3n de Pediatr\u00eda"],"_especialidades2_1_title":["field_5b60dace6d56f"],"especialidades2_1_content":["- Apoyo psicol\u00f3gico de pacientes con enfermedades org\u00e1nicas internados.\r\n- Orientaci\u00f3n a padres de reci\u00e9n nacidos internados en Terapia Intensiva Pedi\u00e1trica."],"_especialidades2_1_content":["field_5b60dace6d570"],"_yoast_wpseo_content_score":["90"],"faq2":[""],"_faq2":["field_5b3bbc1f5bfb9"],"subpages":["1"],"_subpages":["field_5b3bbc345bfbc"],"mision":[""],"_mision":["field_5b5a4f023943f"],"funciones":[""],"_funciones":["field_5b5a4f1139440"],"especialidades3":[""],"_especialidades3":["field_591ddc08fd5f3"],"_yoast_wpseo_estimated-reading-time-minutes":["1"],"cuerpo2_0_isSeparator":["0"],"_cuerpo2_0_isSeparator":["field_5d1e3d92dcdfe"],"cuerpo2_1_isSeparator":["0"],"_cuerpo2_1_isSeparator":["field_5d1e3d92dcdfe"],"cuerpo2_2_isSeparator":["0"],"_cuerpo2_2_isSeparator":["field_5d1e3d92dcdfe"],"cuerpo2_3_isSeparator":["0"],"_cuerpo2_3_isSeparator":["field_5d1e3d92dcdfe"],"cuerpo2_4_isSeparator":["0"],"_cuerpo2_4_isSeparator":["field_5d1e3d92dcdfe"],"cuerpo2_5_isSeparator":["0"],"_cuerpo2_5_isSeparator":["field_5d1e3d92dcdfe"],"cuerpo2_6_isSeparator":["0"],"_cuerpo2_6_isSeparator":["field_5d1e3d92dcdfe"],"cuerpo2_7_isSeparator":["0"],"_cuerpo2_7_isSeparator":["field_5d1e3d92dcdfe"],"cuerpo2_8_isSeparator":["0"],"_cuerpo2_8_isSeparator":["field_5d1e3d92dcdfe"],"cuerpo2_9_isSeparator":["0"],"_cuerpo2_9_isSeparator":["field_5d1e3d92dcdfe"],"cuerpo2_10_isSeparator":["0"],"_cuerpo2_10_isSeparator":["field_5d1e3d92dcdfe"],"cuerpo2_11_isSeparator":["0"],"_cuerpo2_11_isSeparator":["field_5d1e3d92dcdfe"],"cuerpo2_12_isSeparator":["0"],"_cuerpo2_12_isSeparator":["field_5d1e3d92dcdfe"],"cuerpo2_13_isSeparator":["0"],"_cuerpo2_13_isSeparator":["field_5d1e3d92dcdfe"],"cuerpo2_14_isSeparator":["0"],"_cuerpo2_14_isSeparator":["field_5d1e3d92dcdfe"],"cuerpo2_15_isSeparator":["0"],"_cuerpo2_15_isSeparator":["field_5d1e3d92dcdfe"],"cuerpo2_16_isSeparator":["0"],"_cuerpo2_16_isSeparator":["field_5d1e3d92dcdfe"],"cuerpo2_17_isSeparator":["0"],"_cuerpo2_17_isSeparator":["field_5d1e3d92dcdfe"],"cuerpo2_18_isSeparator":["0"],"_cuerpo2_18_isSeparator":["field_5d1e3d92dcdfe"],"cuerpo2_19_isSeparator":["0"],"_cuerpo2_19_isSeparator":["field_5d1e3d92dcdfe"],"cuerpo2_20_isSeparator":["0"],"_cuerpo2_20_isSeparator":["field_5d1e3d92dcdfe"],"subpages_0_title":["Informaci\u00f3n del Servicio"],"_subpages_0_title":["field_5b3bbc345bfbd"],"subpages_0_content":["<ul>\r\n \t<li>Horario de atenci\u00f3n administrativa: Lunes a viernes de 8 a 17hs.<\/li>\r\n \t<li>Ubicaci\u00f3n: PB Centro Materno Infantil<\/li>\r\n \t<li>Mail:\u00a0<a href=\"mailto:smpediatrica@hospitalaleman.com\">smpediatrica@hospitalaleman.com<\/a><\/li>\r\n \t<li>Tel\u00e9fono:\u00a0<a href=\"tel:%2048277000\">4827-7000<\/a>, interno 2778<\/li>\r\n<\/ul>"],"_subpages_0_content":["field_5b3bbc345bfbe"],"_yoast_wpseo_wordproof_timestamp":[""],"modules":[""],"_modules":["field_5656263b16a73"],"redirecturl":[""],"_redirecturl":["field_66911ebd30aae"],"_uag_css_file_name":["uag-css-772.css"],"_uag_page_assets":["a:9:{s:3:\"css\";s:0:\"\";s:2:\"js\";s:0:\"\";s:18:\"current_block_list\";a:2:{i:0;s:12:\"core\/heading\";i:1;s:14:\"core\/page-list\";}s:8:\"uag_flag\";b:0;s:11:\"uag_version\";s:10:\"1777351772\";s:6:\"gfonts\";a:1:{s:7:\"Default\";a:2:{s:10:\"fontfamily\";s:7:\"Default\";s:12:\"fontvariants\";a:0:{}}}s:10:\"gfonts_url\";s:0:\"\";s:12:\"gfonts_files\";a:0:{}s:14:\"uag_faq_layout\";b:0;}","a:9:{s:3:\"css\";s:0:\"\";s:2:\"js\";s:0:\"\";s:18:\"current_block_list\";a:2:{i:0;s:12:\"core\/heading\";i:1;s:14:\"core\/page-list\";}s:8:\"uag_flag\";b:0;s:11:\"uag_version\";s:10:\"1777351772\";s:6:\"gfonts\";a:1:{s:7:\"Default\";a:2:{s:10:\"fontfamily\";s:7:\"Default\";s:12:\"fontvariants\";a:0:{}}}s:10:\"gfonts_url\";s:0:\"\";s:12:\"gfonts_files\";a:0:{}s:14:\"uag_faq_layout\";b:0;}"]},"uagb_featured_image_src":{"full":false,"thumbnail":false,"medium":false,"medium_large":false,"large":false,"1536x1536":false,"2048x2048":false,"gform-image-choice-sm":false,"gform-image-choice-md":false,"gform-image-choice-lg":false},"uagb_author_info":{"display_name":"Publicidad","author_link":"https:\/\/www.hospitalaleman.org.ar\/de\/author\/"},"uagb_comment_info":0,"uagb_excerpt":"...","_links":{"self":[{"href":"https:\/\/www.hospitalaleman.org.ar\/de\/wp-json\/wp\/v2\/hospital-servicio\/772","targetHints":{"allow":["GET"]}}],"collection":[{"href":"https:\/\/www.hospitalaleman.org.ar\/de\/wp-json\/wp\/v2\/hospital-servicio"}],"about":[{"href":"https:\/\/www.hospitalaleman.org.ar\/de\/wp-json\/wp\/v2\/types\/hospital-servicio"}],"version-history":[{"count":32,"href":"https:\/\/www.hospitalaleman.org.ar\/de\/wp-json\/wp\/v2\/hospital-servicio\/772\/revisions"}],"predecessor-version":[{"id":30301,"href":"https:\/\/www.hospitalaleman.org.ar\/de\/wp-json\/wp\/v2\/hospital-servicio\/772\/revisions\/30301"}],"wp:attachment":[{"href":"https:\/\/www.hospitalaleman.org.ar\/de\/wp-json\/wp\/v2\/media?parent=772"}],"wp:term":[{"taxonomy":"departamento","embeddable":true,"href":"https:\/\/www.hospitalaleman.org.ar\/de\/wp-json\/wp\/v2\/departamento?post=772"}],"curies":[{"name":"wp","href":"https:\/\/api.w.org\/{rel}","templated":true}]}}