{"id":773,"date":"2011-10-21T18:45:31","date_gmt":"2011-10-21T18:45:31","guid":{"rendered":"https:\/\/www.hospitalaleman.org.ar\/?post_type=hospital-servicio&#038;p=773"},"modified":"2024-12-23T12:46:31","modified_gmt":"2024-12-23T15:46:31","slug":"terapia-intensiva","status":"publish","type":"hospital-servicio","link":"https:\/\/www.hospitalaleman.org.ar\/de\/nuestro-hospital\/servicios-medicos\/terapia-intensiva\/","title":{"rendered":"Terapia Intensiva"},"content":{"rendered":"\n<p>La unidad de terapia intensiva de adultos del <span translate=\"no\">Hospital Alem\u00e1n<\/span> cuenta con 30 camas de alta complejidad y cumple con los m\u00e1s altos est\u00e1ndares de calidad y seguridad. En ella se atienden m\u00e1s de 1200 pacientes al a\u00f1o con diferentes patolog\u00edas cr\u00edticas. Dispone de equipamiento para soporte multiorg\u00e1nico. El soporte respiratorio se realiza tanto en forma invasiva como no invasiva con respiradores microprocesados de \u00faltima generaci\u00f3n. Se cuenta con broncoscopio en la unidad. El servicio realiza monitoreo hemodin\u00e1mico invasivo, m\u00ednimamente invasivo y no invasivo. Este \u00faltimo por medio de la ecocardiograf\u00eda transtor\u00e1cica y transesof\u00e1gica.&nbsp;<\/p>\n\n\n\n<p>El servicio da soporte a pacientes quir\u00fargicos de alta complejidad y a los programas de trasplante de h\u00edgado, ri\u00f1\u00f3n, renopancre\u00e1tico y m\u00e9dula \u00f3sea.&nbsp;<\/p>\n\n\n\n<p>Se cuenta con un programa de soporte vital extracorp\u00f3reo ECMO (veno-venoso y veno-arterial) as\u00ed como ECMO de transporte. El plantel de enfermer\u00eda cuenta, en su mayor\u00eda con profesionales licenciados, muchos de ellos con estudios de posgrado en medicina cr\u00edtica. En la unidad participan a diario especialistas en kinesiolog\u00eda cr\u00edtica, m\u00e9dicos nutricionistas, infect\u00f3logos, dietistas, farmac\u00e9uticos y asistentes sociales. La unidad funciona como \u201cTerapia Abierta\u201d desde el a\u00f1o 2019, lo que ha representado un gran avance y beneficio, tanto para el paciente y su familia, como para el personal profesional y su calidad de atenci\u00f3n.&nbsp;<\/p>\n\n\n\n<p>El equipo de profesionales m\u00e9dicos de la unidad, tanto los coordinadores como los m\u00e9dicos de staff de guardia, posee la especialidad en medicina cr\u00edtica y terapia intensiva. Funciona en el servicio, una residencia m\u00e9dica desde el a\u00f1o 2008, con cuatro residentes por a\u00f1o. Semanalmente se realiza una reuni\u00f3n de calidad y seguridad con un representante de cada \u00e1rea profesional y administrativa de la unidad, con el fin de identificar oportunidades de mejora y dar soluciones a problemas puntuales.&nbsp;A la actividad asistencial diaria se suma la acad\u00e9mica, con clases, presentaciones en encuentros m\u00e9dicos, ateneos cl\u00ednicos y bibliogr\u00e1ficos. Los profesionales en formaci\u00f3n participan de los estudios de investigaci\u00f3n que realiza el servicio. Se han publicado m\u00e1s de 20 trabajos de investigaci\u00f3n en revistas internacionales. El servicio participa activamente en proyectos de investigaci\u00f3n colaborativos con otras unidades de prestigio. Profesionales de todo el pa\u00eds y del exterior realizan pasant\u00edas y capacitaciones en diferentes \u00e1reas de nuestra unidad.<\/p>\n","protected":false},"featured_media":0,"parent":0,"menu_order":0,"template":"","meta":{"_acf_changed":false,"_uag_custom_page_level_css":"","_kad_blocks_custom_css":"","_kad_blocks_head_custom_js":"","_kad_blocks_body_custom_js":"","_kad_blocks_footer_custom_js":"","site-sidebar-layout":"default","site-content-layout":"","ast-site-content-layout":"default","site-content-style":"default","site-sidebar-style":"default","ast-global-header-display":"","ast-banner-title-visibility":"","ast-main-header-display":"","ast-hfb-above-header-display":"","ast-hfb-below-header-display":"","ast-hfb-mobile-header-display":"","site-post-title":"","ast-breadcrumbs-content":"","ast-featured-img":"","footer-sml-layout":"","theme-transparent-header-meta":"","adv-header-id-meta":"","stick-header-meta":"","header-above-stick-meta":"","header-main-stick-meta":"","header-below-stick-meta":"","astra-migrate-meta-layouts":"default","ast-page-background-enabled":"default","ast-page-background-meta":{"desktop":{"background-color":"var(--ast-global-color-4)","background-image":"","background-repeat":"repeat","background-position":"center center","background-size":"auto","background-attachment":"scroll","background-type":"","background-media":"","overlay-type":"","overlay-color":"","overlay-opacity":"","overlay-gradient":""},"tablet":{"background-color":"","background-image":"","background-repeat":"repeat","background-position":"center center","background-size":"auto","background-attachment":"scroll","background-type":"","background-media":"","overlay-type":"","overlay-color":"","overlay-opacity":"","overlay-gradient":""},"mobile":{"background-color":"","background-image":"","background-repeat":"repeat","background-position":"center center","background-size":"auto","background-attachment":"scroll","background-type":"","background-media":"","overlay-type":"","overlay-color":"","overlay-opacity":"","overlay-gradient":""}},"ast-content-background-meta":{"desktop":{"background-color":"var(--ast-global-color-5)","background-image":"","background-repeat":"repeat","background-position":"center center","background-size":"auto","background-attachment":"scroll","background-type":"","background-media":"","overlay-type":"","overlay-color":"","overlay-opacity":"","overlay-gradient":""},"tablet":{"background-color":"var(--ast-global-color-5)","background-image":"","background-repeat":"repeat","background-position":"center center","background-size":"auto","background-attachment":"scroll","background-type":"","background-media":"","overlay-type":"","overlay-color":"","overlay-opacity":"","overlay-gradient":""},"mobile":{"background-color":"var(--ast-global-color-5)","background-image":"","background-repeat":"repeat","background-position":"center center","background-size":"auto","background-attachment":"scroll","background-type":"","background-media":"","overlay-type":"","overlay-color":"","overlay-opacity":"","overlay-gradient":""}},"footnotes":""},"departamento":[686],"class_list":["post-773","hospital-servicio","type-hospital-servicio","status-publish","hentry","departamento-departamento-de-medicina-interna"],"acf":[],"taxonomy_info":{"departamento":[{"value":686,"label":"Departamento de Medicina Interna"}]},"featured_image_src_large":false,"author_info":[],"comment_info":"","spectra_custom_meta":{"_edit_last":["101016"],"_edit_lock":["1734969128:101016"],"image":["18860"],"description_es":[""],"equipamiento":[""],"cuerpo":[""],"description_en":["The Intensive Care Service receives patients with highly complex medical or surgical pathologies \u2013 including liver transplant \u2013 that have been transferred from other Services within the Hospital or from other prepaid health insurance and social security companies. There are six beds in the Intensive Care Unit and seven in the Intermediate Care Unit, which are equipped with micro processed respirators and respiratory mechanics monitoring, plus portable pressure generators to perform non-invasive ventilation. Intermittent or continuous renal replacement therapies may be used and there are the necessary materials available to perform different types of vascular accesses. Both human and technological resources in the area are prepared to respond to the follow-up and solving of a wide variety of serious diseases. The database is linked to that of the Argentine Association of Intensive Care [Sociedad Argentina de Terapia Intensiva]."],"description_de":["Die Intensivstation nimmt Patienten des Deutschen Hospitals aber auch von anderen Krankenkassen \u00fcberwiese Patienten auf, die ein schweres Krankheitsbild aufweisen, die intensive medizinische Betreuung erfordern, oder aber Patienten, die sich schweren Operationen, einschlie\u00dflich Lebertransplantation, unterzogen haben. Die Station verf\u00fcgt \u00fcber 6 Betten in der Intensivstation und \u00fcber weitere sieben in der <em>Intermediate-Care<\/em>. Ausgestattet ist die Station mit mikroprozessgesteuerten Beatmungsger\u00e4ten und Atmungsmonitoring sowie tragbaren Druckerzeugern f\u00fcr die nicht invasive Beatmung in unterschiedlichen Zwischenphasen. Der Bereich verf\u00fcgt \u00fcber Kapazit\u00e4t f\u00fcr intermittierende oder kontinuierliche Nierenersatzverfahren sowie \u00fcber Material zur Durchf\u00fchrung unterschiedlicher vaskul\u00e4rer Zug\u00e4nge. Sowohl die Mitarbeiter als auch die technische Ausr\u00fcstung erlauben die Pflege und Behandlung eines weiten Spektrums schwerer Krankheitsbilder. Die Station verf\u00fcgt zudem \u00fcber eine an die Argentinische Gesellschaft f\u00fcr Intensivmedizin (Sociedad Argentina de Terapia Intensiva) angeschlossene Datenbank."],"_yoast_wpseo_title":["Terapia intensiva y unidad coronaria | Servicios M\u00e9dicos | Hospital Alem\u00e1n"],"_yoast_wpseo_metadesc":["La unidad coronaria cuenta con 30 camas, 10 de Unidad Coronaria y 20 de Terapia. Todas son individuales, cuentan con su propio box y luz natural."],"_image":["field_53b9db4768648"],"_description_es":["field_53b9db3568647"],"_cuerpo":["field_53b9dbad6864e"],"especialidades":[""],"_especialidades":["field_53b9dbb46864f"],"patologias":[""],"_patologias":["field_53b9dbbb68650"],"practicas":[""],"_practicas":["field_53b9dbc568651"],"_equipamiento":["field_53b9dbcd68652"],"faq":[""],"_faq":["field_53b9dbd668653"],"profesionales":[""],"_profesionales":["field_53b9dbde68654"],"_description_en":["field_53b9db8d6864d"],"_description_de":["field_53b9db7e6864c"],"cuerpo2_0_title":["Prof. Dra. Cristina Freuler"],"_cuerpo2_0_title":["field_591ddc88fd5fe"],"cuerpo2_0_puesto":["Jefa de Departamento de Medicina Interna "],"_cuerpo2_0_puesto":["field_591ddc88fd5ff"],"cuerpo2_0_important":["0"],"_cuerpo2_0_important":["field_591ddcd6fd600"],"cuerpo2_1_title":["Dr. Javier D. Osatnik"],"_cuerpo2_1_title":["field_591ddc88fd5fe"],"cuerpo2_1_puesto":["Jefe del Servicio"],"_cuerpo2_1_puesto":["field_591ddc88fd5ff"],"cuerpo2_1_important":["1"],"_cuerpo2_1_important":["field_591ddcd6fd600"],"cuerpo2_2_title":["Dr. Fernando Ezequiel Alaniz"],"_cuerpo2_2_title":["field_591ddc88fd5fe"],"cuerpo2_2_puesto":["Guardias"],"_cuerpo2_2_puesto":["field_591ddc88fd5ff"],"cuerpo2_2_important":["0"],"_cuerpo2_2_important":["field_591ddcd6fd600"],"cuerpo2_3_title":["Dr. Gonzalo M. Casta\u00f1o"],"_cuerpo2_3_title":["field_591ddc88fd5fe"],"cuerpo2_3_puesto":["Guardias"],"_cuerpo2_3_puesto":["field_591ddc88fd5ff"],"cuerpo2_3_important":["0"],"_cuerpo2_3_important":["field_591ddcd6fd600"],"cuerpo2_4_title":["Dr. Germ\u00e1n Oscar C\u00e9sar"],"_cuerpo2_4_title":["field_591ddc88fd5fe"],"cuerpo2_4_puesto":["Guardias"],"_cuerpo2_4_puesto":["field_591ddc88fd5ff"],"cuerpo2_4_important":["0"],"_cuerpo2_4_important":["field_591ddcd6fd600"],"cuerpo2_5_title":["Dra. Ana Laura Dur\u00e1n"],"_cuerpo2_5_title":["field_591ddc88fd5fe"],"cuerpo2_5_puesto":["Guardias"],"_cuerpo2_5_puesto":["field_591ddc88fd5ff"],"cuerpo2_5_important":["0"],"_cuerpo2_5_important":["field_591ddcd6fd600"],"cuerpo2_6_title":["Dra. Claudia Grippo Castelo"],"_cuerpo2_6_title":["field_591ddc88fd5fe"],"cuerpo2_6_puesto":["Guardias"],"_cuerpo2_6_puesto":["field_591ddc88fd5ff"],"cuerpo2_6_important":["0"],"_cuerpo2_6_important":["field_591ddcd6fd600"],"cuerpo2_7_title":["Dr. Daniel Ivulich"],"_cuerpo2_7_title":["field_591ddc88fd5fe"],"cuerpo2_7_puesto":["Guardias"],"_cuerpo2_7_puesto":["field_591ddc88fd5ff"],"cuerpo2_7_important":["0"],"_cuerpo2_7_important":["field_591ddcd6fd600"],"cuerpo2_8_title":["Dra. Maria Kleinert"],"_cuerpo2_8_title":["field_591ddc88fd5fe"],"cuerpo2_8_puesto":[""],"_cuerpo2_8_puesto":["field_591ddc88fd5ff"],"cuerpo2_8_important":["0"],"_cuerpo2_8_important":["field_591ddcd6fd600"],"cuerpo2_9_title":["Dr. Karina Lorena Lozano"],"_cuerpo2_9_title":["field_591ddc88fd5fe"],"cuerpo2_9_puesto":["Guardias"],"_cuerpo2_9_puesto":["field_591ddc88fd5ff"],"cuerpo2_9_important":["0"],"_cuerpo2_9_important":["field_591ddcd6fd600"],"cuerpo2":["17"],"_cuerpo2":["field_591ddc88fd5fd"],"especialidades2":["11"],"_especialidades2":["field_5b60dace6d56e"],"especialidades2_0_title":["Cuidados respiratorios"],"_especialidades2_0_title":["field_5b60dace6d56f"],"especialidades2_0_content":["Con capacidad para aplicar diferentes t\u00e9cnicas no invasivas e invasivas de soporte respiratorio. Estaci\u00f3n de monitoreo respiratorio y mec\u00e1nica pulmonar. El equipo cuenta con vasta experiencia en todas las t\u00e9cnicas de soporte respiratorio as\u00ed como de desvinculaci\u00f3n de la asistencia ventilatoria mec\u00e1nica. Kinesi\u00f3logos terapistas respiratorios llevan a cabo un trabajo continuo e ininterrumpido para optimizar la condici\u00f3n y desempe\u00f1o respiratorio de los pacientes."],"_especialidades2_0_content":["field_5b60dace6d570"],"especialidades2_1_title":["Equipo de soporte vital extracorp\u00f3reo ECMO"],"_especialidades2_1_title":["field_5b60dace6d56f"],"especialidades2_1_content":["Para los casos m\u00e1s extremos de insuficiencia cardio respiratoria. Utilizaci\u00f3n de membrana de oxigenaci\u00f3n extracorp\u00f3rea. Un conjunto de profesionales capacitados a nivel nacional como en el exterior para la implementaci\u00f3n de \u00e9sta t\u00e9cnica."],"_especialidades2_1_content":["field_5b60dace6d570"],"especialidades2_2_title":["Oncolog\u00eda y Cuidados Cr\u00edticos"],"_especialidades2_2_title":["field_5b60dace6d56f"],"especialidades2_2_content":["En forma creciente pacientes con patolog\u00edas oncol\u00f3gicas requiere de cuidados cr\u00edticos especializados. Nuestro plantel cuenta con una amplia experiencia en el tema."],"_especialidades2_2_content":["field_5b60dace6d570"],"especialidades2_3_title":["Infectolog\u00eda cr\u00edtica"],"_especialidades2_3_title":["field_5b60dace6d56f"],"especialidades2_3_content":["Las infecciones son frecuentemente factores causales del estado cr\u00edtico o bien se presentan complicaciones que ponen en riesgo la vida de los pacientes. Un enfoque conjunto de intensivistas e infect\u00f3logos entrenados en cuidados cr\u00edticos incorporados a las rondas de sala aportan a los cuidados un nivel de excelencia."],"_especialidades2_3_content":["field_5b60dace6d570"],"especialidades2_4_title":["Neurointensivismo"],"_especialidades2_4_title":["field_5b60dace6d56f"],"especialidades2_4_content":["El servicio asiste a un gran n\u00famero de pacientes con trastornos neurol\u00f3gicos agudos. Cuenta con equipo de monitoreo neuro intensivo y Eco doppler transcraneano, as\u00ed como con sistem\u00e1tica de urgencia para la atenci\u00f3n de eventos cerebro vasculares (Stroke). Se suma a nuestro plantel la disponibilidad de estudios de im\u00e1genes, neurocirug\u00eda y neurointervencionismo las 24 horas todos los d\u00edas del a\u00f1o."],"_especialidades2_4_content":["field_5b60dace6d570"],"especialidades2_5_title":["Monitoreo Hemodin\u00e1mico funcional"],"_especialidades2_5_title":["field_5b60dace6d56f"],"especialidades2_5_content":["Capaz de implementar pr\u00e1cticas de soporte hemodin\u00e1mico guiadas por diferentes m\u00e9todos de monitoreo continuo: ecocardiograf\u00eda, cateterizaci\u00f3n de arteria pulmonar y sistemas m\u00ednimamente invasivos de monitoreo."],"_especialidades2_5_content":["field_5b60dace6d570"],"especialidades2_6_title":["Sustituci\u00f3n renal"],"_especialidades2_6_title":["field_5b60dace6d56f"],"especialidades2_6_content":["Disponible las 24 horas del d\u00eda, se llevan a cabo procedimientos extendidos y continuos como Hemodiafiltraci\u00f3n"],"_especialidades2_6_content":["field_5b60dace6d570"],"especialidades2_7_title":["Manejo del dolor"],"_especialidades2_7_title":["field_5b60dace6d56f"],"especialidades2_7_content":["El plantel de profesionales cuenta con la experiencia y las herramientas necesarias para el manejo del dolor. Se suma tambi\u00e9n la supervisi\u00f3n y el acompa\u00f1amiento de profesionales del hospital especializados en manejo del dolor y cuidados paliativos."],"_especialidades2_7_content":["field_5b60dace6d570"],"especialidades2_8_title":["Equipo de traslados de alta complejidad dentro del Hospital"],"_especialidades2_8_title":["field_5b60dace6d56f"],"especialidades2_8_content":["Incluye tanto estudios diagn\u00f3sticos como aplicaci\u00f3n de radioterapia en pacientes en ventilaci\u00f3n mec\u00e1nica."],"_especialidades2_8_content":["field_5b60dace6d570"],"especialidades2_9_title":["Cuidados intensivos del paciente cr\u00edtico"],"_especialidades2_9_title":["field_5b60dace6d56f"],"especialidades2_9_content":["Es el eje central de trabajo del servicio contando con enfermer\u00eda profesional en proporci\u00f3n de dos enfermeros por cada paciente, m\u00e1s auxiliares y camilleros. En conjunto se llevan a cabo cuidados de alta calidad proporcionando higiene, confort y seguridad en cada momento. Otro de los ejes de trabajo fundamentales es promover la movilizaci\u00f3n temprana."],"_especialidades2_9_content":["field_5b60dace6d570"],"especialidades2_10_title":["Trasplantes"],"_especialidades2_10_title":["field_5b60dace6d56f"],"especialidades2_10_content":["El Servicio asiste con cuidados especializados a pacientes trasplantados con \u00f3rganos s\u00f3lidos as\u00ed como de m\u00e9dula \u00f3sea."],"_especialidades2_10_content":["field_5b60dace6d570"],"_yoast_wpseo_content_score":["90"],"faq2":[""],"_faq2":["field_5b3bbc1f5bfb9"],"subpages":["1"],"_subpages":["field_5b3bbc345bfbc"],"mision":[""],"_mision":["field_5b5a4f023943f"],"funciones":["<ul>\r\n \t<li>La Unidad de Cuidados Intensivos UCI, es un \u00e1rea de apoyo para todos los servicios del Hospital.<\/li>\r\n \t<li>Asiste a pacientes con patolog\u00edas m\u00e9dicas y quir\u00fargicas con alto riesgo real o potencial en la instancia aguda y participa de la fase inicial de convalecencia con medidas de movilizaci\u00f3n temprana y rehabilitaci\u00f3n.<\/li>\r\n \t<li>Posee la capacidad de implementar medidas de soporte vital (Cardiovascular, respiratorio, renal).<\/li>\r\n<\/ul>\r\nA diario el servicio recibe pacientes provenientes del sector de emergencias, as\u00ed como tambi\u00e9n de las salas de internaci\u00f3n y quir\u00f3fano."],"_funciones":["field_5b5a4f1139440"],"especialidades3":[""],"_especialidades3":["field_591ddc08fd5f3"],"cuerpo2_0_isSeparator":["0"],"_cuerpo2_0_isSeparator":["field_5d1e3d92dcdfe"],"cuerpo2_1_isSeparator":["0"],"_cuerpo2_1_isSeparator":["field_5d1e3d92dcdfe"],"cuerpo2_2_isSeparator":["0"],"_cuerpo2_2_isSeparator":["field_5d1e3d92dcdfe"],"cuerpo2_3_isSeparator":["0"],"_cuerpo2_3_isSeparator":["field_5d1e3d92dcdfe"],"cuerpo2_4_isSeparator":["0"],"_cuerpo2_4_isSeparator":["field_5d1e3d92dcdfe"],"cuerpo2_5_isSeparator":["0"],"_cuerpo2_5_isSeparator":["field_5d1e3d92dcdfe"],"cuerpo2_6_isSeparator":["0"],"_cuerpo2_6_isSeparator":["field_5d1e3d92dcdfe"],"cuerpo2_7_isSeparator":["0"],"_cuerpo2_7_isSeparator":["field_5d1e3d92dcdfe"],"cuerpo2_8_isSeparator":["0"],"_cuerpo2_8_isSeparator":["field_5d1e3d92dcdfe"],"cuerpo2_9_isSeparator":["0"],"_cuerpo2_9_isSeparator":["field_5d1e3d92dcdfe"],"_yoast_wpseo_estimated-reading-time-minutes":["1"],"subpages_0_title":["Informaci\u00f3n del Servicio"],"_subpages_0_title":["field_5b3bbc345bfbd"],"subpages_0_content":["&nbsp;\r\n<ul>\r\n \t<li>Horario de atenci\u00f3n administrativa: Lunes a viernes de 7 a 16hs.<\/li>\r\n \t<li>Ubicaci\u00f3n: PB Instituto de Oncolog\u00eda<\/li>\r\n \t<li>Mail: <strong><a href=\"mailto:secretariaucotitm@hospitalaleman.com\">secretariaucotitm@hospitalaleman.com<\/a><\/strong><\/li>\r\n \t<li>Tel\u00e9fono:\u00a0<a href=\"tel: 48277000\">4827-7000<\/a>, interno 2442<\/li>\r\n<\/ul>"],"_subpages_0_content":["field_5b3bbc345bfbe"],"_pp_is_autodraft":["1"],"_yoast_wpseo_wordproof_timestamp":[""],"cuerpo2_10_isSeparator":["0"],"_cuerpo2_10_isSeparator":["field_5d1e3d92dcdfe"],"cuerpo2_10_title":["Dr. Agust\u00edn Natalio Matarrese"],"_cuerpo2_10_title":["field_591ddc88fd5fe"],"cuerpo2_10_puesto":["Guardias"],"_cuerpo2_10_puesto":["field_591ddc88fd5ff"],"cuerpo2_10_important":["0"],"_cuerpo2_10_important":["field_591ddcd6fd600"],"cuerpo2_11_isSeparator":["0"],"_cuerpo2_11_isSeparator":["field_5d1e3d92dcdfe"],"cuerpo2_11_title":["Dr. Edwin Vladimir Ortega Escobar"],"_cuerpo2_11_title":["field_591ddc88fd5fe"],"cuerpo2_11_puesto":["Guardias"],"_cuerpo2_11_puesto":["field_591ddc88fd5ff"],"cuerpo2_11_important":["0"],"_cuerpo2_11_important":["field_591ddcd6fd600"],"cuerpo2_12_isSeparator":["0"],"_cuerpo2_12_isSeparator":["field_5d1e3d92dcdfe"],"cuerpo2_12_title":["Dra. Gabriela Paz Rojas"],"_cuerpo2_12_title":["field_591ddc88fd5fe"],"cuerpo2_12_puesto":["Guardias"],"_cuerpo2_12_puesto":["field_591ddc88fd5ff"],"cuerpo2_12_important":["0"],"_cuerpo2_12_important":["field_591ddcd6fd600"],"cuerpo2_13_isSeparator":["0"],"_cuerpo2_13_isSeparator":["field_5d1e3d92dcdfe"],"cuerpo2_13_title":["Dr. Juan Jos\u00e9 Ruiz Martinez"],"_cuerpo2_13_title":["field_591ddc88fd5fe"],"cuerpo2_13_puesto":["Guardias"],"_cuerpo2_13_puesto":["field_591ddc88fd5ff"],"cuerpo2_13_important":["0"],"_cuerpo2_13_important":["field_591ddcd6fd600"],"cuerpo2_14_isSeparator":["0"],"_cuerpo2_14_isSeparator":["field_5d1e3d92dcdfe"],"cuerpo2_14_title":["Dra. Elisa Soria Bravo"],"_cuerpo2_14_title":["field_591ddc88fd5fe"],"cuerpo2_14_puesto":[""],"_cuerpo2_14_puesto":["field_591ddc88fd5ff"],"cuerpo2_14_important":["0"],"_cuerpo2_14_important":["field_591ddcd6fd600"],"cuerpo2_15_isSeparator":["0"],"_cuerpo2_15_isSeparator":["field_5d1e3d92dcdfe"],"cuerpo2_15_title":["Dr. Fernando Ariel Sosa"],"_cuerpo2_15_title":["field_591ddc88fd5fe"],"cuerpo2_15_puesto":[""],"_cuerpo2_15_puesto":["field_591ddc88fd5ff"],"cuerpo2_15_important":["0"],"_cuerpo2_15_important":["field_591ddcd6fd600"],"cuerpo2_16_isSeparator":["0"],"_cuerpo2_16_isSeparator":["field_5d1e3d92dcdfe"],"cuerpo2_16_title":["Dra. Barbara Sofia Tort Oribe"],"_cuerpo2_16_title":["field_591ddc88fd5fe"],"cuerpo2_16_puesto":[""],"_cuerpo2_16_puesto":["field_591ddc88fd5ff"],"cuerpo2_16_important":["0"],"_cuerpo2_16_important":["field_591ddcd6fd600"],"_uag_css_file_name":["uag-css-773.css"],"_uag_page_assets":["a:9:{s:3:\"css\";s:0:\"\";s:2:\"js\";s:0:\"\";s:18:\"current_block_list\";a:3:{i:0;s:14:\"core\/paragraph\";i:1;s:12:\"core\/heading\";i:2;s:14:\"core\/page-list\";}s:8:\"uag_flag\";b:0;s:11:\"uag_version\";s:10:\"1777352091\";s:6:\"gfonts\";a:1:{s:7:\"Default\";a:2:{s:10:\"fontfamily\";s:7:\"Default\";s:12:\"fontvariants\";a:0:{}}}s:10:\"gfonts_url\";s:0:\"\";s:12:\"gfonts_files\";a:0:{}s:14:\"uag_faq_layout\";b:0;}"]},"uagb_featured_image_src":{"full":false,"thumbnail":false,"medium":false,"medium_large":false,"large":false,"1536x1536":false,"2048x2048":false,"gform-image-choice-sm":false,"gform-image-choice-md":false,"gform-image-choice-lg":false},"uagb_author_info":{"display_name":"Marketica Admin","author_link":"https:\/\/www.hospitalaleman.org.ar\/de\/author\/"},"uagb_comment_info":0,"uagb_excerpt":"La unidad de terapia intensiva de adultos del Hospital Alem\u00e1n cuenta con 30 camas de alta complejidad y cumple con [&hellip;]...","_links":{"self":[{"href":"https:\/\/www.hospitalaleman.org.ar\/de\/wp-json\/wp\/v2\/hospital-servicio\/773","targetHints":{"allow":["GET"]}}],"collection":[{"href":"https:\/\/www.hospitalaleman.org.ar\/de\/wp-json\/wp\/v2\/hospital-servicio"}],"about":[{"href":"https:\/\/www.hospitalaleman.org.ar\/de\/wp-json\/wp\/v2\/types\/hospital-servicio"}],"version-history":[{"count":21,"href":"https:\/\/www.hospitalaleman.org.ar\/de\/wp-json\/wp\/v2\/hospital-servicio\/773\/revisions"}],"predecessor-version":[{"id":29294,"href":"https:\/\/www.hospitalaleman.org.ar\/de\/wp-json\/wp\/v2\/hospital-servicio\/773\/revisions\/29294"}],"wp:attachment":[{"href":"https:\/\/www.hospitalaleman.org.ar\/de\/wp-json\/wp\/v2\/media?parent=773"}],"wp:term":[{"taxonomy":"departamento","embeddable":true,"href":"https:\/\/www.hospitalaleman.org.ar\/de\/wp-json\/wp\/v2\/departamento?post=773"}],"curies":[{"name":"wp","href":"https:\/\/api.w.org\/{rel}","templated":true}]}}