{"id":29860,"date":"2025-01-07T15:27:31","date_gmt":"2025-01-07T18:27:31","guid":{"rendered":"https:\/\/www.hospitalaleman.org.ar\/?post_type=testimonio&#038;p=29860"},"modified":"2025-01-21T13:04:00","modified_gmt":"2025-01-21T16:04:00","slug":"rafael-paciente-tratado-de-una-hemiparesia","status":"publish","type":"testimonio","link":"https:\/\/www.hospitalaleman.org.ar\/de\/testimonios\/rafael-paciente-tratado-de-una-hemiparesia\/","title":{"rendered":"Rafael: paciente tratado de una hemiparesia"},"content":{"rendered":"\n<p class=\"has-x-large-font-size\">Rafael: paciente tratado de una hemiparesia<\/p>\n\n\n\n<p>Me llamo Rafael y esta es mi historia. En 2002 me fui a vivir a Calafate, Santa Cruz, para desarrollar un proyecto junto a mi familia. Al poco tiempo, de forma sorpresiva sufr\u00ed un grave accidente automovil\u00edstico.<\/p>\n\n\n\n<p>Despert\u00e9 varias semanas m\u00e1s tarde, luego de haber estado en coma 3 en una terapia intensiva. Hablar era una complicaci\u00f3n y no pod\u00eda ni ba\u00f1arme s\u00f3lo. M\u00e1s all\u00e1 de esto, en el fondo sab\u00eda que era un afortunado porque me hab\u00eda salvado de milagro.&nbsp;<\/p>\n\n\n\n<p>Tard\u00e9 meses en recuperarme. Estuve rengo por m\u00e1s de un a\u00f1o. Y en un principio, poder caminar era todo un logro. En mi rehabilitaci\u00f3n, visit\u00e9 Buenos Aires y consult\u00e9 a distintos especialistas del <span translate=\"no\">Alem\u00e1n<\/span>.<\/p>\n\n\n\n<p>A partir de mi entrevista con profesionales del Servicio de Neurolog\u00eda del <span translate=\"no\">Hospital Alem\u00e1n<\/span>, volv\u00ed al sur para continuar con mi rehabilitaci\u00f3n y con mi proyecto de vida.&nbsp;<\/p>\n\n\n\n<p>Gracias al <span translate=\"no\">Hospital Alem\u00e1n<\/span>, recuper\u00e9 la confianza para rehabilitarme y volver a correr.<\/p>\n\n\n\n<p>Desde el accidente, tengo una hemiparesia del lado izquierdo de mi cuerpo (disminuci\u00f3n de fuerza motora que afecta un brazo y una pierna). Pero no permit\u00ed que frene mi impulso.&nbsp;<\/p>\n\n\n\n<p>As\u00ed, a trav\u00e9s del running, mi vida dio un giro transformador. El destino me llev\u00f3 a correr en las monta\u00f1as. Y las monta\u00f1as, grandes maestras, me cambiaron la vida.<\/p>\n\n\n\n<p>Con ellas, aprend\u00ed que la motivaci\u00f3n m\u00e1s fuerte se encuentra dentro de uno. Y que si realmente queremos algo, ni el viento m\u00e1s fuerte nos puede parar. Mi objetivo era revertir mi estado adverso y superarme todos los d\u00edas. Como me dijo una vez mi hijo, Pablito: \u201cEl \u00e9xito no es ganar, sino nunca rendirse\u201d.&nbsp;<\/p>\n\n\n\n<p>Y as\u00ed, desde un principio, corro sin el inter\u00e9s de ganar premios o medallas. Sino, simplemente, con el af\u00e1n de explorar hasta d\u00f3nde puedo llegar.<\/p>\n\n\n\n<p>Aquel d\u00eda del accidente, nadie hubiese imaginado que ese joven en coma 3, podr\u00eda correr 160km en las monta\u00f1as. Pero, curiosamente, fueron ellas, las monta\u00f1as, quienes me ense\u00f1aron que somos el profundo deseo que nos impulsa.&nbsp;<\/p>\n","protected":false},"featured_media":28166,"template":"","meta":{"_acf_changed":false,"_uag_custom_page_level_css":"","_kad_blocks_custom_css":"","_kad_blocks_head_custom_js":"","_kad_blocks_body_custom_js":"","_kad_blocks_footer_custom_js":"","site-sidebar-layout":"default","site-content-layout":"","ast-site-content-layout":"default","site-content-style":"default","site-sidebar-style":"default","ast-global-header-display":"","ast-banner-title-visibility":"","ast-main-header-display":"","ast-hfb-above-header-display":"","ast-hfb-below-header-display":"","ast-hfb-mobile-header-display":"","site-post-title":"disabled","ast-breadcrumbs-content":"","ast-featured-img":"","footer-sml-layout":"","theme-transparent-header-meta":"","adv-header-id-meta":"","stick-header-meta":"","header-above-stick-meta":"","header-main-stick-meta":"","header-below-stick-meta":"","astra-migrate-meta-layouts":"default","ast-page-background-enabled":"default","ast-page-background-meta":{"desktop":{"background-color":"var(--ast-global-color-4)","background-image":"","background-repeat":"repeat","background-position":"center center","background-size":"auto","background-attachment":"scroll","background-type":"","background-media":"","overlay-type":"","overlay-color":"","overlay-opacity":"","overlay-gradient":""},"tablet":{"background-color":"","background-image":"","background-repeat":"repeat","background-position":"center center","background-size":"auto","background-attachment":"scroll","background-type":"","background-media":"","overlay-type":"","overlay-color":"","overlay-opacity":"","overlay-gradient":""},"mobile":{"background-color":"","background-image":"","background-repeat":"repeat","background-position":"center center","background-size":"auto","background-attachment":"scroll","background-type":"","background-media":"","overlay-type":"","overlay-color":"","overlay-opacity":"","overlay-gradient":""}},"ast-content-background-meta":{"desktop":{"background-color":"var(--ast-global-color-5)","background-image":"","background-repeat":"repeat","background-position":"center center","background-size":"auto","background-attachment":"scroll","background-type":"","background-media":"","overlay-type":"","overlay-color":"","overlay-opacity":"","overlay-gradient":""},"tablet":{"background-color":"var(--ast-global-color-5)","background-image":"","background-repeat":"repeat","background-position":"center center","background-size":"auto","background-attachment":"scroll","background-type":"","background-media":"","overlay-type":"","overlay-color":"","overlay-opacity":"","overlay-gradient":""},"mobile":{"background-color":"var(--ast-global-color-5)","background-image":"","background-repeat":"repeat","background-position":"center center","background-size":"auto","background-attachment":"scroll","background-type":"","background-media":"","overlay-type":"","overlay-color":"","overlay-opacity":"","overlay-gradient":""}},"footnotes":""},"class_list":["post-29860","testimonio","type-testimonio","status-publish","has-post-thumbnail","hentry"],"acf":[],"taxonomy_info":[],"featured_image_src_large":["https:\/\/www.hospitalaleman.org.ar\/wp-content\/uploads\/2024\/09\/Testimonio-Lim.jpg",612,612,false],"author_info":[],"comment_info":"","spectra_custom_meta":{"_edit_lock":["1737476696:101014"],"_edit_last":["101014"],"modules":[""],"_modules":["field_5656263b16a73"],"redirecturl":[""],"_redirecturl":["field_66911ebd30aae"],"_pys_head_footer":["a:7:{s:14:\"disable_global\";b:0;s:8:\"head_any\";s:0:\"\";s:12:\"head_desktop\";s:0:\"\";s:11:\"head_mobile\";s:0:\"\";s:10:\"footer_any\";s:0:\"\";s:14:\"footer_desktop\";s:0:\"\";s:13:\"footer_mobile\";s:0:\"\";}"],"_thumbnail_id":["28166"],"quote":["Gracias al Hospital Alem\u00e1n, recuper\u00e9 la confianza para rehabilitarme y volver a correr."],"_quote":["field_67868afd7c04b"],"_wp_old_slug":["rafael-lim-paciente-recuperado-de-una-hemiparesia","rafael-paciente-recuperado-de-una-hemiparesia"],"searchOptions":["default"],"_searchOptions":["field_6086fde5956fe"],"_uag_custom_page_level_css":[""],"_kad_blocks_custom_css":[""],"_kad_blocks_head_custom_js":[""],"_kad_blocks_body_custom_js":[""],"_kad_blocks_footer_custom_js":[""],"site-post-title":["disabled"],"theme-transparent-header-meta":[""],"adv-header-id-meta":[""],"stick-header-meta":[""],"footnotes":[""],"_uag_css_file_name":["uag-css-29860.css"],"_uag_page_assets":["a:9:{s:3:\"css\";s:0:\"\";s:2:\"js\";s:0:\"\";s:18:\"current_block_list\";a:3:{i:0;s:14:\"core\/paragraph\";i:1;s:12:\"core\/heading\";i:2;s:14:\"core\/page-list\";}s:8:\"uag_flag\";b:0;s:11:\"uag_version\";s:10:\"1777293237\";s:6:\"gfonts\";a:1:{s:7:\"Default\";a:2:{s:10:\"fontfamily\";s:7:\"Default\";s:12:\"fontvariants\";a:0:{}}}s:10:\"gfonts_url\";s:0:\"\";s:12:\"gfonts_files\";a:0:{}s:14:\"uag_faq_layout\";b:0;}"]},"uagb_featured_image_src":{"full":["https:\/\/www.hospitalaleman.org.ar\/wp-content\/uploads\/2024\/09\/Testimonio-Lim.jpg",612,612,false],"thumbnail":["https:\/\/www.hospitalaleman.org.ar\/wp-content\/uploads\/2024\/09\/Testimonio-Lim-150x150.jpg",150,150,true],"medium":["https:\/\/www.hospitalaleman.org.ar\/wp-content\/uploads\/2024\/09\/Testimonio-Lim-300x300.jpg",300,300,true],"medium_large":["https:\/\/www.hospitalaleman.org.ar\/wp-content\/uploads\/2024\/09\/Testimonio-Lim.jpg",612,612,false],"large":["https:\/\/www.hospitalaleman.org.ar\/wp-content\/uploads\/2024\/09\/Testimonio-Lim.jpg",612,612,false],"1536x1536":["https:\/\/www.hospitalaleman.org.ar\/wp-content\/uploads\/2024\/09\/Testimonio-Lim.jpg",612,612,false],"2048x2048":["https:\/\/www.hospitalaleman.org.ar\/wp-content\/uploads\/2024\/09\/Testimonio-Lim.jpg",612,612,false],"gform-image-choice-sm":["https:\/\/www.hospitalaleman.org.ar\/wp-content\/uploads\/2024\/09\/Testimonio-Lim.jpg",300,300,false],"gform-image-choice-md":["https:\/\/www.hospitalaleman.org.ar\/wp-content\/uploads\/2024\/09\/Testimonio-Lim.jpg",400,400,false],"gform-image-choice-lg":["https:\/\/www.hospitalaleman.org.ar\/wp-content\/uploads\/2024\/09\/Testimonio-Lim.jpg",600,600,false]},"uagb_author_info":{"display_name":"Publicidad","author_link":"https:\/\/www.hospitalaleman.org.ar\/de\/author\/"},"uagb_comment_info":0,"uagb_excerpt":"Rafael: paciente tratado de una hemiparesia Me llamo Rafael y esta es mi historia. En 2002 me fui a vivir [&hellip;]...","_links":{"self":[{"href":"https:\/\/www.hospitalaleman.org.ar\/de\/wp-json\/wp\/v2\/testimonio\/29860","targetHints":{"allow":["GET"]}}],"collection":[{"href":"https:\/\/www.hospitalaleman.org.ar\/de\/wp-json\/wp\/v2\/testimonio"}],"about":[{"href":"https:\/\/www.hospitalaleman.org.ar\/de\/wp-json\/wp\/v2\/types\/testimonio"}],"version-history":[{"count":11,"href":"https:\/\/www.hospitalaleman.org.ar\/de\/wp-json\/wp\/v2\/testimonio\/29860\/revisions"}],"predecessor-version":[{"id":30552,"href":"https:\/\/www.hospitalaleman.org.ar\/de\/wp-json\/wp\/v2\/testimonio\/29860\/revisions\/30552"}],"wp:featuredmedia":[{"embeddable":true,"href":"https:\/\/www.hospitalaleman.org.ar\/de\/wp-json\/wp\/v2\/media\/28166"}],"wp:attachment":[{"href":"https:\/\/www.hospitalaleman.org.ar\/de\/wp-json\/wp\/v2\/media?parent=29860"}],"curies":[{"name":"wp","href":"https:\/\/api.w.org\/{rel}","templated":true}]}}